{"id":5,"date":"2021-11-23T11:34:14","date_gmt":"2021-11-23T11:34:14","guid":{"rendered":"https:\/\/wp.themedemo.org\/WCM07\/WCM070159\/WP1\/?page_id=5"},"modified":"2023-12-14T13:03:37","modified_gmt":"2023-12-14T13:03:37","slug":"home","status":"publish","type":"page","link":"https:\/\/swietyjerzy.elblag.pl\/","title":{"rendered":"Home"},"content":{"rendered":"\t\t<div data-elementor-type=\"wp-page\" data-elementor-id=\"5\" class=\"elementor elementor-5\">\n\t\t\t\t\t\t\t\t\t<div class=\"elementor-section elementor-top-section elementor-element elementor-element-6e81f73 elementor-section-stretched elementor-section-boxed elementor-section-height-default elementor-section-height-default\" data-id=\"6e81f73\" data-element_type=\"section\" data-settings=\"{&quot;stretch_section&quot;:&quot;section-stretched&quot;}\">\n\t\t\t\t\t\t<div class=\"elementor-container elementor-column-gap-default\">\n\t\t\t\t\t<div class=\"elementor-column elementor-col-100 elementor-top-column elementor-element elementor-element-4d2257c\" data-id=\"4d2257c\" data-element_type=\"column\">\n\t\t\t<div class=\"elementor-widget-wrap elementor-element-populated\">\n\t\t\t\t\t\t\t\t<div class=\"elementor-element elementor-element-03cfce0 elementor-widget elementor-widget-slider_revolution\" data-id=\"03cfce0\" data-element_type=\"widget\" data-widget_type=\"slider_revolution.default\">\n\t\t\t\t<div class=\"elementor-widget-container\">\n\t\t\t\r\n\t\t<div class=\"wp-block-themepunch-revslider\">\n\t\t\t<!-- START sacredpeace_slider REVOLUTION SLIDER 6.6.15 --><p class=\"rs-p-wp-fix\"><\/p>\n\t\t\t<rs-module-wrap id=\"rev_slider_1_1_wrapper\" data-source=\"gallery\" style=\"visibility:hidden;background:#121212;padding:0;margin:0px auto;margin-top:0;margin-bottom:0;\">\n\t\t\t\t<rs-module id=\"rev_slider_1_1\" style=\"\" data-version=\"6.6.15\">\n\t\t\t\t\t<rs-slides style=\"overflow: hidden; position: absolute;\">\n\t\t\t\t\t\t<rs-slide style=\"position: absolute;\" data-key=\"rs-1\" data-title=\"main banner1\" data-thumb=\"\/\/swietyjerzy.elblag.pl\/wp-content\/uploads\/2023\/11\/Main-Banner-01-100x50.jpg\" data-in=\"o:0;\" data-out=\"a:false;\">\n\t\t\t\t\t\t\t<img fetchpriority=\"high\" decoding=\"async\" src=\"\/\/swietyjerzy.elblag.pl\/wp-content\/plugins\/revslider\/public\/assets\/assets\/dummy.png\" alt=\"\" title=\"Main Banner 01\" width=\"1903\" height=\"828\" class=\"rev-slidebg tp-rs-img rs-lazyload\" data-lazyload=\"\/\/swietyjerzy.elblag.pl\/wp-content\/uploads\/2023\/11\/Main-Banner-01.jpg\" data-no-retina>\n<!--\n\t\t\t\t\t\t\t--><rs-layer\n\t\t\t\t\t\t\t\tid=\"slider-1-slide-1-layer-0\" \n\t\t\t\t\t\t\t\tdata-type=\"text\"\n\t\t\t\t\t\t\t\tdata-rsp_ch=\"on\"\n\t\t\t\t\t\t\t\tdata-xy=\"x:l,l,l,c;xo:251px,134px,101px,-6px;yo:331px,221px,167px,115px;\"\n\t\t\t\t\t\t\t\tdata-text=\"w:normal;s:25,25,25,20;l:25,30,30,18;fw:500;\"\n\t\t\t\t\t\t\t\tdata-frame_999=\"o:0;st:w;\"\n\t\t\t\t\t\t\t\tstyle=\"z-index:8;font-family:'Montserrat';\"\n\t\t\t\t\t\t\t>Parafia \u015bw. Jerzego w Elbl\u0105gu \n\t\t\t\t\t\t\t<\/rs-layer><!--\n\n\t\t\t\t\t\t\t--><rs-layer\n\t\t\t\t\t\t\t\tid=\"slider-1-slide-1-layer-3\" \n\t\t\t\t\t\t\t\tdata-type=\"text\"\n\t\t\t\t\t\t\t\tdata-rsp_ch=\"on\"\n\t\t\t\t\t\t\t\tdata-xy=\"x:l,l,l,c;xo:248px,134px,101px,5px;yo:393px,280px,212px,157px;\"\n\t\t\t\t\t\t\t\tdata-text=\"w:normal;s:68,50,37,30;l:78,57,43,35;ls:-2px,-1px,0px,0px;fw:700;a:left,left,left,center;\"\n\t\t\t\t\t\t\t\tdata-frame_999=\"o:0;st:w;\"\n\t\t\t\t\t\t\t\tstyle=\"z-index:9;font-family:'Montserrat';text-transform:uppercase;\"\n\t\t\t\t\t\t\t>jezu ufam tobie!<br \/>\n \n\t\t\t\t\t\t\t<\/rs-layer><!--\n-->\t\t\t\t\t\t<\/rs-slide>\n\t\t\t\t\t\t<rs-slide style=\"position: absolute;\" data-key=\"rs-3\" data-title=\"main banner1\" data-thumb=\"\/\/swietyjerzy.elblag.pl\/wp-content\/uploads\/2023\/11\/Main-Banner-02-100x50.jpg\" data-in=\"o:0;\" data-out=\"a:false;\">\n\t\t\t\t\t\t\t<img decoding=\"async\" src=\"\/\/swietyjerzy.elblag.pl\/wp-content\/plugins\/revslider\/public\/assets\/assets\/dummy.png\" alt=\"\" title=\"Main Banner 02\" width=\"1903\" height=\"828\" class=\"rev-slidebg tp-rs-img rs-lazyload\" data-lazyload=\"\/\/swietyjerzy.elblag.pl\/wp-content\/uploads\/2023\/11\/Main-Banner-02.jpg\" data-no-retina>\n<!--\n\t\t\t\t\t\t\t--><rs-layer\n\t\t\t\t\t\t\t\tid=\"slider-1-slide-3-layer-0\" \n\t\t\t\t\t\t\t\tdata-type=\"text\"\n\t\t\t\t\t\t\t\tdata-rsp_ch=\"on\"\n\t\t\t\t\t\t\t\tdata-xy=\"x:l,l,l,c;xo:251px,134px,101px,-6px;yo:331px,221px,167px,115px;\"\n\t\t\t\t\t\t\t\tdata-text=\"w:normal;s:25,25,25,20;l:25,30,30,18;fw:500;\"\n\t\t\t\t\t\t\t\tdata-frame_999=\"o:0;st:w;\"\n\t\t\t\t\t\t\t\tstyle=\"z-index:8;font-family:'Montserrat';\"\n\t\t\t\t\t\t\t>Parafia \u015bw. Jerzego w Elbl\u0105gu \n\t\t\t\t\t\t\t<\/rs-layer><!--\n\n\t\t\t\t\t\t\t--><rs-layer\n\t\t\t\t\t\t\t\tid=\"slider-1-slide-3-layer-3\" \n\t\t\t\t\t\t\t\tdata-type=\"text\"\n\t\t\t\t\t\t\t\tdata-rsp_ch=\"on\"\n\t\t\t\t\t\t\t\tdata-xy=\"x:l,l,l,c;xo:248px,134px,101px,5px;yo:393px,280px,212px,157px;\"\n\t\t\t\t\t\t\t\tdata-text=\"w:normal;s:68,50,37,30;l:78,57,43,35;ls:-2px,-1px,0px,0px;fw:700;a:left,left,left,center;\"\n\t\t\t\t\t\t\t\tdata-frame_999=\"o:0;st:w;\"\n\t\t\t\t\t\t\t\tstyle=\"z-index:9;font-family:'Montserrat';text-transform:uppercase;\"\n\t\t\t\t\t\t\t>jezu ufam tobie!<br \/>\n \n\t\t\t\t\t\t\t<\/rs-layer><!--\n-->\t\t\t\t\t\t<\/rs-slide>\n\t\t\t\t\t\t<rs-slide style=\"position: absolute;\" data-key=\"rs-4\" data-title=\"main banner1\" data-thumb=\"\/\/swietyjerzy.elblag.pl\/wp-content\/uploads\/2023\/11\/Main-Banner-03-100x50.jpg\" data-in=\"o:0;\" data-out=\"a:false;\">\n\t\t\t\t\t\t\t<img decoding=\"async\" src=\"\/\/swietyjerzy.elblag.pl\/wp-content\/plugins\/revslider\/public\/assets\/assets\/dummy.png\" alt=\"\" title=\"Main Banner 03\" width=\"1903\" height=\"828\" class=\"rev-slidebg tp-rs-img rs-lazyload\" data-lazyload=\"\/\/swietyjerzy.elblag.pl\/wp-content\/uploads\/2023\/11\/Main-Banner-03.jpg\" data-no-retina>\n<!--\n\t\t\t\t\t\t\t--><rs-layer\n\t\t\t\t\t\t\t\tid=\"slider-1-slide-4-layer-0\" \n\t\t\t\t\t\t\t\tdata-type=\"text\"\n\t\t\t\t\t\t\t\tdata-rsp_ch=\"on\"\n\t\t\t\t\t\t\t\tdata-xy=\"x:l,l,l,c;xo:251px,134px,101px,-6px;yo:331px,221px,167px,115px;\"\n\t\t\t\t\t\t\t\tdata-text=\"w:normal;s:25,25,25,20;l:25,30,30,18;fw:500;\"\n\t\t\t\t\t\t\t\tdata-frame_999=\"o:0;st:w;\"\n\t\t\t\t\t\t\t\tstyle=\"z-index:8;font-family:'Montserrat';\"\n\t\t\t\t\t\t\t>Parafia \u015bw. Jerzego w Elbl\u0105gu \n\t\t\t\t\t\t\t<\/rs-layer><!--\n\n\t\t\t\t\t\t\t--><rs-layer\n\t\t\t\t\t\t\t\tid=\"slider-1-slide-4-layer-3\" \n\t\t\t\t\t\t\t\tdata-type=\"text\"\n\t\t\t\t\t\t\t\tdata-rsp_ch=\"on\"\n\t\t\t\t\t\t\t\tdata-xy=\"x:l,l,l,c;xo:248px,134px,101px,5px;yo:393px,280px,212px,157px;\"\n\t\t\t\t\t\t\t\tdata-text=\"w:normal;s:68,50,37,30;l:78,57,43,35;ls:-2px,-1px,0px,0px;fw:700;a:left,left,left,center;\"\n\t\t\t\t\t\t\t\tdata-frame_999=\"o:0;st:w;\"\n\t\t\t\t\t\t\t\tstyle=\"z-index:9;font-family:'Montserrat';text-transform:uppercase;\"\n\t\t\t\t\t\t\t>jezu ufam tobie!<br \/>\n \n\t\t\t\t\t\t\t<\/rs-layer><!--\n-->\t\t\t\t\t\t<\/rs-slide>\n\t\t\t\t\t\t<rs-slide style=\"position: absolute;\" data-key=\"rs-5\" data-title=\"main banner1\" data-thumb=\"\/\/swietyjerzy.elblag.pl\/wp-content\/uploads\/2023\/11\/Main-Banner-04-100x50.jpg\" data-in=\"o:0;\" data-out=\"a:false;\">\n\t\t\t\t\t\t\t<img loading=\"lazy\" decoding=\"async\" src=\"\/\/swietyjerzy.elblag.pl\/wp-content\/plugins\/revslider\/public\/assets\/assets\/dummy.png\" alt=\"\" title=\"Main Banner 04\" width=\"1903\" height=\"828\" class=\"rev-slidebg tp-rs-img rs-lazyload\" data-lazyload=\"\/\/swietyjerzy.elblag.pl\/wp-content\/uploads\/2023\/11\/Main-Banner-04.jpg\" data-no-retina>\n<!--\n\t\t\t\t\t\t\t--><rs-layer\n\t\t\t\t\t\t\t\tid=\"slider-1-slide-5-layer-0\" \n\t\t\t\t\t\t\t\tdata-type=\"text\"\n\t\t\t\t\t\t\t\tdata-rsp_ch=\"on\"\n\t\t\t\t\t\t\t\tdata-xy=\"x:l,l,l,c;xo:251px,134px,101px,-6px;yo:331px,221px,167px,115px;\"\n\t\t\t\t\t\t\t\tdata-text=\"w:normal;s:25,25,25,20;l:25,30,30,18;fw:500;\"\n\t\t\t\t\t\t\t\tdata-frame_999=\"o:0;st:w;\"\n\t\t\t\t\t\t\t\tstyle=\"z-index:8;font-family:'Montserrat';\"\n\t\t\t\t\t\t\t>Parafia \u015bw. Jerzego w Elbl\u0105gu \n\t\t\t\t\t\t\t<\/rs-layer><!--\n\n\t\t\t\t\t\t\t--><rs-layer\n\t\t\t\t\t\t\t\tid=\"slider-1-slide-5-layer-3\" \n\t\t\t\t\t\t\t\tdata-type=\"text\"\n\t\t\t\t\t\t\t\tdata-rsp_ch=\"on\"\n\t\t\t\t\t\t\t\tdata-xy=\"x:l,l,l,c;xo:248px,134px,101px,5px;yo:393px,280px,212px,157px;\"\n\t\t\t\t\t\t\t\tdata-text=\"w:normal;s:68,50,37,30;l:78,57,43,35;ls:-2px,-1px,0px,0px;fw:700;a:left,left,left,center;\"\n\t\t\t\t\t\t\t\tdata-frame_999=\"o:0;st:w;\"\n\t\t\t\t\t\t\t\tstyle=\"z-index:9;font-family:'Montserrat';text-transform:uppercase;\"\n\t\t\t\t\t\t\t>jezu ufam tobie!<br \/>\n \n\t\t\t\t\t\t\t<\/rs-layer><!--\n-->\t\t\t\t\t\t<\/rs-slide>\n\t\t\t\t\t\t<rs-slide style=\"position: absolute;\" data-key=\"rs-6\" data-title=\"main banner1\" data-thumb=\"\/\/swietyjerzy.elblag.pl\/wp-content\/uploads\/2023\/11\/Main-Banner-05-1-100x50.jpg\" data-in=\"o:0;\" data-out=\"a:false;\">\n\t\t\t\t\t\t\t<img loading=\"lazy\" decoding=\"async\" src=\"\/\/swietyjerzy.elblag.pl\/wp-content\/plugins\/revslider\/public\/assets\/assets\/dummy.png\" alt=\"\" title=\"Main Banner 05\" width=\"1903\" height=\"828\" class=\"rev-slidebg tp-rs-img rs-lazyload\" data-lazyload=\"\/\/swietyjerzy.elblag.pl\/wp-content\/uploads\/2023\/11\/Main-Banner-05-1.jpg\" data-no-retina>\n<!--\n\t\t\t\t\t\t\t--><rs-layer\n\t\t\t\t\t\t\t\tid=\"slider-1-slide-6-layer-0\" \n\t\t\t\t\t\t\t\tdata-type=\"text\"\n\t\t\t\t\t\t\t\tdata-rsp_ch=\"on\"\n\t\t\t\t\t\t\t\tdata-xy=\"x:l,l,l,c;xo:251px,134px,101px,-6px;yo:331px,221px,167px,115px;\"\n\t\t\t\t\t\t\t\tdata-text=\"w:normal;s:25,25,25,20;l:25,30,30,18;fw:500;\"\n\t\t\t\t\t\t\t\tdata-frame_999=\"o:0;st:w;\"\n\t\t\t\t\t\t\t\tstyle=\"z-index:8;font-family:'Montserrat';\"\n\t\t\t\t\t\t\t>Parafia \u015bw. Jerzego w Elbl\u0105gu \n\t\t\t\t\t\t\t<\/rs-layer><!--\n\n\t\t\t\t\t\t\t--><rs-layer\n\t\t\t\t\t\t\t\tid=\"slider-1-slide-6-layer-3\" \n\t\t\t\t\t\t\t\tdata-type=\"text\"\n\t\t\t\t\t\t\t\tdata-rsp_ch=\"on\"\n\t\t\t\t\t\t\t\tdata-xy=\"x:l,l,l,c;xo:248px,134px,101px,5px;yo:393px,280px,212px,157px;\"\n\t\t\t\t\t\t\t\tdata-text=\"w:normal;s:68,50,37,30;l:78,57,43,35;ls:-2px,-1px,0px,0px;fw:700;a:left,left,left,center;\"\n\t\t\t\t\t\t\t\tdata-frame_999=\"o:0;st:w;\"\n\t\t\t\t\t\t\t\tstyle=\"z-index:9;font-family:'Montserrat';text-transform:uppercase;\"\n\t\t\t\t\t\t\t>jezu ufam tobie!<br \/>\n \n\t\t\t\t\t\t\t<\/rs-layer><!--\n-->\t\t\t\t\t\t<\/rs-slide>\n\t\t\t\t\t\t<rs-slide style=\"position: absolute;\" data-key=\"rs-7\" data-title=\"main banner1\" data-thumb=\"\/\/swietyjerzy.elblag.pl\/wp-content\/uploads\/2023\/12\/DSC_0160-scaled-100x50.jpg\" data-in=\"o:0;\" data-out=\"a:false;\">\n\t\t\t\t\t\t\t<img loading=\"lazy\" decoding=\"async\" src=\"\/\/swietyjerzy.elblag.pl\/wp-content\/plugins\/revslider\/public\/assets\/assets\/dummy.png\" alt=\"\" title=\"DSC_0160\" width=\"2560\" height=\"1709\" class=\"rev-slidebg tp-rs-img rs-lazyload\" data-lazyload=\"\/\/swietyjerzy.elblag.pl\/wp-content\/uploads\/2023\/12\/DSC_0160-scaled.jpg\" data-no-retina>\n<!--\n\t\t\t\t\t\t\t--><rs-layer\n\t\t\t\t\t\t\t\tid=\"slider-1-slide-7-layer-0\" \n\t\t\t\t\t\t\t\tdata-type=\"text\"\n\t\t\t\t\t\t\t\tdata-rsp_ch=\"on\"\n\t\t\t\t\t\t\t\tdata-xy=\"x:l,l,l,c;xo:798px,134px,101px,-6px;yo:605px,221px,167px,115px;\"\n\t\t\t\t\t\t\t\tdata-text=\"w:normal;s:25,25,25,20;l:25,30,30,18;fw:500;\"\n\t\t\t\t\t\t\t\tdata-frame_999=\"o:0;st:w;\"\n\t\t\t\t\t\t\t\tstyle=\"z-index:8;font-family:'Montserrat';\"\n\t\t\t\t\t\t\t>Parafia \u015bw. Jerzego w Elbl\u0105gu \n\t\t\t\t\t\t\t<\/rs-layer><!--\n\n\t\t\t\t\t\t\t--><rs-layer\n\t\t\t\t\t\t\t\tid=\"slider-1-slide-7-layer-3\" \n\t\t\t\t\t\t\t\tdata-type=\"text\"\n\t\t\t\t\t\t\t\tdata-rsp_ch=\"on\"\n\t\t\t\t\t\t\t\tdata-xy=\"x:l,l,l,c;xo:796px,134px,101px,5px;yo:665px,280px,212px,157px;\"\n\t\t\t\t\t\t\t\tdata-text=\"w:normal;s:68,50,37,30;l:78,57,43,35;ls:-2px,-1px,0px,0px;fw:700;a:left,left,left,center;\"\n\t\t\t\t\t\t\t\tdata-frame_999=\"o:0;st:w;\"\n\t\t\t\t\t\t\t\tstyle=\"z-index:9;font-family:'Montserrat';text-transform:uppercase;\"\n\t\t\t\t\t\t\t>witajcie w domu! \n\t\t\t\t\t\t\t<\/rs-layer><!--\n-->\t\t\t\t\t\t<\/rs-slide>\n\t\t\t\t\t<\/rs-slides>\n\t\t\t\t<\/rs-module>\n\t\t\t\t<script>\n\t\t\t\t\tsetREVStartSize({c: 'rev_slider_1_1',rl:[1240,1024,778,480],el:[827.992,650,550,400],gw:[1903,1023,777,480],gh:[828,650,550,400],type:'standard',justify:'',layout:'fullwidth',mh:\"0\"});if (window.RS_MODULES!==undefined && window.RS_MODULES.modules!==undefined && window.RS_MODULES.modules[\"revslider11\"]!==undefined) {window.RS_MODULES.modules[\"revslider11\"].once = false;window.revapi1 = undefined;if (window.RS_MODULES.checkMinimal!==undefined) window.RS_MODULES.checkMinimal()}\n\t\t\t\t<\/script>\n\t\t\t<\/rs-module-wrap>\n\t\t\t<!-- END REVOLUTION SLIDER -->\n<\/div>\r\n\r\n\t\t\t\t<\/div>\n\t\t\t\t<\/div>\n\t\t\t\t\t<\/div>\n\t\t<\/div>\n\t\t\t\t\t\t\t<\/div>\n\t\t<\/div>\n\t\t\t\t<div class=\"elementor-section elementor-top-section elementor-element elementor-element-763b4de elementor-section-boxed elementor-section-height-default elementor-section-height-default\" data-id=\"763b4de\" data-element_type=\"section\" data-settings=\"{&quot;background_background&quot;:&quot;classic&quot;}\">\n\t\t\t\t\t\t<div class=\"elementor-container elementor-column-gap-default\">\n\t\t\t\t\t<div class=\"elementor-column elementor-col-100 elementor-top-column elementor-element elementor-element-e54819e\" data-id=\"e54819e\" data-element_type=\"column\">\n\t\t\t<div class=\"elementor-widget-wrap elementor-element-populated\">\n\t\t\t\t\t\t\t\t<div class=\"elementor-element elementor-element-b18587c elementor-widget elementor-widget-heading\" data-id=\"b18587c\" data-element_type=\"widget\" data-widget_type=\"heading.default\">\n\t\t\t\t<div class=\"elementor-widget-container\">\n\t\t\t<style>\/*! elementor - v3.18.0 - 08-12-2023 *\/\n.elementor-heading-title{padding:0;margin:0;line-height:1}.elementor-widget-heading .elementor-heading-title[class*=elementor-size-]>a{color:inherit;font-size:inherit;line-height:inherit}.elementor-widget-heading .elementor-heading-title.elementor-size-small{font-size:15px}.elementor-widget-heading .elementor-heading-title.elementor-size-medium{font-size:19px}.elementor-widget-heading .elementor-heading-title.elementor-size-large{font-size:29px}.elementor-widget-heading .elementor-heading-title.elementor-size-xl{font-size:39px}.elementor-widget-heading .elementor-heading-title.elementor-size-xxl{font-size:59px}<\/style><span class=\"elementor-heading-title elementor-size-default\">Co? i kiedy?<\/span>\t\t<\/div>\n\t\t\t\t<\/div>\n\t\t\t\t<div class=\"elementor-element elementor-element-3a3036c elementor-widget elementor-widget-heading\" data-id=\"3a3036c\" data-element_type=\"widget\" data-widget_type=\"heading.default\">\n\t\t\t\t<div class=\"elementor-widget-container\">\n\t\t\t<h2 class=\"elementor-heading-title elementor-size-default\">S\u0141U\u017bBA BO\u017bA W PARAFII<\/h2>\t\t<\/div>\n\t\t\t\t<\/div>\n\t\t\t\t<div class=\"elementor-section elementor-inner-section elementor-element elementor-element-d47e4a3 elementor-section-boxed elementor-section-height-default elementor-section-height-default\" data-id=\"d47e4a3\" data-element_type=\"section\">\n\t\t\t\t\t\t<div class=\"elementor-container elementor-column-gap-default\">\n\t\t\t\t\t<div class=\"elementor-column elementor-col-33 elementor-inner-column elementor-element elementor-element-ed4b053\" data-id=\"ed4b053\" data-element_type=\"column\">\n\t\t\t<div class=\"elementor-widget-wrap elementor-element-populated\">\n\t\t\t\t\t\t\t\t<div class=\"elementor-element elementor-element-ad86beb cms-service elementor-widget elementor-widget-image\" data-id=\"ad86beb\" data-element_type=\"widget\" data-widget_type=\"image.default\">\n\t\t\t\t<div class=\"elementor-widget-container\">\n\t\t\t<style>\/*! elementor - v3.18.0 - 08-12-2023 *\/\n.elementor-widget-image{text-align:center}.elementor-widget-image a{display:inline-block}.elementor-widget-image a img[src$=\".svg\"]{width:48px}.elementor-widget-image img{vertical-align:middle;display:inline-block}<\/style>\t\t\t\t\t\t\t\t\t\t\t\t<img loading=\"lazy\" decoding=\"async\" width=\"200\" height=\"200\" src=\"https:\/\/swietyjerzy.elblag.pl\/wp-content\/uploads\/2023\/12\/Service-o1.jpg\" class=\"elementor-animation-float attachment-full size-full wp-image-13364\" alt=\"\" srcset=\"https:\/\/swietyjerzy.elblag.pl\/wp-content\/uploads\/2023\/12\/Service-o1.jpg 200w, https:\/\/swietyjerzy.elblag.pl\/wp-content\/uploads\/2023\/12\/Service-o1-150x150.jpg 150w\" sizes=\"(max-width: 200px) 100vw, 200px\" \/>\t\t\t\t\t\t\t\t\t\t\t\t\t\t\t<\/div>\n\t\t\t\t<\/div>\n\t\t\t\t<div class=\"elementor-element elementor-element-309d65e elementor-widget elementor-widget-heading\" data-id=\"309d65e\" data-element_type=\"widget\" data-widget_type=\"heading.default\">\n\t\t\t\t<div class=\"elementor-widget-container\">\n\t\t\t<h4 class=\"elementor-heading-title elementor-size-default\">Msze \u015awi\u0119te i nabo\u017ce\u0144stwa<\/h4>\t\t<\/div>\n\t\t\t\t<\/div>\n\t\t\t\t<div class=\"elementor-element elementor-element-f8408d3 elementor-widget elementor-widget-text-editor\" data-id=\"f8408d3\" data-element_type=\"widget\" data-widget_type=\"text-editor.default\">\n\t\t\t\t<div class=\"elementor-widget-container\">\n\t\t\t<style>\/*! elementor - v3.18.0 - 08-12-2023 *\/\n.elementor-widget-text-editor.elementor-drop-cap-view-stacked .elementor-drop-cap{background-color:#69727d;color:#fff}.elementor-widget-text-editor.elementor-drop-cap-view-framed .elementor-drop-cap{color:#69727d;border:3px solid;background-color:transparent}.elementor-widget-text-editor:not(.elementor-drop-cap-view-default) .elementor-drop-cap{margin-top:8px}.elementor-widget-text-editor:not(.elementor-drop-cap-view-default) .elementor-drop-cap-letter{width:1em;height:1em}.elementor-widget-text-editor .elementor-drop-cap{float:left;text-align:center;line-height:1;font-size:50px}.elementor-widget-text-editor .elementor-drop-cap-letter{display:inline-block}<\/style>\t\t\t\t<p><strong><span style=\"color: #800000;\">KO\u015aCI\u00d3\u0141 MI\u0141OSIERDZIA BO\u017bEGO<\/span><br \/><\/strong><b>Niedziela: <\/b>7.00, 8.30, 10.00, 11.30 (z udzia\u0142em dzieci), 13.00 (IX &#8211; VI), 17.00<br \/><b>Poniedzia\u0142ek &#8211; Pi\u0105tek:<\/b>\u00a06:30 i 18.00<br \/><b>Sobota:<\/b> 7.00 i 18.00<strong><br \/><\/strong><\/p><p><span style=\"color: #993300;\"><strong>KO\u015aCI\u00d3\u0141 \u015aW. JERZEGO<\/strong><\/span><br \/><strong>Niedziela: <\/strong>8.00<strong><br \/>Poniedzia\u0142ek &#8211; Sobota: <\/strong>12.00<\/p>\t\t\t\t\t\t<\/div>\n\t\t\t\t<\/div>\n\t\t\t\t<div class=\"elementor-element elementor-element-ed0f6b7 elementor-widget elementor-widget-heading\" data-id=\"ed0f6b7\" data-element_type=\"widget\" data-widget_type=\"heading.default\">\n\t\t\t\t<div class=\"elementor-widget-container\">\n\t\t\t<span class=\"elementor-heading-title elementor-size-default\"><a href=\"https:\/\/swietyjerzy.elblag.pl\/index.php\/godziny-mszy-swietych-i-nabozenstw\/\">WI\u0118CEJ...<\/a><\/span>\t\t<\/div>\n\t\t\t\t<\/div>\n\t\t\t\t\t<\/div>\n\t\t<\/div>\n\t\t\t\t<div class=\"elementor-column elementor-col-33 elementor-inner-column elementor-element elementor-element-116cf89\" data-id=\"116cf89\" data-element_type=\"column\">\n\t\t\t<div class=\"elementor-widget-wrap elementor-element-populated\">\n\t\t\t\t\t\t\t\t<div class=\"elementor-element elementor-element-c120171 cms-service elementor-widget elementor-widget-image\" data-id=\"c120171\" data-element_type=\"widget\" data-widget_type=\"image.default\">\n\t\t\t\t<div class=\"elementor-widget-container\">\n\t\t\t\t\t\t\t\t\t\t\t\t\t\t\t<img loading=\"lazy\" decoding=\"async\" width=\"200\" height=\"200\" src=\"https:\/\/swietyjerzy.elblag.pl\/wp-content\/uploads\/2023\/11\/service2.jpg\" class=\"elementor-animation-float attachment-full size-full wp-image-13304\" alt=\"\" srcset=\"https:\/\/swietyjerzy.elblag.pl\/wp-content\/uploads\/2023\/11\/service2.jpg 200w, https:\/\/swietyjerzy.elblag.pl\/wp-content\/uploads\/2023\/11\/service2-150x150.jpg 150w\" sizes=\"(max-width: 200px) 100vw, 200px\" \/>\t\t\t\t\t\t\t\t\t\t\t\t\t\t\t<\/div>\n\t\t\t\t<\/div>\n\t\t\t\t<div class=\"elementor-element elementor-element-467e4e0 elementor-widget elementor-widget-heading\" data-id=\"467e4e0\" data-element_type=\"widget\" data-widget_type=\"heading.default\">\n\t\t\t\t<div class=\"elementor-widget-container\">\n\t\t\t<h4 class=\"elementor-heading-title elementor-size-default\">Sakrament Pokuty i pojednania<\/h4>\t\t<\/div>\n\t\t\t\t<\/div>\n\t\t\t\t<div class=\"elementor-element elementor-element-dd639a2 elementor-widget elementor-widget-text-editor\" data-id=\"dd639a2\" data-element_type=\"widget\" data-widget_type=\"text-editor.default\">\n\t\t\t\t<div class=\"elementor-widget-container\">\n\t\t\t\t\t\t\t<p>sprawowany jest:<\/p><p><strong>w Niedziel\u0119:<\/strong> w czasie ka\u017cdej Mszy \u015awi\u0119tej<br \/><strong>w tygodniu:<\/strong> p\u00f3\u0142 godziny przed Msz\u0105 \u015awi\u0119t\u0105<\/p>\t\t\t\t\t\t<\/div>\n\t\t\t\t<\/div>\n\t\t\t\t<div class=\"elementor-element elementor-element-1a58f85 elementor-widget elementor-widget-heading\" data-id=\"1a58f85\" data-element_type=\"widget\" data-widget_type=\"heading.default\">\n\t\t\t\t<div class=\"elementor-widget-container\">\n\t\t\t<span class=\"elementor-heading-title elementor-size-default\"><a href=\"https:\/\/swietyjerzy.elblag.pl\/index.php\/godziny-mszy-swietych-i-nabozenstw\/\">WI\u0118CEJ...<\/a><\/span>\t\t<\/div>\n\t\t\t\t<\/div>\n\t\t\t\t\t<\/div>\n\t\t<\/div>\n\t\t\t\t<div class=\"elementor-column elementor-col-33 elementor-inner-column elementor-element elementor-element-01e7653\" data-id=\"01e7653\" data-element_type=\"column\">\n\t\t\t<div class=\"elementor-widget-wrap elementor-element-populated\">\n\t\t\t\t\t\t\t\t<div class=\"elementor-element elementor-element-7551827 cms-service elementor-widget elementor-widget-image\" data-id=\"7551827\" data-element_type=\"widget\" data-widget_type=\"image.default\">\n\t\t\t\t<div class=\"elementor-widget-container\">\n\t\t\t\t\t\t\t\t\t\t\t\t\t\t\t<img loading=\"lazy\" decoding=\"async\" width=\"200\" height=\"200\" src=\"https:\/\/swietyjerzy.elblag.pl\/wp-content\/uploads\/2023\/11\/service3.jpg\" class=\"elementor-animation-float attachment-full size-full wp-image-13305\" alt=\"\" srcset=\"https:\/\/swietyjerzy.elblag.pl\/wp-content\/uploads\/2023\/11\/service3.jpg 200w, https:\/\/swietyjerzy.elblag.pl\/wp-content\/uploads\/2023\/11\/service3-150x150.jpg 150w\" sizes=\"(max-width: 200px) 100vw, 200px\" \/>\t\t\t\t\t\t\t\t\t\t\t\t\t\t\t<\/div>\n\t\t\t\t<\/div>\n\t\t\t\t<div class=\"elementor-element elementor-element-4fa13f7 elementor-widget elementor-widget-heading\" data-id=\"4fa13f7\" data-element_type=\"widget\" data-widget_type=\"heading.default\">\n\t\t\t\t<div class=\"elementor-widget-container\">\n\t\t\t<h4 class=\"elementor-heading-title elementor-size-default\">Kancelaria parafialna<\/h4>\t\t<\/div>\n\t\t\t\t<\/div>\n\t\t\t\t<div class=\"elementor-element elementor-element-a4373c1 elementor-widget elementor-widget-text-editor\" data-id=\"a4373c1\" data-element_type=\"widget\" data-widget_type=\"text-editor.default\">\n\t\t\t\t<div class=\"elementor-widget-container\">\n\t\t\t\t\t\t\t<p>jest czynna<br \/><strong>w Poniedzia\u0142ek, \u015arod\u0119 i Pi\u0105tek<br \/><\/strong>godz. 15:00 &#8211; 17:00<br \/><strong>w Sobot\u0119<\/strong><em><strong><br \/><\/strong><\/em>godz. 9.00 &#8211; 11.00<strong><br \/><\/strong><\/p><p><strong>tel. 55 615-13-51<\/strong><\/p><p>\u00a0<\/p>\t\t\t\t\t\t<\/div>\n\t\t\t\t<\/div>\n\t\t\t\t<div class=\"elementor-element elementor-element-9e15438 elementor-widget elementor-widget-heading\" data-id=\"9e15438\" data-element_type=\"widget\" data-widget_type=\"heading.default\">\n\t\t\t\t<div class=\"elementor-widget-container\">\n\t\t\t<span class=\"elementor-heading-title elementor-size-default\"><a href=\"https:\/\/swietyjerzy.elblag.pl\/index.php\/kancelaria-parafialna\/\">WI\u0118CEJ...<\/a><\/span>\t\t<\/div>\n\t\t\t\t<\/div>\n\t\t\t\t\t<\/div>\n\t\t<\/div>\n\t\t\t\t\t\t\t<\/div>\n\t\t<\/div>\n\t\t\t\t\t<\/div>\n\t\t<\/div>\n\t\t\t\t\t\t\t<\/div>\n\t\t<\/div>\n\t\t\t\t<div class=\"elementor-section elementor-top-section elementor-element elementor-element-101aee7 aboutus elementor-section-full_width elementor-section-stretched elementor-section-height-default elementor-section-height-default\" data-id=\"101aee7\" data-element_type=\"section\" data-settings=\"{&quot;stretch_section&quot;:&quot;section-stretched&quot;,&quot;background_background&quot;:&quot;classic&quot;}\">\n\t\t\t\t\t\t<div class=\"elementor-container elementor-column-gap-default\">\n\t\t\t\t\t<div class=\"elementor-column elementor-col-100 elementor-top-column elementor-element elementor-element-2ff637d\" data-id=\"2ff637d\" data-element_type=\"column\">\n\t\t\t<div class=\"elementor-widget-wrap elementor-element-populated\">\n\t\t\t\t\t\t\t\t<div class=\"elementor-element elementor-element-ac45e2b elementor-widget elementor-widget-heading\" data-id=\"ac45e2b\" data-element_type=\"widget\" data-widget_type=\"heading.default\">\n\t\t\t\t<div class=\"elementor-widget-container\">\n\t\t\t<span class=\"elementor-heading-title elementor-size-default\">Poznaj \u017cycie naszej wsp\u00f3lnoty!<\/span>\t\t<\/div>\n\t\t\t\t<\/div>\n\t\t\t\t<div class=\"elementor-element elementor-element-4694285 elementor-widget elementor-widget-heading\" data-id=\"4694285\" data-element_type=\"widget\" data-widget_type=\"heading.default\">\n\t\t\t\t<div class=\"elementor-widget-container\">\n\t\t\t<h2 class=\"elementor-heading-title elementor-size-default\">og\u0142oszenia i intencje<\/h2>\t\t<\/div>\n\t\t\t\t<\/div>\n\t\t\t\t<div class=\"elementor-section elementor-inner-section elementor-element elementor-element-eda0e18 cms-service elementor-section-boxed elementor-section-height-default elementor-section-height-default\" data-id=\"eda0e18\" data-element_type=\"section\">\n\t\t\t\t\t\t<div class=\"elementor-container elementor-column-gap-default\">\n\t\t\t\t\t<div class=\"elementor-column elementor-col-50 elementor-inner-column elementor-element elementor-element-5d9188b\" data-id=\"5d9188b\" data-element_type=\"column\" data-settings=\"{&quot;background_background&quot;:&quot;classic&quot;}\">\n\t\t\t<div class=\"elementor-widget-wrap elementor-element-populated\">\n\t\t\t\t\t\t\t\t<div class=\"elementor-element elementor-element-b9a4ffb elementor-position-top elementor-widget elementor-widget-image-box\" data-id=\"b9a4ffb\" data-element_type=\"widget\" data-widget_type=\"image-box.default\">\n\t\t\t\t<div class=\"elementor-widget-container\">\n\t\t\t<style>\/*! elementor - v3.18.0 - 08-12-2023 *\/\n.elementor-widget-image-box .elementor-image-box-content{width:100%}@media (min-width:768px){.elementor-widget-image-box.elementor-position-left .elementor-image-box-wrapper,.elementor-widget-image-box.elementor-position-right .elementor-image-box-wrapper{display:flex}.elementor-widget-image-box.elementor-position-right .elementor-image-box-wrapper{text-align:right;flex-direction:row-reverse}.elementor-widget-image-box.elementor-position-left .elementor-image-box-wrapper{text-align:left;flex-direction:row}.elementor-widget-image-box.elementor-position-top .elementor-image-box-img{margin:auto}.elementor-widget-image-box.elementor-vertical-align-top .elementor-image-box-wrapper{align-items:flex-start}.elementor-widget-image-box.elementor-vertical-align-middle .elementor-image-box-wrapper{align-items:center}.elementor-widget-image-box.elementor-vertical-align-bottom .elementor-image-box-wrapper{align-items:flex-end}}@media (max-width:767px){.elementor-widget-image-box .elementor-image-box-img{margin-left:auto!important;margin-right:auto!important;margin-bottom:15px}}.elementor-widget-image-box .elementor-image-box-img{display:inline-block}.elementor-widget-image-box .elementor-image-box-title a{color:inherit}.elementor-widget-image-box .elementor-image-box-wrapper{text-align:center}.elementor-widget-image-box .elementor-image-box-description{margin:0}<\/style><div class=\"elementor-image-box-wrapper\"><figure class=\"elementor-image-box-img\"><img loading=\"lazy\" decoding=\"async\" width=\"440\" height=\"300\" src=\"https:\/\/swietyjerzy.elblag.pl\/wp-content\/uploads\/2023\/12\/Our-Services-01.jpg\" class=\"attachment-full size-full wp-image-13432\" alt=\"\" srcset=\"https:\/\/swietyjerzy.elblag.pl\/wp-content\/uploads\/2023\/12\/Our-Services-01.jpg 440w, https:\/\/swietyjerzy.elblag.pl\/wp-content\/uploads\/2023\/12\/Our-Services-01-300x205.jpg 300w\" sizes=\"(max-width: 440px) 100vw, 440px\" \/><\/figure><div class=\"elementor-image-box-content\"><h4 class=\"elementor-image-box-title\"><a href=\"\/index.php\/ogloszenia-duszpasterskie\/\"> Og\u0142oszenia Duszpasterskie <\/a> <\/h4><p class=\"elementor-image-box-description\">Zapoznaj si\u0119 z og\u0142oszeniami duszpasterskimi, na najbli\u017cszy tydzie\u0144, dotycz\u0105cymi \u017cycia parafii.<\/p><\/div><\/div>\t\t<\/div>\n\t\t\t\t<\/div>\n\t\t\t\t\t<\/div>\n\t\t<\/div>\n\t\t\t\t<div class=\"elementor-column elementor-col-50 elementor-inner-column elementor-element elementor-element-f9bc118\" data-id=\"f9bc118\" data-element_type=\"column\" data-settings=\"{&quot;background_background&quot;:&quot;classic&quot;}\">\n\t\t\t<div class=\"elementor-widget-wrap elementor-element-populated\">\n\t\t\t\t\t\t\t\t<div class=\"elementor-element elementor-element-4f33da1 elementor-position-top elementor-widget elementor-widget-image-box\" data-id=\"4f33da1\" data-element_type=\"widget\" data-widget_type=\"image-box.default\">\n\t\t\t\t<div class=\"elementor-widget-container\">\n\t\t\t<div class=\"elementor-image-box-wrapper\"><figure class=\"elementor-image-box-img\"><img loading=\"lazy\" decoding=\"async\" width=\"440\" height=\"300\" src=\"https:\/\/swietyjerzy.elblag.pl\/wp-content\/uploads\/2023\/12\/Our-Services-02.jpg\" class=\"attachment-full size-full wp-image-13433\" alt=\"\" srcset=\"https:\/\/swietyjerzy.elblag.pl\/wp-content\/uploads\/2023\/12\/Our-Services-02.jpg 440w, https:\/\/swietyjerzy.elblag.pl\/wp-content\/uploads\/2023\/12\/Our-Services-02-300x205.jpg 300w\" sizes=\"(max-width: 440px) 100vw, 440px\" \/><\/figure><div class=\"elementor-image-box-content\"><h4 class=\"elementor-image-box-title\"><a href=\"\/index.php\/intencje-mszalne\/\"> <span style=\"color:#a07d73;\"> Intencje Mszy \u015awi\u0119tych <\/span> <\/a><\/h4><p class=\"elementor-image-box-description\"><span style=\"color:#c59a8e;\"> Intencje, w kt\u00f3rych sprawowane b\u0119d\u0105 w najbli\u017cszym tygodniu Msze \u015awi\u0119te w ko\u015bciele parafialnym. <\/span><\/p><\/div><\/div>\t\t<\/div>\n\t\t\t\t<\/div>\n\t\t\t\t\t<\/div>\n\t\t<\/div>\n\t\t\t\t\t\t\t<\/div>\n\t\t<\/div>\n\t\t\t\t\t<\/div>\n\t\t<\/div>\n\t\t\t\t\t\t\t<\/div>\n\t\t<\/div>\n\t\t\t\t<div class=\"elementor-section elementor-top-section elementor-element elementor-element-e28a2f6 cms-banner-main elementor-section-boxed elementor-section-height-default elementor-section-height-default\" data-id=\"e28a2f6\" data-element_type=\"section\" data-settings=\"{&quot;background_background&quot;:&quot;slideshow&quot;,&quot;background_slideshow_gallery&quot;:[{&quot;id&quot;:13644,&quot;url&quot;:&quot;http:\\\/\\\/swietyjerzy.elblag.pl\\\/wp-content\\\/uploads\\\/2023\\\/12\\\/historia-slajd1-scaled.jpg&quot;},{&quot;id&quot;:13645,&quot;url&quot;:&quot;http:\\\/\\\/swietyjerzy.elblag.pl\\\/wp-content\\\/uploads\\\/2023\\\/12\\\/historia-slajd2-scaled.jpg&quot;},{&quot;id&quot;:13647,&quot;url&quot;:&quot;http:\\\/\\\/swietyjerzy.elblag.pl\\\/wp-content\\\/uploads\\\/2023\\\/12\\\/historia-slajd3-scaled.jpg&quot;}],&quot;background_slideshow_loop&quot;:&quot;yes&quot;,&quot;background_slideshow_slide_duration&quot;:5000,&quot;background_slideshow_slide_transition&quot;:&quot;fade&quot;,&quot;background_slideshow_transition_duration&quot;:500}\">\n\t\t\t\t\t\t<div class=\"elementor-container elementor-column-gap-default\">\n\t\t\t\t\t<div class=\"elementor-column elementor-col-100 elementor-top-column elementor-element elementor-element-23926fa\" data-id=\"23926fa\" data-element_type=\"column\">\n\t\t\t<div class=\"elementor-widget-wrap elementor-element-populated\">\n\t\t\t\t\t\t\t\t<div class=\"elementor-element elementor-element-37abdcb elementor-widget elementor-widget-heading\" data-id=\"37abdcb\" data-element_type=\"widget\" data-widget_type=\"heading.default\">\n\t\t\t\t<div class=\"elementor-widget-container\">\n\t\t\t<span class=\"elementor-heading-title elementor-size-default\">Jak to si\u0119 zacz\u0119\u0142o?<\/span>\t\t<\/div>\n\t\t\t\t<\/div>\n\t\t\t\t<div class=\"elementor-element elementor-element-434c1ae elementor-widget elementor-widget-heading\" data-id=\"434c1ae\" data-element_type=\"widget\" data-widget_type=\"heading.default\">\n\t\t\t\t<div class=\"elementor-widget-container\">\n\t\t\t<h2 class=\"elementor-heading-title elementor-size-default\">Poznaj histori\u0119 parafii i patrona<\/h2>\t\t<\/div>\n\t\t\t\t<\/div>\n\t\t\t\t<section class=\"elementor-section elementor-inner-section elementor-element elementor-element-9bcdf59 elementor-section-boxed elementor-section-height-default elementor-section-height-default\" data-id=\"9bcdf59\" data-element_type=\"section\" data-settings=\"{&quot;background_background&quot;:&quot;slideshow&quot;,&quot;background_slideshow_gallery&quot;:[],&quot;background_slideshow_loop&quot;:&quot;yes&quot;,&quot;background_slideshow_slide_duration&quot;:5000,&quot;background_slideshow_slide_transition&quot;:&quot;fade&quot;,&quot;background_slideshow_transition_duration&quot;:500}\">\n\t\t\t\t\t\t<div class=\"elementor-container elementor-column-gap-default\">\n\t\t\t\t\t<div class=\"elementor-column elementor-col-50 elementor-inner-column elementor-element elementor-element-4495f83\" data-id=\"4495f83\" data-element_type=\"column\" data-settings=\"{&quot;background_background&quot;:&quot;classic&quot;}\">\n\t\t\t<div class=\"elementor-widget-wrap elementor-element-populated\">\n\t\t\t\t\t\t\t\t<div class=\"elementor-element elementor-element-c868c60 faq elementor-widget elementor-widget-accordion\" data-id=\"c868c60\" data-element_type=\"widget\" data-widget_type=\"accordion.default\">\n\t\t\t\t<div class=\"elementor-widget-container\">\n\t\t\t<style>\/*! elementor - v3.18.0 - 08-12-2023 *\/\n.elementor-accordion{text-align:left}.elementor-accordion .elementor-accordion-item{border:1px solid #d5d8dc}.elementor-accordion .elementor-accordion-item+.elementor-accordion-item{border-top:none}.elementor-accordion .elementor-tab-title{margin:0;padding:15px 20px;font-weight:700;line-height:1;cursor:pointer;outline:none}.elementor-accordion .elementor-tab-title .elementor-accordion-icon{display:inline-block;width:1.5em}.elementor-accordion .elementor-tab-title .elementor-accordion-icon svg{width:1em;height:1em}.elementor-accordion .elementor-tab-title .elementor-accordion-icon.elementor-accordion-icon-right{float:right;text-align:right}.elementor-accordion .elementor-tab-title .elementor-accordion-icon.elementor-accordion-icon-left{float:left;text-align:left}.elementor-accordion .elementor-tab-title .elementor-accordion-icon .elementor-accordion-icon-closed{display:block}.elementor-accordion .elementor-tab-title .elementor-accordion-icon .elementor-accordion-icon-opened,.elementor-accordion .elementor-tab-title.elementor-active .elementor-accordion-icon-closed{display:none}.elementor-accordion .elementor-tab-title.elementor-active .elementor-accordion-icon-opened{display:block}.elementor-accordion .elementor-tab-content{display:none;padding:15px 20px;border-top:1px solid #d5d8dc}@media (max-width:767px){.elementor-accordion .elementor-tab-title{padding:12px 15px}.elementor-accordion .elementor-tab-title .elementor-accordion-icon{width:1.2em}.elementor-accordion .elementor-tab-content{padding:7px 15px}}.e-con-inner>.elementor-widget-accordion,.e-con>.elementor-widget-accordion{width:var(--container-widget-width);--flex-grow:var(--container-widget-flex-grow)}<\/style>\t\t<div class=\"elementor-accordion\">\n\t\t\t\t\t\t\t<div class=\"elementor-accordion-item\">\n\t\t\t\t\t<h4 id=\"elementor-tab-title-2101\" class=\"elementor-tab-title\" data-tab=\"1\" role=\"button\" aria-controls=\"elementor-tab-content-2101\" aria-expanded=\"false\">\n\t\t\t\t\t\t\t\t\t\t\t\t\t<span class=\"elementor-accordion-icon elementor-accordion-icon-right\" aria-hidden=\"true\">\n\t\t\t\t\t\t\t\t\t\t\t\t\t\t\t<span class=\"elementor-accordion-icon-closed\"><svg class=\"e-font-icon-svg e-fas-plus\" viewBox=\"0 0 448 512\" xmlns=\"http:\/\/www.w3.org\/2000\/svg\"><path d=\"M416 208H272V64c0-17.67-14.33-32-32-32h-32c-17.67 0-32 14.33-32 32v144H32c-17.67 0-32 14.33-32 32v32c0 17.67 14.33 32 32 32h144v144c0 17.67 14.33 32 32 32h32c17.67 0 32-14.33 32-32V304h144c17.67 0 32-14.33 32-32v-32c0-17.67-14.33-32-32-32z\"><\/path><\/svg><\/span>\n\t\t\t\t\t\t\t\t<span class=\"elementor-accordion-icon-opened\"><svg class=\"e-font-icon-svg e-fas-minus\" viewBox=\"0 0 448 512\" xmlns=\"http:\/\/www.w3.org\/2000\/svg\"><path d=\"M416 208H32c-17.67 0-32 14.33-32 32v32c0 17.67 14.33 32 32 32h384c17.67 0 32-14.33 32-32v-32c0-17.67-14.33-32-32-32z\"><\/path><\/svg><\/span>\n\t\t\t\t\t\t\t\t\t\t\t\t\t\t<\/span>\n\t\t\t\t\t\t\t\t\t\t\t\t<a class=\"elementor-accordion-title\" tabindex=\"0\">PATRON - \u015aW. JERZY<\/a>\n\t\t\t\t\t<\/h4>\n\t\t\t\t\t<div id=\"elementor-tab-content-2101\" class=\"elementor-tab-content elementor-clearfix\" data-tab=\"1\" role=\"region\" aria-labelledby=\"elementor-tab-title-2101\"><p style=\"text-align: center;\">Jerzy pochodzi\u0142 z Liddy (Azja Mniejsza). Zachowa\u0142y si\u0119 o nim nik\u0142e dane biograficzne, jednak s\u0105 bardzo liczne i wczesne dowody kultu \u015awi\u0119tego. Jego ojcem mia\u0142 by\u0107 Pers &#8211; Geroncjusz. Syn mia\u0142 by\u0107 uproszony przez rodzic\u00f3w w p\u00f3\u017anej ich staro\u015bci d\u0142ug\u0105 modlitw\u0105. Jerzy jako ochotnik wst\u0105pi\u0142 do legion\u00f3w rzymskich. Doszed\u0142 do rangi wy\u017cszego oficera. Podczas prze\u015bladowa\u0144 za czas\u00f3w Dioklecjana jako chrze\u015bcijanin odm\u00f3wi\u0142 z\u0142o\u017cenia ofiary b\u00f3stwom rzymskim (305?). Rozda\u0142 wcze\u015bniej ca\u0142\u0105 sw\u0105 maj\u0119tno\u015b\u0107 ubogim. Poddano go okrutnym i d\u0142ugim m\u0119czarniom &#8211; wed\u0142ug niekt\u00f3rych tekst\u00f3w trwa\u0142y one a\u017c 7 lat. Przybijano go do krzy\u017ca, torturowano na katowskim kole. Um\u0119czono go w Diospolis na terenie Palestyny. <a href=\"https:\/\/brewiarz.pl\/czytelnia\/swieci\/04-24a.php3\" target=\"_blank\" rel=\"noopener\">Czytaj wi\u0119cej&#8230;<\/a><\/p><\/div>\n\t\t\t\t<\/div>\n\t\t\t\t\t\t\t<div class=\"elementor-accordion-item\">\n\t\t\t\t\t<h4 id=\"elementor-tab-title-2102\" class=\"elementor-tab-title\" data-tab=\"2\" role=\"button\" aria-controls=\"elementor-tab-content-2102\" aria-expanded=\"false\">\n\t\t\t\t\t\t\t\t\t\t\t\t\t<span class=\"elementor-accordion-icon elementor-accordion-icon-right\" aria-hidden=\"true\">\n\t\t\t\t\t\t\t\t\t\t\t\t\t\t\t<span class=\"elementor-accordion-icon-closed\"><svg class=\"e-font-icon-svg e-fas-plus\" viewBox=\"0 0 448 512\" xmlns=\"http:\/\/www.w3.org\/2000\/svg\"><path d=\"M416 208H272V64c0-17.67-14.33-32-32-32h-32c-17.67 0-32 14.33-32 32v144H32c-17.67 0-32 14.33-32 32v32c0 17.67 14.33 32 32 32h144v144c0 17.67 14.33 32 32 32h32c17.67 0 32-14.33 32-32V304h144c17.67 0 32-14.33 32-32v-32c0-17.67-14.33-32-32-32z\"><\/path><\/svg><\/span>\n\t\t\t\t\t\t\t\t<span class=\"elementor-accordion-icon-opened\"><svg class=\"e-font-icon-svg e-fas-minus\" viewBox=\"0 0 448 512\" xmlns=\"http:\/\/www.w3.org\/2000\/svg\"><path d=\"M416 208H32c-17.67 0-32 14.33-32 32v32c0 17.67 14.33 32 32 32h384c17.67 0 32-14.33 32-32v-32c0-17.67-14.33-32-32-32z\"><\/path><\/svg><\/span>\n\t\t\t\t\t\t\t\t\t\t\t\t\t\t<\/span>\n\t\t\t\t\t\t\t\t\t\t\t\t<a class=\"elementor-accordion-title\" tabindex=\"0\">KO\u015aCI\u00d3\u0141 \u015aW. JERZEGO<\/a>\n\t\t\t\t\t<\/h4>\n\t\t\t\t\t<div id=\"elementor-tab-content-2102\" class=\"elementor-tab-content elementor-clearfix\" data-tab=\"2\" role=\"region\" aria-labelledby=\"elementor-tab-title-2102\"><p style=\"text-align: center;\"><strong>Ko\u015bci\u00f3\u0142 \u015bw. Jerzego (Neust\u00e4dtische ST. Georg Kirche)<\/strong>&#8211; by\u0142 ko\u015bcio\u0142em szpitalnym Nowego Miasta Elbl\u0105ga, zwi\u0105zanym od\u00a0najdawniejszych czas\u00f3w z nowomiejskim ko\u015bcio\u0142em Trzech Kr\u00f3li. Sta\u0142 on daleko na polach nowomiejskich. Pierwsza wzmianka o tym zabytku pochodzi z 1340 roku. By\u0142 to ko\u015bci\u00f3\u0142 szpitalny zbudowany obok szpitala dla tr\u0119dowatych. \u015awi\u0119ty Jerzy &#8211; patronowa\u0142 szpitalom. O jego wstawiennictwo proszono zw\u0142aszcza przed bitw\u0105. <a href=\"https:\/\/swietyjerzy.elblag.pl\/index.php\/kosciol-jerzego\/\">Czytaj wi\u0119cej&#8230;<\/a><\/p><\/div>\n\t\t\t\t<\/div>\n\t\t\t\t\t\t\t<div class=\"elementor-accordion-item\">\n\t\t\t\t\t<h4 id=\"elementor-tab-title-2103\" class=\"elementor-tab-title\" data-tab=\"3\" role=\"button\" aria-controls=\"elementor-tab-content-2103\" aria-expanded=\"false\">\n\t\t\t\t\t\t\t\t\t\t\t\t\t<span class=\"elementor-accordion-icon elementor-accordion-icon-right\" aria-hidden=\"true\">\n\t\t\t\t\t\t\t\t\t\t\t\t\t\t\t<span class=\"elementor-accordion-icon-closed\"><svg class=\"e-font-icon-svg e-fas-plus\" viewBox=\"0 0 448 512\" xmlns=\"http:\/\/www.w3.org\/2000\/svg\"><path d=\"M416 208H272V64c0-17.67-14.33-32-32-32h-32c-17.67 0-32 14.33-32 32v144H32c-17.67 0-32 14.33-32 32v32c0 17.67 14.33 32 32 32h144v144c0 17.67 14.33 32 32 32h32c17.67 0 32-14.33 32-32V304h144c17.67 0 32-14.33 32-32v-32c0-17.67-14.33-32-32-32z\"><\/path><\/svg><\/span>\n\t\t\t\t\t\t\t\t<span class=\"elementor-accordion-icon-opened\"><svg class=\"e-font-icon-svg e-fas-minus\" viewBox=\"0 0 448 512\" xmlns=\"http:\/\/www.w3.org\/2000\/svg\"><path d=\"M416 208H32c-17.67 0-32 14.33-32 32v32c0 17.67 14.33 32 32 32h384c17.67 0 32-14.33 32-32v-32c0-17.67-14.33-32-32-32z\"><\/path><\/svg><\/span>\n\t\t\t\t\t\t\t\t\t\t\t\t\t\t<\/span>\n\t\t\t\t\t\t\t\t\t\t\t\t<a class=\"elementor-accordion-title\" tabindex=\"0\">KO\u015aCI\u00d3\u0141 MI\u0141OSIERDZIA BO\u017bEGO<\/a>\n\t\t\t\t\t<\/h4>\n\t\t\t\t\t<div id=\"elementor-tab-content-2103\" class=\"elementor-tab-content elementor-clearfix\" data-tab=\"3\" role=\"region\" aria-labelledby=\"elementor-tab-title-2103\"><p style=\"text-align: center;\">\u00a0To niezwyk\u0142e, by w PRL-u budowano ko\u015bcio\u0142y. A jednak w Elbl\u0105gu w tym czasie powsta\u0142o ich kilka. Jakim cudem? Przede wszystkim by\u0142a potrzeba. Po wojnie dwie du\u017ce \u015bwi\u0105tynie w centrum miasta \u2013 ko\u015bcio\u0142y \u015bw. Anny i Trzech Kr\u00f3li nie zosta\u0142y odbudowane, a trzy nast\u0119pne \u2013 ko\u015bci\u00f3\u0142 Naj\u015bwi\u0119tszej Marii Panny, \u015bw. Ducha i Bo\u017cego Cia\u0142a odbudowano z przeznaczeniem na inny cel. A miasto szybko ros\u0142o i ju\u017c przeros\u0142o stan ludno\u015bci sprzed wojny. Co gorsza (dla w\u0142adz PRL), pomimo gr\u00f3\u017ab i pr\u00f3\u015bb ludzie do ko\u015bcio\u0142a nie przestali chodzi\u0107. Zabytkowy ko\u015bci\u00f3\u0142 \u015bw. Miko\u0142aja p\u0119ka\u0142 w szwach, a wyprawa do niego z odleg\u0142ych dzielnic miasta by\u0142a k\u0142opotliwa. By\u0142a wi\u0119c potrzeba\u2026 <a href=\"https:\/\/swietyjerzy.elblag.pl\/index.php\/kosciol-milosierdzia-bozego\/\">Czytaj wi\u0119cej&#8230;<\/a><\/p><\/div>\n\t\t\t\t<\/div>\n\t\t\t\t\t\t\t\t\t\t<script type=\"application\/ld+json\">{\"@context\":\"https:\\\/\\\/schema.org\",\"@type\":\"FAQPage\",\"mainEntity\":[{\"@type\":\"Question\",\"name\":\"PATRON - \\u015aW. JERZY\",\"acceptedAnswer\":{\"@type\":\"Answer\",\"text\":\"<p style=\\\"text-align: center;\\\">Jerzy pochodzi\\u0142 z Liddy (Azja Mniejsza). Zachowa\\u0142y si\\u0119 o nim nik\\u0142e dane biograficzne, jednak s\\u0105 bardzo liczne i wczesne dowody kultu \\u015awi\\u0119tego. Jego ojcem mia\\u0142 by\\u0107 Pers &#8211; Geroncjusz. Syn mia\\u0142 by\\u0107 uproszony przez rodzic\\u00f3w w p\\u00f3\\u017anej ich staro\\u015bci d\\u0142ug\\u0105 modlitw\\u0105. Jerzy jako ochotnik wst\\u0105pi\\u0142 do legion\\u00f3w rzymskich. Doszed\\u0142 do rangi wy\\u017cszego oficera. Podczas prze\\u015bladowa\\u0144 za czas\\u00f3w Dioklecjana jako chrze\\u015bcijanin odm\\u00f3wi\\u0142 z\\u0142o\\u017cenia ofiary b\\u00f3stwom rzymskim (305?). Rozda\\u0142 wcze\\u015bniej ca\\u0142\\u0105 sw\\u0105 maj\\u0119tno\\u015b\\u0107 ubogim. Poddano go okrutnym i d\\u0142ugim m\\u0119czarniom &#8211; wed\\u0142ug niekt\\u00f3rych tekst\\u00f3w trwa\\u0142y one a\\u017c 7 lat. Przybijano go do krzy\\u017ca, torturowano na katowskim kole. Um\\u0119czono go w Diospolis na terenie Palestyny. <a href=\\\"https:\\\/\\\/brewiarz.pl\\\/czytelnia\\\/swieci\\\/04-24a.php3\\\" target=\\\"_blank\\\" rel=\\\"noopener\\\">Czytaj wi\\u0119cej&#8230;<\\\/a><\\\/p>\"}},{\"@type\":\"Question\",\"name\":\"KO\\u015aCI\\u00d3\\u0141 \\u015aW. JERZEGO\",\"acceptedAnswer\":{\"@type\":\"Answer\",\"text\":\"<p style=\\\"text-align: center;\\\"><strong>Ko\\u015bci\\u00f3\\u0142 \\u015bw. Jerzego (Neust\\u00e4dtische ST. Georg Kirche)<\\\/strong>&#8211; by\\u0142 ko\\u015bcio\\u0142em szpitalnym Nowego Miasta Elbl\\u0105ga, zwi\\u0105zanym od\\u00a0najdawniejszych czas\\u00f3w z nowomiejskim ko\\u015bcio\\u0142em Trzech Kr\\u00f3li. Sta\\u0142 on daleko na polach nowomiejskich. Pierwsza wzmianka o tym zabytku pochodzi z 1340 roku. By\\u0142 to ko\\u015bci\\u00f3\\u0142 szpitalny zbudowany obok szpitala dla tr\\u0119dowatych. \\u015awi\\u0119ty Jerzy &#8211; patronowa\\u0142 szpitalom. O jego wstawiennictwo proszono zw\\u0142aszcza przed bitw\\u0105. <a href=\\\"https:\\\/\\\/swietyjerzy.elblag.pl\\\/index.php\\\/kosciol-jerzego\\\/\\\">Czytaj wi\\u0119cej&#8230;<\\\/a><\\\/p>\"}},{\"@type\":\"Question\",\"name\":\"KO\\u015aCI\\u00d3\\u0141 MI\\u0141OSIERDZIA BO\\u017bEGO\",\"acceptedAnswer\":{\"@type\":\"Answer\",\"text\":\"<p style=\\\"text-align: center;\\\">\\u00a0To niezwyk\\u0142e, by w PRL-u budowano ko\\u015bcio\\u0142y. A jednak w Elbl\\u0105gu w tym czasie powsta\\u0142o ich kilka. Jakim cudem? Przede wszystkim by\\u0142a potrzeba. Po wojnie dwie du\\u017ce \\u015bwi\\u0105tynie w centrum miasta \\u2013 ko\\u015bcio\\u0142y \\u015bw. Anny i Trzech Kr\\u00f3li nie zosta\\u0142y odbudowane, a trzy nast\\u0119pne \\u2013 ko\\u015bci\\u00f3\\u0142 Naj\\u015bwi\\u0119tszej Marii Panny, \\u015bw. Ducha i Bo\\u017cego Cia\\u0142a odbudowano z przeznaczeniem na inny cel. A miasto szybko ros\\u0142o i ju\\u017c przeros\\u0142o stan ludno\\u015bci sprzed wojny. Co gorsza (dla w\\u0142adz PRL), pomimo gr\\u00f3\\u017ab i pr\\u00f3\\u015bb ludzie do ko\\u015bcio\\u0142a nie przestali chodzi\\u0107. Zabytkowy ko\\u015bci\\u00f3\\u0142 \\u015bw. Miko\\u0142aja p\\u0119ka\\u0142 w szwach, a wyprawa do niego z odleg\\u0142ych dzielnic miasta by\\u0142a k\\u0142opotliwa. By\\u0142a wi\\u0119c potrzeba\\u2026 <a href=\\\"https:\\\/\\\/swietyjerzy.elblag.pl\\\/index.php\\\/kosciol-milosierdzia-bozego\\\/\\\">Czytaj wi\\u0119cej&#8230;<\\\/a><\\\/p>\"}}]}<\/script>\n\t\t\t\t\t<\/div>\n\t\t\t\t<\/div>\n\t\t\t\t<\/div>\n\t\t\t\t\t<\/div>\n\t\t<\/div>\n\t\t\t\t<div class=\"elementor-column elementor-col-50 elementor-inner-column elementor-element elementor-element-917ce79\" data-id=\"917ce79\" data-element_type=\"column\">\n\t\t\t<div class=\"elementor-widget-wrap elementor-element-populated\">\n\t\t\t\t\t\t<div class=\"elementor-element elementor-element-0d52309 e-flex e-con-boxed e-con e-parent\" data-id=\"0d52309\" data-element_type=\"container\" data-settings=\"{&quot;content_width&quot;:&quot;boxed&quot;}\" data-core-v316-plus=\"true\">\n\t\t\t\t\t<div class=\"e-con-inner\">\n\t\t\t\t<div class=\"elementor-element elementor-element-8c79c88 elementor-widget elementor-widget-image-gallery\" data-id=\"8c79c88\" data-element_type=\"widget\" data-widget_type=\"image-gallery.default\">\n\t\t\t\t<div class=\"elementor-widget-container\">\n\t\t\t<style>\/*! elementor - v3.18.0 - 08-12-2023 *\/\n.elementor-image-gallery .gallery-item{display:inline-block;text-align:center;vertical-align:top;width:100%;max-width:100%;margin:0 auto}.elementor-image-gallery .gallery-item img{margin:0 auto}.elementor-image-gallery .gallery-item .gallery-caption{margin:0}.elementor-image-gallery figure img{display:block}.elementor-image-gallery figure figcaption{width:100%}.gallery-spacing-custom .elementor-image-gallery .gallery-icon{padding:0}@media (min-width:768px){.elementor-image-gallery .gallery-columns-2 .gallery-item{max-width:50%}.elementor-image-gallery .gallery-columns-3 .gallery-item{max-width:33.33%}.elementor-image-gallery .gallery-columns-4 .gallery-item{max-width:25%}.elementor-image-gallery .gallery-columns-5 .gallery-item{max-width:20%}.elementor-image-gallery .gallery-columns-6 .gallery-item{max-width:16.666%}.elementor-image-gallery .gallery-columns-7 .gallery-item{max-width:14.28%}.elementor-image-gallery .gallery-columns-8 .gallery-item{max-width:12.5%}.elementor-image-gallery .gallery-columns-9 .gallery-item{max-width:11.11%}.elementor-image-gallery .gallery-columns-10 .gallery-item{max-width:10%}}@media (min-width:480px) and (max-width:767px){.elementor-image-gallery .gallery.gallery-columns-2 .gallery-item,.elementor-image-gallery .gallery.gallery-columns-3 .gallery-item,.elementor-image-gallery .gallery.gallery-columns-4 .gallery-item,.elementor-image-gallery .gallery.gallery-columns-5 .gallery-item,.elementor-image-gallery .gallery.gallery-columns-6 .gallery-item,.elementor-image-gallery .gallery.gallery-columns-7 .gallery-item,.elementor-image-gallery .gallery.gallery-columns-8 .gallery-item,.elementor-image-gallery .gallery.gallery-columns-9 .gallery-item,.elementor-image-gallery .gallery.gallery-columns-10 .gallery-item{max-width:50%}}@media (max-width:479px){.elementor-image-gallery .gallery.gallery-columns-2 .gallery-item,.elementor-image-gallery .gallery.gallery-columns-3 .gallery-item,.elementor-image-gallery .gallery.gallery-columns-4 .gallery-item,.elementor-image-gallery .gallery.gallery-columns-5 .gallery-item,.elementor-image-gallery .gallery.gallery-columns-6 .gallery-item,.elementor-image-gallery .gallery.gallery-columns-7 .gallery-item,.elementor-image-gallery .gallery.gallery-columns-8 .gallery-item,.elementor-image-gallery .gallery.gallery-columns-9 .gallery-item,.elementor-image-gallery .gallery.gallery-columns-10 .gallery-item{max-width:100%}}<\/style>\t\t<div class=\"elementor-image-gallery\">\n\t\t\t<div id='gallery-1' class='gallery galleryid-5 gallery-columns-2 gallery-size-large'><figure class='gallery-item'>\n\t\t\t<div class='gallery-icon portrait'>\n\t\t\t\t<a data-elementor-open-lightbox=\"yes\" data-elementor-lightbox-slideshow=\"8c79c88\" data-elementor-lightbox-title=\"ko\u015bci\u00f3\u0142-\u015bw-jerzego\" data-e-action-hash=\"#elementor-action%3Aaction%3Dlightbox%26settings%3DeyJpZCI6MTM0MDMsInVybCI6Imh0dHBzOlwvXC9zd2lldHlqZXJ6eS5lbGJsYWcucGxcL3dwLWNvbnRlbnRcL3VwbG9hZHNcLzIwMjNcLzEyXC9rb3NjaW9sLXN3LWplcnplZ28uanBnIiwic2xpZGVzaG93IjoiOGM3OWM4OCJ9\" href='https:\/\/swietyjerzy.elblag.pl\/wp-content\/uploads\/2023\/12\/kosciol-sw-jerzego.jpg'><img loading=\"lazy\" decoding=\"async\" width=\"800\" height=\"1024\" src=\"https:\/\/swietyjerzy.elblag.pl\/wp-content\/uploads\/2023\/12\/kosciol-sw-jerzego-800x1024.jpg\" class=\"attachment-large size-large\" alt=\"\" srcset=\"https:\/\/swietyjerzy.elblag.pl\/wp-content\/uploads\/2023\/12\/kosciol-sw-jerzego-800x1024.jpg 800w, https:\/\/swietyjerzy.elblag.pl\/wp-content\/uploads\/2023\/12\/kosciol-sw-jerzego-234x300.jpg 234w, https:\/\/swietyjerzy.elblag.pl\/wp-content\/uploads\/2023\/12\/kosciol-sw-jerzego-768x984.jpg 768w, https:\/\/swietyjerzy.elblag.pl\/wp-content\/uploads\/2023\/12\/kosciol-sw-jerzego.jpg 926w\" sizes=\"(max-width: 800px) 100vw, 800px\" \/><\/a>\n\t\t\t<\/div><\/figure><figure class='gallery-item'>\n\t\t\t<div class='gallery-icon portrait'>\n\t\t\t\t<a data-elementor-open-lightbox=\"yes\" data-elementor-lightbox-slideshow=\"8c79c88\" data-elementor-lightbox-title=\"ko\u015bci\u00f3\u0142-\u015bw-jerzego-n\" data-e-action-hash=\"#elementor-action%3Aaction%3Dlightbox%26settings%3DeyJpZCI6MTM0MDQsInVybCI6Imh0dHBzOlwvXC9zd2lldHlqZXJ6eS5lbGJsYWcucGxcL3dwLWNvbnRlbnRcL3VwbG9hZHNcLzIwMjNcLzEyXC9rb3NjaW9sLXN3LWplcnplZ28tbi5qcGciLCJzbGlkZXNob3ciOiI4Yzc5Yzg4In0%3D\" href='https:\/\/swietyjerzy.elblag.pl\/wp-content\/uploads\/2023\/12\/kosciol-sw-jerzego-n.jpg'><img loading=\"lazy\" decoding=\"async\" width=\"800\" height=\"1024\" src=\"https:\/\/swietyjerzy.elblag.pl\/wp-content\/uploads\/2023\/12\/kosciol-sw-jerzego-n-800x1024.jpg\" class=\"attachment-large size-large\" alt=\"\" srcset=\"https:\/\/swietyjerzy.elblag.pl\/wp-content\/uploads\/2023\/12\/kosciol-sw-jerzego-n-800x1024.jpg 800w, https:\/\/swietyjerzy.elblag.pl\/wp-content\/uploads\/2023\/12\/kosciol-sw-jerzego-n-234x300.jpg 234w, https:\/\/swietyjerzy.elblag.pl\/wp-content\/uploads\/2023\/12\/kosciol-sw-jerzego-n-768x984.jpg 768w, https:\/\/swietyjerzy.elblag.pl\/wp-content\/uploads\/2023\/12\/kosciol-sw-jerzego-n.jpg 926w\" sizes=\"(max-width: 800px) 100vw, 800px\" \/><\/a>\n\t\t\t<\/div><\/figure><figure class='gallery-item'>\n\t\t\t<div class='gallery-icon landscape'>\n\t\t\t\t<a data-elementor-open-lightbox=\"yes\" data-elementor-lightbox-slideshow=\"8c79c88\" data-elementor-lightbox-title=\"Zdj\u0119cie_2023-12-11_163847a\" data-e-action-hash=\"#elementor-action%3Aaction%3Dlightbox%26settings%3DeyJpZCI6MTM2NDYsInVybCI6Imh0dHBzOlwvXC9zd2lldHlqZXJ6eS5lbGJsYWcucGxcL3dwLWNvbnRlbnRcL3VwbG9hZHNcLzIwMjNcLzEyXC9aZGplY2llXzIwMjMtMTItMTFfMTYzODQ3YS1zY2FsZWQuanBnIiwic2xpZGVzaG93IjoiOGM3OWM4OCJ9\" href='https:\/\/swietyjerzy.elblag.pl\/wp-content\/uploads\/2023\/12\/Zdjecie_2023-12-11_163847a-scaled.jpg'><img loading=\"lazy\" decoding=\"async\" width=\"1024\" height=\"666\" src=\"https:\/\/swietyjerzy.elblag.pl\/wp-content\/uploads\/2023\/12\/Zdjecie_2023-12-11_163847a-1024x666.jpg\" class=\"attachment-large size-large\" alt=\"\" srcset=\"https:\/\/swietyjerzy.elblag.pl\/wp-content\/uploads\/2023\/12\/Zdjecie_2023-12-11_163847a-1024x666.jpg 1024w, https:\/\/swietyjerzy.elblag.pl\/wp-content\/uploads\/2023\/12\/Zdjecie_2023-12-11_163847a-300x195.jpg 300w, https:\/\/swietyjerzy.elblag.pl\/wp-content\/uploads\/2023\/12\/Zdjecie_2023-12-11_163847a-768x500.jpg 768w, https:\/\/swietyjerzy.elblag.pl\/wp-content\/uploads\/2023\/12\/Zdjecie_2023-12-11_163847a-1536x999.jpg 1536w, https:\/\/swietyjerzy.elblag.pl\/wp-content\/uploads\/2023\/12\/Zdjecie_2023-12-11_163847a-2048x1332.jpg 2048w\" sizes=\"(max-width: 1024px) 100vw, 1024px\" \/><\/a>\n\t\t\t<\/div><\/figure><figure class='gallery-item'>\n\t\t\t<div class='gallery-icon landscape'>\n\t\t\t\t<a data-elementor-open-lightbox=\"yes\" data-elementor-lightbox-slideshow=\"8c79c88\" data-elementor-lightbox-title=\"DSC_0008\" data-e-action-hash=\"#elementor-action%3Aaction%3Dlightbox%26settings%3DeyJpZCI6MTM0MDUsInVybCI6Imh0dHBzOlwvXC9zd2lldHlqZXJ6eS5lbGJsYWcucGxcL3dwLWNvbnRlbnRcL3VwbG9hZHNcLzIwMjNcLzEyXC9EU0NfMDAwOC1zY2FsZWQuanBnIiwic2xpZGVzaG93IjoiOGM3OWM4OCJ9\" href='https:\/\/swietyjerzy.elblag.pl\/wp-content\/uploads\/2023\/12\/DSC_0008-scaled.jpg'><img loading=\"lazy\" decoding=\"async\" width=\"1024\" height=\"683\" src=\"https:\/\/swietyjerzy.elblag.pl\/wp-content\/uploads\/2023\/12\/DSC_0008-1024x683.jpg\" class=\"attachment-large size-large\" alt=\"\" srcset=\"https:\/\/swietyjerzy.elblag.pl\/wp-content\/uploads\/2023\/12\/DSC_0008-1024x683.jpg 1024w, https:\/\/swietyjerzy.elblag.pl\/wp-content\/uploads\/2023\/12\/DSC_0008-300x200.jpg 300w, https:\/\/swietyjerzy.elblag.pl\/wp-content\/uploads\/2023\/12\/DSC_0008-768x512.jpg 768w, https:\/\/swietyjerzy.elblag.pl\/wp-content\/uploads\/2023\/12\/DSC_0008-1536x1024.jpg 1536w, https:\/\/swietyjerzy.elblag.pl\/wp-content\/uploads\/2023\/12\/DSC_0008-2048x1365.jpg 2048w\" sizes=\"(max-width: 1024px) 100vw, 1024px\" \/><\/a>\n\t\t\t<\/div><\/figure>\n\t\t<\/div>\n\t\t<\/div>\n\t\t\t\t<\/div>\n\t\t\t\t<\/div>\n\t\t\t\t\t<\/div>\n\t\t\t\t<\/div>\n\t\t\t\t\t<\/div>\n\t\t<\/div>\n\t\t\t\t\t\t\t<\/div>\n\t\t<\/section>\n\t\t\t\t\t<\/div>\n\t\t<\/div>\n\t\t\t\t\t\t\t<\/div>\n\t\t<\/div>\n\t\t\t\t<div class=\"elementor-section elementor-top-section elementor-element elementor-element-0a5e2ed blog elementor-section-stretched elementor-section-boxed elementor-section-height-default elementor-section-height-default\" data-id=\"0a5e2ed\" data-element_type=\"section\" data-settings=\"{&quot;stretch_section&quot;:&quot;section-stretched&quot;,&quot;background_background&quot;:&quot;classic&quot;}\">\n\t\t\t\t\t\t<div class=\"elementor-container elementor-column-gap-default\">\n\t\t\t\t\t<div class=\"elementor-column elementor-col-100 elementor-top-column elementor-element elementor-element-a40603b\" data-id=\"a40603b\" data-element_type=\"column\">\n\t\t\t<div class=\"elementor-widget-wrap elementor-element-populated\">\n\t\t\t\t\t\t\t\t<div class=\"elementor-element elementor-element-afe0d4e elementor-widget elementor-widget-heading\" data-id=\"afe0d4e\" data-element_type=\"widget\" data-widget_type=\"heading.default\">\n\t\t\t\t<div class=\"elementor-widget-container\">\n\t\t\t<span class=\"elementor-heading-title elementor-size-default\">Dzieje si\u0119 w parafii!<\/span>\t\t<\/div>\n\t\t\t\t<\/div>\n\t\t\t\t<div class=\"elementor-element elementor-element-9a92667 elementor-widget elementor-widget-heading\" data-id=\"9a92667\" data-element_type=\"widget\" data-widget_type=\"heading.default\">\n\t\t\t\t<div class=\"elementor-widget-container\">\n\t\t\t<h2 class=\"elementor-heading-title elementor-size-default\">aktualno\u015bci<\/h2>\t\t<\/div>\n\t\t\t\t<\/div>\n\t\t\t\t<section class=\"elementor-section elementor-inner-section elementor-element elementor-element-7021957 elementor-section-boxed elementor-section-height-default elementor-section-height-default\" data-id=\"7021957\" data-element_type=\"section\">\n\t\t\t\t\t\t<div class=\"elementor-container elementor-column-gap-default\">\n\t\t\t\t\t<div class=\"elementor-column elementor-col-100 elementor-inner-column elementor-element elementor-element-f79f2d5\" data-id=\"f79f2d5\" data-element_type=\"column\">\n\t\t\t<div class=\"elementor-widget-wrap elementor-element-populated\">\n\t\t\t\t\t\t\t\t<div class=\"elementor-element elementor-element-2cde9ad elementor-widget elementor-widget-shortcode\" data-id=\"2cde9ad\" data-element_type=\"widget\" data-widget_type=\"shortcode.default\">\n\t\t\t\t<div class=\"elementor-widget-container\">\n\t\t\t\t\t<div class=\"elementor-shortcode\"><div id=\"blog-posts-products\" class=\"blog-posts-content posts-content\"><div id=\"3_blog_carousel\" class=\"slider blog-carousel\"><div class=\"item container  first blog\"><div class=\"container-inner loop-entry type-post\"><a href=\"https:\/\/swietyjerzy.elblag.pl\/index.php\/2026\/04\/26\/z-portugalski-jezykiem\/\" class=\"post-thumbnail\"><div class=\"post-thumbnail-inner\"><img loading=\"lazy\" decoding=\"async\" src=\"https:\/\/swietyjerzy.elblag.pl\/wp-content\/uploads\/2026\/04\/IMG_4894-scaled.jpg\" title=\"Z PORTUGALSKI J\u0118ZYKIEM\" alt=\"Z PORTUGALSKI J\u0118ZYKIEM\" height=\"300\" width=\"440\"\/><\/div><\/a><div class=\"entry-content-wrap\"><header class=\"entry-header\"><div class=\"entry-meta entry-meta-divider-customicon\"><span class=\"posted-on\">April 26  2026<\/span><h4 class=\"entry-title\"><a href=\"https:\/\/swietyjerzy.elblag.pl\/index.php\/2026\/04\/26\/z-portugalski-jezykiem\/\" title=\"Z PORTUGALSKI J\u0118ZYKIEM\">Z PORTUGALSKI J\u0118ZYKIEM<\/a><\/h4><\/div><div class=\"post-description\">\nCi\u0105g dalszy. Tyle, \u017ce w wydaniu brazylijskim. Dzisiaj jeden z chrzt\u00f3w by\u0142 efektem<\/div><\/header><footer class=\"entry-footer\"><div class=\"entry-actions\"><p class=\"more-link-wrap\"><a class=\"post-more-link\" href=\"https:\/\/swietyjerzy.elblag.pl\/index.php\/2026\/04\/26\/z-portugalski-jezykiem\/\">Czytaj dalej<\/a><\/p><\/div><\/footer><\/div><\/div><\/div><div class=\"item container  blog\"><div class=\"container-inner loop-entry type-post\"><a href=\"https:\/\/swietyjerzy.elblag.pl\/index.php\/2026\/04\/25\/slub-polsko-portugalski\/\" class=\"post-thumbnail\"><div class=\"post-thumbnail-inner\"><img loading=\"lazy\" decoding=\"async\" src=\"https:\/\/swietyjerzy.elblag.pl\/wp-content\/uploads\/2026\/04\/IMG_4889-scaled.jpg\" title=\"\u015aLUB POLSKO-PORTUGALSKI\" alt=\"\u015aLUB POLSKO-PORTUGALSKI\" height=\"300\" width=\"440\"\/><\/div><\/a><div class=\"entry-content-wrap\"><header class=\"entry-header\"><div class=\"entry-meta entry-meta-divider-customicon\"><span class=\"posted-on\">April 25  2026<\/span><h4 class=\"entry-title\"><a href=\"https:\/\/swietyjerzy.elblag.pl\/index.php\/2026\/04\/25\/slub-polsko-portugalski\/\" title=\"\u015aLUB POLSKO-PORTUGALSKI\">\u015aLUB POLSKO-PORTUGALSKI<\/a><\/h4><\/div><div class=\"post-description\">\nI jeszcze troch\u0119 szkocki (bo tam si\u0119 poznali) i irlandzki (bo tam pracuj\u0105 i \u017cyj\u0105).<\/div><\/header><footer class=\"entry-footer\"><div class=\"entry-actions\"><p class=\"more-link-wrap\"><a class=\"post-more-link\" href=\"https:\/\/swietyjerzy.elblag.pl\/index.php\/2026\/04\/25\/slub-polsko-portugalski\/\">Czytaj dalej<\/a><\/p><\/div><\/footer><\/div><\/div><\/div><div class=\"item container  last blog\"><div class=\"container-inner loop-entry type-post\"><a href=\"https:\/\/swietyjerzy.elblag.pl\/index.php\/2026\/04\/24\/zapomniany-odpust\/\" class=\"post-thumbnail\"><div class=\"post-thumbnail-inner\"><img loading=\"lazy\" decoding=\"async\" src=\"https:\/\/swietyjerzy.elblag.pl\/wp-content\/uploads\/2026\/04\/IMG_4885-scaled.jpg\" title=\"ZAPOMNIANY ODPUST\" alt=\"ZAPOMNIANY ODPUST\" height=\"300\" width=\"440\"\/><\/div><\/a><div class=\"entry-content-wrap\"><header class=\"entry-header\"><div class=\"entry-meta entry-meta-divider-customicon\"><span class=\"posted-on\">April 24  2026<\/span><h4 class=\"entry-title\"><a href=\"https:\/\/swietyjerzy.elblag.pl\/index.php\/2026\/04\/24\/zapomniany-odpust\/\" title=\"ZAPOMNIANY ODPUST\">ZAPOMNIANY ODPUST<\/a><\/h4><\/div><div class=\"post-description\">\nW Elbl\u0105gu, a\u017c do pocz\u0105tku lat 70-tych XX wieku nie by\u0142o parafii \u015bw. Jerzego. By\u0142y za to<\/div><\/header><footer class=\"entry-footer\"><div class=\"entry-actions\"><p class=\"more-link-wrap\"><a class=\"post-more-link\" href=\"https:\/\/swietyjerzy.elblag.pl\/index.php\/2026\/04\/24\/zapomniany-odpust\/\">Czytaj dalej<\/a><\/p><\/div><\/footer><\/div><\/div><\/div><div class=\"item container  first blog\"><div class=\"container-inner loop-entry type-post\"><a href=\"https:\/\/swietyjerzy.elblag.pl\/index.php\/2026\/04\/23\/nasze-lawki\/\" class=\"post-thumbnail\"><div class=\"post-thumbnail-inner\"><img loading=\"lazy\" decoding=\"async\" src=\"https:\/\/swietyjerzy.elblag.pl\/wp-content\/uploads\/2026\/04\/PHOTO-2026-04-15-06-23-29.jpg\" title=\"NASZE \u0141AWKI\" alt=\"NASZE \u0141AWKI\" height=\"300\" width=\"440\"\/><\/div><\/a><div class=\"entry-content-wrap\"><header class=\"entry-header\"><div class=\"entry-meta entry-meta-divider-customicon\"><span class=\"posted-on\">April 23  2026<\/span><h4 class=\"entry-title\"><a href=\"https:\/\/swietyjerzy.elblag.pl\/index.php\/2026\/04\/23\/nasze-lawki\/\" title=\"NASZE \u0141AWKI\">NASZE \u0141AWKI<\/a><\/h4><\/div><div class=\"post-description\">\nSprawdzaj\u0105 si\u0119 bardzo dobrze w parafii \u015bw. Mateusza w Olsztynie. Maj\u0105 drugie \u017cycie i<\/div><\/header><footer class=\"entry-footer\"><div class=\"entry-actions\"><p class=\"more-link-wrap\"><a class=\"post-more-link\" href=\"https:\/\/swietyjerzy.elblag.pl\/index.php\/2026\/04\/23\/nasze-lawki\/\">Czytaj dalej<\/a><\/p><\/div><\/footer><\/div><\/div><\/div><div class=\"item container  blog\"><div class=\"container-inner loop-entry type-post\"><a href=\"https:\/\/swietyjerzy.elblag.pl\/index.php\/2026\/04\/21\/oltarz-sw-huberta\/\" class=\"post-thumbnail\"><div class=\"post-thumbnail-inner\"><img loading=\"lazy\" decoding=\"async\" src=\"https:\/\/swietyjerzy.elblag.pl\/wp-content\/uploads\/2026\/04\/IMG_4871-scaled.jpg\" title=\"O\u0141TARZ \u015aW. HUBERTA\" alt=\"O\u0141TARZ \u015aW. HUBERTA\" height=\"300\" width=\"440\"\/><\/div><\/a><div class=\"entry-content-wrap\"><header class=\"entry-header\"><div class=\"entry-meta entry-meta-divider-customicon\"><span class=\"posted-on\">April 21  2026<\/span><h4 class=\"entry-title\"><a href=\"https:\/\/swietyjerzy.elblag.pl\/index.php\/2026\/04\/21\/oltarz-sw-huberta\/\" title=\"O\u0141TARZ \u015aW. HUBERTA\">O\u0141TARZ \u015aW. HUBERTA<\/a><\/h4><\/div><div class=\"post-description\">\nPrzeniesiony. Zgodnie z normami ko\u015bcielnymi i wzajemn\u0105 zgod\u0105. Do ko\u015bcio\u0142a w Kwietniewie.<\/div><\/header><footer class=\"entry-footer\"><div class=\"entry-actions\"><p class=\"more-link-wrap\"><a class=\"post-more-link\" href=\"https:\/\/swietyjerzy.elblag.pl\/index.php\/2026\/04\/21\/oltarz-sw-huberta\/\">Czytaj dalej<\/a><\/p><\/div><\/footer><\/div><\/div><\/div><div class=\"item container  last blog\"><div class=\"container-inner loop-entry type-post\"><a href=\"https:\/\/swietyjerzy.elblag.pl\/index.php\/2026\/04\/18\/sluby\/\" class=\"post-thumbnail\"><div class=\"post-thumbnail-inner\"><img loading=\"lazy\" decoding=\"async\" src=\"https:\/\/swietyjerzy.elblag.pl\/wp-content\/uploads\/2026\/04\/IMG_4860-scaled.jpg\" title=\"\u015aLUBY\" alt=\"\u015aLUBY\" height=\"300\" width=\"440\"\/><\/div><\/a><div class=\"entry-content-wrap\"><header class=\"entry-header\"><div class=\"entry-meta entry-meta-divider-customicon\"><span class=\"posted-on\">April 18  2026<\/span><h4 class=\"entry-title\"><a href=\"https:\/\/swietyjerzy.elblag.pl\/index.php\/2026\/04\/18\/sluby\/\" title=\"\u015aLUBY\">\u015aLUBY<\/a><\/h4><\/div><div class=\"post-description\">\nJest ich coraz mniej. Tak\u017ce tych cywilnych. Tym bardziej cieszy pierwszy w tym roku \u015blub w<\/div><\/header><footer class=\"entry-footer\"><div class=\"entry-actions\"><p class=\"more-link-wrap\"><a class=\"post-more-link\" href=\"https:\/\/swietyjerzy.elblag.pl\/index.php\/2026\/04\/18\/sluby\/\">Czytaj dalej<\/a><\/p><\/div><\/footer><\/div><\/div><\/div><div class=\"item container  first blog\"><div class=\"container-inner loop-entry type-post\"><a href=\"https:\/\/swietyjerzy.elblag.pl\/index.php\/2026\/04\/16\/rozpoczete\/\" class=\"post-thumbnail\"><div class=\"post-thumbnail-inner\"><img loading=\"lazy\" decoding=\"async\" src=\"https:\/\/swietyjerzy.elblag.pl\/wp-content\/uploads\/2026\/04\/IMG_4857-scaled.jpg\" title=\"ROZPOCZ\u0118TE\" alt=\"ROZPOCZ\u0118TE\" height=\"300\" width=\"440\"\/><\/div><\/a><div class=\"entry-content-wrap\"><header class=\"entry-header\"><div class=\"entry-meta entry-meta-divider-customicon\"><span class=\"posted-on\">April 16  2026<\/span><h4 class=\"entry-title\"><a href=\"https:\/\/swietyjerzy.elblag.pl\/index.php\/2026\/04\/16\/rozpoczete\/\" title=\"ROZPOCZ\u0118TE\">ROZPOCZ\u0118TE<\/a><\/h4><\/div><div class=\"post-description\">\nPr\u00f3by do I Komunii \u015awi\u0119tej. Dotycz\u0105 ponad 100 dzieci. Jedna komunia b\u0119dzie w<\/div><\/header><footer class=\"entry-footer\"><div class=\"entry-actions\"><p class=\"more-link-wrap\"><a class=\"post-more-link\" href=\"https:\/\/swietyjerzy.elblag.pl\/index.php\/2026\/04\/16\/rozpoczete\/\">Czytaj dalej<\/a><\/p><\/div><\/footer><\/div><\/div><\/div><\/div><\/div><\/div>\n\t\t\t\t<\/div>\n\t\t\t\t<\/div>\n\t\t\t\t\t<\/div>\n\t\t<\/div>\n\t\t\t\t\t\t\t<\/div>\n\t\t<\/section>\n\t\t\t\t\t<\/div>\n\t\t<\/div>\n\t\t\t\t\t\t\t<\/div>\n\t\t<\/div>\n\t\t\t\t<div class=\"elementor-section elementor-top-section elementor-element elementor-element-3e6406e elementor-section-full_width elementor-section-stretched elementor-section-height-default elementor-section-height-default\" data-id=\"3e6406e\" data-element_type=\"section\" data-settings=\"{&quot;background_background&quot;:&quot;classic&quot;,&quot;stretch_section&quot;:&quot;section-stretched&quot;}\">\n\t\t\t\t\t\t<div class=\"elementor-container elementor-column-gap-default\">\n\t\t\t\t\t<div class=\"elementor-column elementor-col-100 elementor-top-column elementor-element elementor-element-fc729f7\" data-id=\"fc729f7\" data-element_type=\"column\" data-settings=\"{&quot;background_background&quot;:&quot;classic&quot;}\">\n\t\t\t<div class=\"elementor-widget-wrap elementor-element-populated\">\n\t\t\t\t\t\t\t\t<section class=\"elementor-section elementor-inner-section elementor-element elementor-element-271cfbe elementor-section-boxed elementor-section-height-default elementor-section-height-default\" data-id=\"271cfbe\" data-element_type=\"section\">\n\t\t\t\t\t\t<div class=\"elementor-container elementor-column-gap-default\">\n\t\t\t\t\t<div class=\"elementor-column elementor-col-100 elementor-inner-column elementor-element elementor-element-14f42dc\" data-id=\"14f42dc\" data-element_type=\"column\">\n\t\t\t<div class=\"elementor-widget-wrap elementor-element-populated\">\n\t\t\t\t\t\t\t\t<div class=\"elementor-section elementor-inner-section elementor-element elementor-element-b8c86e5 elementor-section-content-middle elementor-section-boxed elementor-section-height-default elementor-section-height-default\" data-id=\"b8c86e5\" data-element_type=\"section\" data-settings=\"{&quot;background_background&quot;:&quot;classic&quot;}\">\n\t\t\t\t\t\t<div class=\"elementor-container elementor-column-gap-narrow\">\n\t\t\t\t\t<div class=\"elementor-column elementor-col-100 elementor-inner-column elementor-element elementor-element-765acda testimonial-carousel\" data-id=\"765acda\" data-element_type=\"column\" data-settings=\"{&quot;background_background&quot;:&quot;classic&quot;}\">\n\t\t\t<div class=\"elementor-widget-wrap elementor-element-populated\">\n\t\t\t\t\t\t\t\t<div class=\"elementor-element elementor-element-60dcc72 elementor-widget elementor-widget-testimonial\" data-id=\"60dcc72\" data-element_type=\"widget\" data-widget_type=\"testimonial.default\">\n\t\t\t\t<div class=\"elementor-widget-container\">\n\t\t\t<style>\/*! elementor - v3.18.0 - 08-12-2023 *\/\n.elementor-testimonial-wrapper{overflow:hidden;text-align:center}.elementor-testimonial-wrapper .elementor-testimonial-content{font-size:1.3em;margin-bottom:20px}.elementor-testimonial-wrapper .elementor-testimonial-name{line-height:1.5;display:block}.elementor-testimonial-wrapper .elementor-testimonial-job{font-size:.85em;display:block}.elementor-testimonial-wrapper .elementor-testimonial-meta{width:100%;line-height:1}.elementor-testimonial-wrapper .elementor-testimonial-meta-inner{display:inline-block}.elementor-testimonial-wrapper .elementor-testimonial-meta .elementor-testimonial-details,.elementor-testimonial-wrapper .elementor-testimonial-meta .elementor-testimonial-image{display:table-cell;vertical-align:middle}.elementor-testimonial-wrapper .elementor-testimonial-meta .elementor-testimonial-image img{width:60px;height:60px;border-radius:50%;-o-object-fit:cover;object-fit:cover;max-width:none}.elementor-testimonial-wrapper .elementor-testimonial-meta.elementor-testimonial-image-position-aside .elementor-testimonial-image{padding-right:15px}.elementor-testimonial-wrapper .elementor-testimonial-meta.elementor-testimonial-image-position-aside .elementor-testimonial-details{text-align:left}.elementor-testimonial-wrapper .elementor-testimonial-meta.elementor-testimonial-image-position-top .elementor-testimonial-details,.elementor-testimonial-wrapper .elementor-testimonial-meta.elementor-testimonial-image-position-top .elementor-testimonial-image{display:block}.elementor-testimonial-wrapper .elementor-testimonial-meta.elementor-testimonial-image-position-top .elementor-testimonial-image{margin-bottom:20px}<\/style>\t\t<div class=\"elementor-testimonial-wrapper\">\n\t\t\t\t\t\t\t<div class=\"elementor-testimonial-content\">Obiecuj\u0119, \u017ce dusza, kt\u00f3ra czci\u0107 b\u0119dzie ten obraz, nie zginie. <br> Obiecuj\u0119 tak\u017ce, ju\u017c tu na ziemi zwyci\u0119stwo nad nieprzyjaci\u00f3\u0142mi, a szczeg\u00f3lnie w godzin\u0119 \u015bmierci. Ja Sam broni\u0107 j\u0105 b\u0119d\u0119 jako Swej chwa\u0142y.<\/div>\n\t\t\t\n\t\t\t\t\t\t<div class=\"elementor-testimonial-meta elementor-has-image elementor-testimonial-image-position-aside\">\n\t\t\t\t<div class=\"elementor-testimonial-meta-inner\">\n\t\t\t\t\t\t\t\t\t\t\t<div class=\"elementor-testimonial-image\">\n\t\t\t\t\t\t\t<img loading=\"lazy\" decoding=\"async\" width=\"749\" height=\"749\" src=\"https:\/\/swietyjerzy.elblag.pl\/wp-content\/uploads\/2023\/12\/faustyna-e1701461436592.jpg\" class=\"attachment-full size-full wp-image-13544\" alt=\"\" srcset=\"https:\/\/swietyjerzy.elblag.pl\/wp-content\/uploads\/2023\/12\/faustyna-e1701461436592.jpg 749w, https:\/\/swietyjerzy.elblag.pl\/wp-content\/uploads\/2023\/12\/faustyna-e1701461436592-300x300.jpg 300w, https:\/\/swietyjerzy.elblag.pl\/wp-content\/uploads\/2023\/12\/faustyna-e1701461436592-150x150.jpg 150w\" sizes=\"(max-width: 749px) 100vw, 749px\" \/>\t\t\t\t\t\t<\/div>\n\t\t\t\t\t\n\t\t\t\t\t\t\t\t\t\t<div class=\"elementor-testimonial-details\">\n\t\t\t\t\t\t\t\t\t\t\t\t\t\t<div class=\"elementor-testimonial-name\">\u015bw. Faustyna Kowalska<\/div>\n\t\t\t\t\t\t\t\t\t\t\t\t\t\t\t\t\t\t\t\t\t\t<div class=\"elementor-testimonial-job\">Dzienniczek nr 48<\/div>\n\t\t\t\t\t\t\t\t\t\t\t\t\t<\/div>\n\t\t\t\t\t\t\t\t\t<\/div>\n\t\t\t<\/div>\n\t\t\t\t\t<\/div>\n\t\t\t\t<\/div>\n\t\t\t\t<\/div>\n\t\t\t\t<div class=\"elementor-element elementor-element-dfbdfb8 elementor-widget elementor-widget-testimonial\" data-id=\"dfbdfb8\" data-element_type=\"widget\" data-widget_type=\"testimonial.default\">\n\t\t\t\t<div class=\"elementor-widget-container\">\n\t\t\t\t\t<div class=\"elementor-testimonial-wrapper\">\n\t\t\t\t\t\t\t<div class=\"elementor-testimonial-content\">Nic tak nie jest potrzebne cz\u0142owiekowi jak Mi\u0142osierdzie Bo\u017ce - owa mi\u0142o\u015b\u0107 \u0142askawa, wsp\u00f3\u0142czuj\u0105ca, wynosz\u0105ca cz\u0142owieka ponad jego s\u0142abo\u015b\u0107 ku niesko\u0144czonym wy\u017cynom \u015awi\u0119to\u015bci Boga<\/div>\n\t\t\t\n\t\t\t\t\t\t<div class=\"elementor-testimonial-meta elementor-has-image elementor-testimonial-image-position-aside\">\n\t\t\t\t<div class=\"elementor-testimonial-meta-inner\">\n\t\t\t\t\t\t\t\t\t\t\t<div class=\"elementor-testimonial-image\">\n\t\t\t\t\t\t\t<img loading=\"lazy\" decoding=\"async\" width=\"498\" height=\"498\" src=\"https:\/\/swietyjerzy.elblag.pl\/wp-content\/uploads\/2023\/12\/jan-pawel-e1701461961439.jpg\" class=\"attachment-full size-full wp-image-13550\" alt=\"\" srcset=\"https:\/\/swietyjerzy.elblag.pl\/wp-content\/uploads\/2023\/12\/jan-pawel-e1701461961439.jpg 498w, https:\/\/swietyjerzy.elblag.pl\/wp-content\/uploads\/2023\/12\/jan-pawel-e1701461961439-300x300.jpg 300w, https:\/\/swietyjerzy.elblag.pl\/wp-content\/uploads\/2023\/12\/jan-pawel-e1701461961439-150x150.jpg 150w\" sizes=\"(max-width: 498px) 100vw, 498px\" \/>\t\t\t\t\t\t<\/div>\n\t\t\t\t\t\n\t\t\t\t\t\t\t\t\t\t<div class=\"elementor-testimonial-details\">\n\t\t\t\t\t\t\t\t\t\t\t\t\t\t<div class=\"elementor-testimonial-name\">\u015bw. Jan Pawe\u0142 II<\/div>\n\t\t\t\t\t\t\t\t\t\t\t\t\t\t\t\t\t\t\t\t\t\t<div class=\"elementor-testimonial-job\">Przem\u00f3wienie w Krakowie 7.06.1997 r.<\/div>\n\t\t\t\t\t\t\t\t\t\t\t\t\t<\/div>\n\t\t\t\t\t\t\t\t\t<\/div>\n\t\t\t<\/div>\n\t\t\t\t\t<\/div>\n\t\t\t\t<\/div>\n\t\t\t\t<\/div>\n\t\t\t\t<div class=\"elementor-element elementor-element-ac5d1ba elementor-widget elementor-widget-testimonial\" data-id=\"ac5d1ba\" data-element_type=\"widget\" data-widget_type=\"testimonial.default\">\n\t\t\t\t<div class=\"elementor-widget-container\">\n\t\t\t\t\t<div class=\"elementor-testimonial-wrapper\">\n\t\t\t\t\t\t\t<div class=\"elementor-testimonial-content\">Tymczasem ten Ojciec obra\u017cony nie wymierza nam kary zas\u0142u\u017conej za grzechy, ale oszcz\u0119dza nas, zachowuje i ochrania, nieraz przez d\u0142ugie lata wyczekuj\u0105c naszego nawr\u00f3cenia. Czemu\u017c B\u00f3g od razu nie m\u015bci swej krzywdy ojcowskiej i kr\u00f3lewskiej? Mi\u0142osierdzie Go kr\u0119puje. Ono jest tym pot\u0119\u017cnym adwokatem i zas\u0142ania nas przed sprawiedliwo\u015bci\u0105, kt\u00f3ra domaga si\u0119 s\u0142usznej kary. Ona wo\u0142a: \"Ja nie pragn\u0119 \u015bmierci wyst\u0119pnego, ale jedynie tego, aby wyst\u0119pny zawr\u00f3ci\u0142 ze swej drogi i \u017cy\u0142\" (Ez 33,11).<\/div>\n\t\t\t\n\t\t\t\t\t\t<div class=\"elementor-testimonial-meta elementor-has-image elementor-testimonial-image-position-aside\">\n\t\t\t\t<div class=\"elementor-testimonial-meta-inner\">\n\t\t\t\t\t\t\t\t\t\t\t<div class=\"elementor-testimonial-image\">\n\t\t\t\t\t\t\t<img loading=\"lazy\" decoding=\"async\" width=\"498\" height=\"498\" src=\"https:\/\/swietyjerzy.elblag.pl\/wp-content\/uploads\/2023\/12\/michal-sopocko-e1701462437951.jpg\" class=\"attachment-full size-full wp-image-13551\" alt=\"\" srcset=\"https:\/\/swietyjerzy.elblag.pl\/wp-content\/uploads\/2023\/12\/michal-sopocko-e1701462437951.jpg 498w, https:\/\/swietyjerzy.elblag.pl\/wp-content\/uploads\/2023\/12\/michal-sopocko-e1701462437951-300x300.jpg 300w, https:\/\/swietyjerzy.elblag.pl\/wp-content\/uploads\/2023\/12\/michal-sopocko-e1701462437951-150x150.jpg 150w\" sizes=\"(max-width: 498px) 100vw, 498px\" \/>\t\t\t\t\t\t<\/div>\n\t\t\t\t\t\n\t\t\t\t\t\t\t\t\t\t<div class=\"elementor-testimonial-details\">\n\t\t\t\t\t\t\t\t\t\t\t\t\t\t<div class=\"elementor-testimonial-name\">b\u0142. Micha\u0142 Sopo\u0107ko<\/div>\n\t\t\t\t\t\t\t\t\t\t\t\t\t\t\t\t\t\t\t\t\t\t<div class=\"elementor-testimonial-job\">Rozwa\u017cania o Mi\u0142osierdziu Bo\u017cym<\/div>\n\t\t\t\t\t\t\t\t\t\t\t\t\t<\/div>\n\t\t\t\t\t\t\t\t\t<\/div>\n\t\t\t<\/div>\n\t\t\t\t\t<\/div>\n\t\t\t\t<\/div>\n\t\t\t\t<\/div>\n\t\t\t\t\t<\/div>\n\t\t<\/div>\n\t\t\t\t\t\t\t<\/div>\n\t\t<\/div>\n\t\t\t\t\t<\/div>\n\t\t<\/div>\n\t\t\t\t\t\t\t<\/div>\n\t\t<\/section>\n\t\t\t\t\t<\/div>\n\t\t<\/div>\n\t\t\t\t\t\t\t<\/div>\n\t\t<\/div>\n\t\t\t\t<div class=\"elementor-section elementor-top-section elementor-element elementor-element-0ce18a7 blog elementor-section-stretched elementor-section-boxed elementor-section-height-default elementor-section-height-default\" data-id=\"0ce18a7\" data-element_type=\"section\" data-settings=\"{&quot;stretch_section&quot;:&quot;section-stretched&quot;,&quot;background_background&quot;:&quot;classic&quot;}\">\n\t\t\t\t\t\t<div class=\"elementor-container elementor-column-gap-default\">\n\t\t\t\t\t<div class=\"elementor-column elementor-col-100 elementor-top-column elementor-element elementor-element-8a6b62e\" data-id=\"8a6b62e\" data-element_type=\"column\">\n\t\t\t<div class=\"elementor-widget-wrap elementor-element-populated\">\n\t\t\t\t\t\t\t\t<div class=\"elementor-element elementor-element-3a797f7 elementor-widget elementor-widget-heading\" data-id=\"3a797f7\" data-element_type=\"widget\" data-widget_type=\"heading.default\">\n\t\t\t\t<div class=\"elementor-widget-container\">\n\t\t\t<span class=\"elementor-heading-title elementor-size-default\">\u017bycie naszej wsp\u00f3lnoty...<\/span>\t\t<\/div>\n\t\t\t\t<\/div>\n\t\t\t\t<div class=\"elementor-element elementor-element-73f6b18 elementor-widget elementor-widget-heading\" data-id=\"73f6b18\" data-element_type=\"widget\" data-widget_type=\"heading.default\">\n\t\t\t\t<div class=\"elementor-widget-container\">\n\t\t\t<h2 class=\"elementor-heading-title elementor-size-default\">galeria zdj\u0119\u0107<\/h2>\t\t<\/div>\n\t\t\t\t<\/div>\n\t\t\t\t<section class=\"elementor-section elementor-inner-section elementor-element elementor-element-a809d5c elementor-section-boxed elementor-section-height-default elementor-section-height-default\" data-id=\"a809d5c\" data-element_type=\"section\">\n\t\t\t\t\t\t<div class=\"elementor-container elementor-column-gap-default\">\n\t\t\t\t\t<div class=\"elementor-column elementor-col-100 elementor-inner-column elementor-element elementor-element-99959c8\" data-id=\"99959c8\" data-element_type=\"column\">\n\t\t\t<div class=\"elementor-widget-wrap elementor-element-populated\">\n\t\t\t\t\t\t\t\t<div class=\"elementor-element elementor-element-18be59a4 elementor-arrows-position-inside elementor-widget elementor-widget-image-carousel\" data-id=\"18be59a4\" data-element_type=\"widget\" data-settings=\"{&quot;slides_to_show&quot;:&quot;3&quot;,&quot;navigation&quot;:&quot;arrows&quot;,&quot;slides_to_scroll&quot;:&quot;3&quot;,&quot;image_spacing_custom&quot;:{&quot;unit&quot;:&quot;px&quot;,&quot;size&quot;:15,&quot;sizes&quot;:[]},&quot;autoplay&quot;:&quot;yes&quot;,&quot;pause_on_hover&quot;:&quot;yes&quot;,&quot;pause_on_interaction&quot;:&quot;yes&quot;,&quot;autoplay_speed&quot;:5000,&quot;infinite&quot;:&quot;yes&quot;,&quot;speed&quot;:500,&quot;image_spacing_custom_tablet&quot;:{&quot;unit&quot;:&quot;px&quot;,&quot;size&quot;:&quot;&quot;,&quot;sizes&quot;:[]},&quot;image_spacing_custom_mobile&quot;:{&quot;unit&quot;:&quot;px&quot;,&quot;size&quot;:&quot;&quot;,&quot;sizes&quot;:[]}}\" data-widget_type=\"image-carousel.default\">\n\t\t\t\t<div class=\"elementor-widget-container\">\n\t\t\t<style>\/*! elementor - v3.18.0 - 08-12-2023 *\/\n.elementor-widget-image-carousel .swiper,.elementor-widget-image-carousel .swiper-container{position:static}.elementor-widget-image-carousel .swiper-container .swiper-slide figure,.elementor-widget-image-carousel .swiper .swiper-slide figure{line-height:inherit}.elementor-widget-image-carousel .swiper-slide{text-align:center}.elementor-image-carousel-wrapper:not(.swiper-container-initialized):not(.swiper-initialized) .swiper-slide{max-width:calc(100% \/ var(--e-image-carousel-slides-to-show, 3))}<\/style>\t\t<div class=\"elementor-image-carousel-wrapper swiper\" dir=\"ltr\">\n\t\t\t<div class=\"elementor-image-carousel swiper-wrapper\" aria-live=\"off\">\n\t\t\t\t\t\t\t\t<div class=\"swiper-slide\" role=\"group\" aria-roledescription=\"slide\" aria-label=\"1 of 19\"><figure class=\"swiper-slide-inner\"><img decoding=\"async\" class=\"swiper-slide-image\" src=\"https:\/\/swietyjerzy.elblag.pl\/wp-content\/uploads\/2023\/12\/1-4.jpg\" alt=\"1\" \/><\/figure><\/div><div class=\"swiper-slide\" role=\"group\" aria-roledescription=\"slide\" aria-label=\"2 of 19\"><figure class=\"swiper-slide-inner\"><img decoding=\"async\" class=\"swiper-slide-image\" src=\"https:\/\/swietyjerzy.elblag.pl\/wp-content\/uploads\/2023\/12\/2-4.jpg\" alt=\"2\" \/><\/figure><\/div><div class=\"swiper-slide\" role=\"group\" aria-roledescription=\"slide\" aria-label=\"3 of 19\"><figure class=\"swiper-slide-inner\"><img decoding=\"async\" class=\"swiper-slide-image\" src=\"https:\/\/swietyjerzy.elblag.pl\/wp-content\/uploads\/2023\/12\/3-4.jpg\" alt=\"3\" \/><\/figure><\/div><div class=\"swiper-slide\" role=\"group\" aria-roledescription=\"slide\" aria-label=\"4 of 19\"><figure class=\"swiper-slide-inner\"><img decoding=\"async\" class=\"swiper-slide-image\" src=\"https:\/\/swietyjerzy.elblag.pl\/wp-content\/uploads\/2023\/12\/4-3.jpg\" alt=\"4\" \/><\/figure><\/div><div class=\"swiper-slide\" role=\"group\" aria-roledescription=\"slide\" aria-label=\"5 of 19\"><figure class=\"swiper-slide-inner\"><img decoding=\"async\" class=\"swiper-slide-image\" src=\"https:\/\/swietyjerzy.elblag.pl\/wp-content\/uploads\/2023\/12\/5-4.jpg\" alt=\"5\" \/><\/figure><\/div><div class=\"swiper-slide\" role=\"group\" aria-roledescription=\"slide\" aria-label=\"6 of 19\"><figure class=\"swiper-slide-inner\"><img decoding=\"async\" class=\"swiper-slide-image\" src=\"https:\/\/swietyjerzy.elblag.pl\/wp-content\/uploads\/2023\/12\/6-3.jpg\" alt=\"6\" \/><\/figure><\/div><div class=\"swiper-slide\" role=\"group\" aria-roledescription=\"slide\" aria-label=\"7 of 19\"><figure class=\"swiper-slide-inner\"><img decoding=\"async\" class=\"swiper-slide-image\" src=\"https:\/\/swietyjerzy.elblag.pl\/wp-content\/uploads\/2023\/12\/7-1.jpg\" alt=\"7\" \/><\/figure><\/div><div class=\"swiper-slide\" role=\"group\" aria-roledescription=\"slide\" aria-label=\"8 of 19\"><figure class=\"swiper-slide-inner\"><img decoding=\"async\" class=\"swiper-slide-image\" src=\"https:\/\/swietyjerzy.elblag.pl\/wp-content\/uploads\/2023\/12\/8-e1702483103876.jpg\" alt=\"8\" \/><\/figure><\/div><div class=\"swiper-slide\" role=\"group\" aria-roledescription=\"slide\" aria-label=\"9 of 19\"><figure class=\"swiper-slide-inner\"><img decoding=\"async\" class=\"swiper-slide-image\" src=\"https:\/\/swietyjerzy.elblag.pl\/wp-content\/uploads\/2023\/12\/9-1.jpg\" alt=\"9\" \/><\/figure><\/div><div class=\"swiper-slide\" role=\"group\" aria-roledescription=\"slide\" aria-label=\"10 of 19\"><figure class=\"swiper-slide-inner\"><img decoding=\"async\" class=\"swiper-slide-image\" src=\"https:\/\/swietyjerzy.elblag.pl\/wp-content\/uploads\/2023\/12\/10-e1702483129476.jpg\" alt=\"10\" \/><\/figure><\/div><div class=\"swiper-slide\" role=\"group\" aria-roledescription=\"slide\" aria-label=\"11 of 19\"><figure class=\"swiper-slide-inner\"><img decoding=\"async\" class=\"swiper-slide-image\" src=\"https:\/\/swietyjerzy.elblag.pl\/wp-content\/uploads\/2023\/12\/11.jpg\" alt=\"11\" \/><\/figure><\/div><div class=\"swiper-slide\" role=\"group\" aria-roledescription=\"slide\" aria-label=\"12 of 19\"><figure class=\"swiper-slide-inner\"><img decoding=\"async\" class=\"swiper-slide-image\" src=\"https:\/\/swietyjerzy.elblag.pl\/wp-content\/uploads\/2023\/12\/12.jpg\" alt=\"12\" \/><\/figure><\/div><div class=\"swiper-slide\" role=\"group\" aria-roledescription=\"slide\" aria-label=\"13 of 19\"><figure class=\"swiper-slide-inner\"><img decoding=\"async\" class=\"swiper-slide-image\" src=\"https:\/\/swietyjerzy.elblag.pl\/wp-content\/uploads\/2023\/12\/13.jpg\" alt=\"13\" \/><\/figure><\/div><div class=\"swiper-slide\" role=\"group\" aria-roledescription=\"slide\" aria-label=\"14 of 19\"><figure class=\"swiper-slide-inner\"><img decoding=\"async\" class=\"swiper-slide-image\" src=\"https:\/\/swietyjerzy.elblag.pl\/wp-content\/uploads\/2023\/12\/14.jpg\" alt=\"14\" \/><\/figure><\/div><div class=\"swiper-slide\" role=\"group\" aria-roledescription=\"slide\" aria-label=\"15 of 19\"><figure class=\"swiper-slide-inner\"><img decoding=\"async\" class=\"swiper-slide-image\" src=\"https:\/\/swietyjerzy.elblag.pl\/wp-content\/uploads\/2023\/12\/15-e1702483147221.jpg\" alt=\"15\" \/><\/figure><\/div><div class=\"swiper-slide\" role=\"group\" aria-roledescription=\"slide\" aria-label=\"16 of 19\"><figure class=\"swiper-slide-inner\"><img decoding=\"async\" class=\"swiper-slide-image\" src=\"https:\/\/swietyjerzy.elblag.pl\/wp-content\/uploads\/2023\/12\/16.jpg\" alt=\"16\" \/><\/figure><\/div><div class=\"swiper-slide\" role=\"group\" aria-roledescription=\"slide\" aria-label=\"17 of 19\"><figure class=\"swiper-slide-inner\"><img decoding=\"async\" class=\"swiper-slide-image\" src=\"https:\/\/swietyjerzy.elblag.pl\/wp-content\/uploads\/2023\/12\/17-1.jpg\" alt=\"17\" \/><\/figure><\/div><div class=\"swiper-slide\" role=\"group\" aria-roledescription=\"slide\" aria-label=\"18 of 19\"><figure class=\"swiper-slide-inner\"><img decoding=\"async\" class=\"swiper-slide-image\" src=\"https:\/\/swietyjerzy.elblag.pl\/wp-content\/uploads\/2023\/12\/18.jpg\" alt=\"18\" \/><\/figure><\/div><div class=\"swiper-slide\" role=\"group\" aria-roledescription=\"slide\" aria-label=\"19 of 19\"><figure class=\"swiper-slide-inner\"><img decoding=\"async\" class=\"swiper-slide-image\" src=\"https:\/\/swietyjerzy.elblag.pl\/wp-content\/uploads\/2023\/12\/19.jpg\" alt=\"19\" \/><\/figure><\/div>\t\t\t<\/div>\n\t\t\t\t\t\t\t\t\t\t\t\t<div class=\"elementor-swiper-button elementor-swiper-button-prev\" role=\"button\" tabindex=\"0\">\n\t\t\t\t\t\t<svg aria-hidden=\"true\" class=\"e-font-icon-svg e-eicon-chevron-left\" viewBox=\"0 0 1000 1000\" xmlns=\"http:\/\/www.w3.org\/2000\/svg\"><path d=\"M646 125C629 125 613 133 604 142L308 442C296 454 292 471 292 487 292 504 296 521 308 533L604 854C617 867 629 875 646 875 663 875 679 871 692 858 704 846 713 829 713 812 713 796 708 779 692 767L438 487 692 225C700 217 708 204 708 187 708 171 704 154 692 142 675 129 663 125 646 125Z\"><\/path><\/svg>\t\t\t\t\t<\/div>\n\t\t\t\t\t<div class=\"elementor-swiper-button elementor-swiper-button-next\" role=\"button\" tabindex=\"0\">\n\t\t\t\t\t\t<svg aria-hidden=\"true\" class=\"e-font-icon-svg e-eicon-chevron-right\" viewBox=\"0 0 1000 1000\" xmlns=\"http:\/\/www.w3.org\/2000\/svg\"><path d=\"M696 533C708 521 713 504 713 487 713 471 708 454 696 446L400 146C388 133 375 125 354 125 338 125 325 129 313 142 300 154 292 171 292 187 292 204 296 221 308 233L563 492 304 771C292 783 288 800 288 817 288 833 296 850 308 863 321 871 338 875 354 875 371 875 388 867 400 854L696 533Z\"><\/path><\/svg>\t\t\t\t\t<\/div>\n\t\t\t\t\n\t\t\t\t\t\t\t\t\t<\/div>\n\t\t\t\t<\/div>\n\t\t\t\t<\/div>\n\t\t\t\t\t<\/div>\n\t\t<\/div>\n\t\t\t\t\t\t\t<\/div>\n\t\t<\/section>\n\t\t\t\t\t<\/div>\n\t\t<\/div>\n\t\t\t\t\t\t\t<\/div>\n\t\t<\/div>\n\t\t\t\t\t\t\t<\/div>\n\t\t","protected":false},"excerpt":{"rendered":"<p>Co? i kiedy? S\u0141U\u017bBA BO\u017bA W PARAFII Msze \u015awi\u0119te i nabo\u017ce\u0144stwa KO\u015aCI\u00d3\u0141 MI\u0141OSIERDZIA BO\u017bEGONiedziela: 7.00, 8.30, 10.00,&#8230;<\/p>\n","protected":false},"author":1,"featured_media":0,"parent":0,"menu_order":0,"comment_status":"closed","ping_status":"closed","template":"","meta":{"_tbt_post_transparent":"","_tbt_post_title":"hide","_tbt_post_layout":"normal","_tbt_post_sidebar_id":"","_tbt_post_content_style":"unboxed","_tbt_post_vertical_padding":"hide","_tbt_post_feature":"","_tbt_post_feature_position":"","_tbt_post_header":false,"_tbt_post_footer":false},"class_list":["post-5","page","type-page","status-publish","hentry"],"_links":{"self":[{"href":"https:\/\/swietyjerzy.elblag.pl\/index.php\/wp-json\/wp\/v2\/pages\/5","targetHints":{"allow":["GET"]}}],"collection":[{"href":"https:\/\/swietyjerzy.elblag.pl\/index.php\/wp-json\/wp\/v2\/pages"}],"about":[{"href":"https:\/\/swietyjerzy.elblag.pl\/index.php\/wp-json\/wp\/v2\/types\/page"}],"author":[{"embeddable":true,"href":"https:\/\/swietyjerzy.elblag.pl\/index.php\/wp-json\/wp\/v2\/users\/1"}],"replies":[{"embeddable":true,"href":"https:\/\/swietyjerzy.elblag.pl\/index.php\/wp-json\/wp\/v2\/comments?post=5"}],"version-history":[{"count":208,"href":"https:\/\/swietyjerzy.elblag.pl\/index.php\/wp-json\/wp\/v2\/pages\/5\/revisions"}],"predecessor-version":[{"id":13895,"href":"https:\/\/swietyjerzy.elblag.pl\/index.php\/wp-json\/wp\/v2\/pages\/5\/revisions\/13895"}],"wp:attachment":[{"href":"https:\/\/swietyjerzy.elblag.pl\/index.php\/wp-json\/wp\/v2\/media?parent=5"}],"curies":[{"name":"wp","href":"https:\/\/api.w.org\/{rel}","templated":true}]}}