{"id":2242,"date":"2021-10-25T11:40:43","date_gmt":"2021-10-25T11:40:43","guid":{"rendered":"https:\/\/wp.themedemo.org\/WCM07\/WCM070151\/?page_id=2242"},"modified":"2024-11-09T08:43:20","modified_gmt":"2024-11-09T08:43:20","slug":"duszpasterze-pracownicy","status":"publish","type":"page","link":"https:\/\/swietyjerzy.elblag.pl\/index.php\/duszpasterze-pracownicy\/","title":{"rendered":"Duszpasterze i pracownicy"},"content":{"rendered":"\t\t<div data-elementor-type=\"wp-page\" data-elementor-id=\"2242\" class=\"elementor elementor-2242\">\n\t\t\t\t\t\t\t\t\t<div class=\"elementor-section elementor-top-section elementor-element elementor-element-d1c4fd0 elementor-section-full_width elementor-section-stretched elementor-section-height-default elementor-section-height-default\" data-id=\"d1c4fd0\" data-element_type=\"section\" data-settings=\"{&quot;stretch_section&quot;:&quot;section-stretched&quot;,&quot;background_background&quot;:&quot;classic&quot;}\">\n\t\t\t\t\t\t<div class=\"elementor-container elementor-column-gap-default\">\n\t\t\t\t\t<div class=\"elementor-column elementor-col-100 elementor-top-column elementor-element elementor-element-a6e831c\" data-id=\"a6e831c\" data-element_type=\"column\">\n\t\t\t<div class=\"elementor-widget-wrap elementor-element-populated\">\n\t\t\t\t\t\t\t\t<div class=\"elementor-element elementor-element-5a1f54b elementor-widget elementor-widget-heading\" data-id=\"5a1f54b\" data-element_type=\"widget\" data-widget_type=\"heading.default\">\n\t\t\t\t<div class=\"elementor-widget-container\">\n\t\t\t<style>\/*! elementor - v3.18.0 - 08-12-2023 *\/\n.elementor-heading-title{padding:0;margin:0;line-height:1}.elementor-widget-heading .elementor-heading-title[class*=elementor-size-]>a{color:inherit;font-size:inherit;line-height:inherit}.elementor-widget-heading .elementor-heading-title.elementor-size-small{font-size:15px}.elementor-widget-heading .elementor-heading-title.elementor-size-medium{font-size:19px}.elementor-widget-heading .elementor-heading-title.elementor-size-large{font-size:29px}.elementor-widget-heading .elementor-heading-title.elementor-size-xl{font-size:39px}.elementor-widget-heading .elementor-heading-title.elementor-size-xxl{font-size:59px}<\/style><span class=\"elementor-heading-title elementor-size-default\">Kto jest kim?<\/span>\t\t<\/div>\n\t\t\t\t<\/div>\n\t\t\t\t<div class=\"elementor-element elementor-element-de023e3 elementor-widget elementor-widget-heading\" data-id=\"de023e3\" data-element_type=\"widget\" data-widget_type=\"heading.default\">\n\t\t\t\t<div class=\"elementor-widget-container\">\n\t\t\t<h2 class=\"elementor-heading-title elementor-size-default\">Duszpasterze<\/h2>\t\t<\/div>\n\t\t\t\t<\/div>\n\t\t\t\t<section class=\"elementor-section elementor-inner-section elementor-element elementor-element-dcfd83a elementor-section-boxed elementor-section-height-default elementor-section-height-default\" data-id=\"dcfd83a\" data-element_type=\"section\">\n\t\t\t\t\t\t<div class=\"elementor-container elementor-column-gap-default\">\n\t\t\t\t\t<div class=\"elementor-column elementor-col-25 elementor-inner-column elementor-element elementor-element-1d3c506\" data-id=\"1d3c506\" data-element_type=\"column\">\n\t\t\t<div class=\"elementor-widget-wrap elementor-element-populated\">\n\t\t\t\t\t\t\t\t<div class=\"elementor-element elementor-element-9792b2c elementor-position-top elementor-widget elementor-widget-image-box\" data-id=\"9792b2c\" data-element_type=\"widget\" data-widget_type=\"image-box.default\">\n\t\t\t\t<div class=\"elementor-widget-container\">\n\t\t\t<style>\/*! elementor - v3.18.0 - 08-12-2023 *\/\n.elementor-widget-image-box .elementor-image-box-content{width:100%}@media (min-width:768px){.elementor-widget-image-box.elementor-position-left .elementor-image-box-wrapper,.elementor-widget-image-box.elementor-position-right .elementor-image-box-wrapper{display:flex}.elementor-widget-image-box.elementor-position-right .elementor-image-box-wrapper{text-align:right;flex-direction:row-reverse}.elementor-widget-image-box.elementor-position-left .elementor-image-box-wrapper{text-align:left;flex-direction:row}.elementor-widget-image-box.elementor-position-top .elementor-image-box-img{margin:auto}.elementor-widget-image-box.elementor-vertical-align-top .elementor-image-box-wrapper{align-items:flex-start}.elementor-widget-image-box.elementor-vertical-align-middle .elementor-image-box-wrapper{align-items:center}.elementor-widget-image-box.elementor-vertical-align-bottom .elementor-image-box-wrapper{align-items:flex-end}}@media (max-width:767px){.elementor-widget-image-box .elementor-image-box-img{margin-left:auto!important;margin-right:auto!important;margin-bottom:15px}}.elementor-widget-image-box .elementor-image-box-img{display:inline-block}.elementor-widget-image-box .elementor-image-box-title a{color:inherit}.elementor-widget-image-box .elementor-image-box-wrapper{text-align:center}.elementor-widget-image-box .elementor-image-box-description{margin:0}<\/style><div class=\"elementor-image-box-wrapper\"><figure class=\"elementor-image-box-img\"><img fetchpriority=\"high\" decoding=\"async\" width=\"320\" height=\"400\" src=\"https:\/\/swietyjerzy.elblag.pl\/wp-content\/uploads\/2023\/12\/Team-01-1.jpg\" class=\"attachment-full size-full wp-image-13920\" alt=\"\" srcset=\"https:\/\/swietyjerzy.elblag.pl\/wp-content\/uploads\/2023\/12\/Team-01-1.jpg 320w, https:\/\/swietyjerzy.elblag.pl\/wp-content\/uploads\/2023\/12\/Team-01-1-240x300.jpg 240w\" sizes=\"(max-width: 320px) 100vw, 320px\" \/><\/figure><div class=\"elementor-image-box-content\"><h4 class=\"elementor-image-box-title\">ks. Kan. dr Andrzej Kilanowski<\/h4><p class=\"elementor-image-box-description\">PROBOSZCZ\n<br> <br>\nOpiekun Wsp\u00f3lnoty Rycerstwa Niepokalanej. Dyrektor Wydzia\u0142u Duszpasterskiego Kurii Diecezjalnej Elbl\u0105skiej, profesor WSD Elbl\u0105g (teologia dogmatyczna). <br><br> <br> <br>\n<b>Kontakt: <\/b>andrzej.kilanowski@gmail.com  <br>tel.: 55 615-13-51\ntel. kom.: 606-759-696 (sprawy pilne)<\/p><\/div><\/div>\t\t<\/div>\n\t\t\t\t<\/div>\n\t\t\t\t\t<\/div>\n\t\t<\/div>\n\t\t\t\t<div class=\"elementor-column elementor-col-25 elementor-inner-column elementor-element elementor-element-692b47e\" data-id=\"692b47e\" data-element_type=\"column\">\n\t\t\t<div class=\"elementor-widget-wrap elementor-element-populated\">\n\t\t\t\t\t\t\t\t<div class=\"elementor-element elementor-element-c0a7f0e elementor-position-top elementor-widget elementor-widget-image-box\" data-id=\"c0a7f0e\" data-element_type=\"widget\" data-widget_type=\"image-box.default\">\n\t\t\t\t<div class=\"elementor-widget-container\">\n\t\t\t<div class=\"elementor-image-box-wrapper\"><figure class=\"elementor-image-box-img\"><img decoding=\"async\" width=\"320\" height=\"400\" src=\"https:\/\/swietyjerzy.elblag.pl\/wp-content\/uploads\/2023\/12\/Team-02-1.jpg\" class=\"attachment-full size-full wp-image-13916\" alt=\"\" srcset=\"https:\/\/swietyjerzy.elblag.pl\/wp-content\/uploads\/2023\/12\/Team-02-1.jpg 320w, https:\/\/swietyjerzy.elblag.pl\/wp-content\/uploads\/2023\/12\/Team-02-1-240x300.jpg 240w\" sizes=\"(max-width: 320px) 100vw, 320px\" \/><\/figure><div class=\"elementor-image-box-content\"><h4 class=\"elementor-image-box-title\">ks. mgr lic. Piotr Wolnikowski<\/h4><p class=\"elementor-image-box-description\">WIKARIUSZ <br> <br> Prefekt w Zespole Pa\u0144stwowych Szk\u00f3\u0142 Muzycznych; opiekun Wsp\u00f3lnoty \u017bywego R\u00f3\u017ca\u0144ca i prezbiter Drogi Neokatechumenalnej. Odpowiedzialny za przygotowanie do sakramentu bierzmowania m\u0142odzie\u017cy (rok II) i doros\u0142ych. <br> <br>\n<b>Kontakt:<\/b> <br>  wolnikowski@o2.pl\n<\/p><\/div><\/div>\t\t<\/div>\n\t\t\t\t<\/div>\n\t\t\t\t\t<\/div>\n\t\t<\/div>\n\t\t\t\t<div class=\"elementor-column elementor-col-25 elementor-inner-column elementor-element elementor-element-6385ee9\" data-id=\"6385ee9\" data-element_type=\"column\">\n\t\t\t<div class=\"elementor-widget-wrap elementor-element-populated\">\n\t\t\t\t\t\t\t\t<div class=\"elementor-element elementor-element-13782bc elementor-widget__width-initial elementor-widget elementor-widget-image\" data-id=\"13782bc\" data-element_type=\"widget\" data-widget_type=\"image.default\">\n\t\t\t\t<div class=\"elementor-widget-container\">\n\t\t\t<style>\/*! elementor - v3.18.0 - 08-12-2023 *\/\n.elementor-widget-image{text-align:center}.elementor-widget-image a{display:inline-block}.elementor-widget-image a img[src$=\".svg\"]{width:48px}.elementor-widget-image img{vertical-align:middle;display:inline-block}<\/style>\t\t\t\t\t\t\t\t\t\t\t\t<img decoding=\"async\" width=\"250\" height=\"334\" src=\"https:\/\/swietyjerzy.elblag.pl\/wp-content\/uploads\/2024\/07\/PHOTO-2024-07-07-11-04-06.jpg\" class=\"attachment-large size-large wp-image-14133\" alt=\"\" srcset=\"https:\/\/swietyjerzy.elblag.pl\/wp-content\/uploads\/2024\/07\/PHOTO-2024-07-07-11-04-06.jpg 250w, https:\/\/swietyjerzy.elblag.pl\/wp-content\/uploads\/2024\/07\/PHOTO-2024-07-07-11-04-06-225x300.jpg 225w\" sizes=\"(max-width: 250px) 100vw, 250px\" \/>\t\t\t\t\t\t\t\t\t\t\t\t\t\t\t<\/div>\n\t\t\t\t<\/div>\n\t\t\t\t<div class=\"elementor-element elementor-element-ac7ac6b elementor-widget elementor-widget-text-editor\" data-id=\"ac7ac6b\" data-element_type=\"widget\" data-widget_type=\"text-editor.default\">\n\t\t\t\t<div class=\"elementor-widget-container\">\n\t\t\t<style>\/*! elementor - v3.18.0 - 08-12-2023 *\/\n.elementor-widget-text-editor.elementor-drop-cap-view-stacked .elementor-drop-cap{background-color:#69727d;color:#fff}.elementor-widget-text-editor.elementor-drop-cap-view-framed .elementor-drop-cap{color:#69727d;border:3px solid;background-color:transparent}.elementor-widget-text-editor:not(.elementor-drop-cap-view-default) .elementor-drop-cap{margin-top:8px}.elementor-widget-text-editor:not(.elementor-drop-cap-view-default) .elementor-drop-cap-letter{width:1em;height:1em}.elementor-widget-text-editor .elementor-drop-cap{float:left;text-align:center;line-height:1;font-size:50px}.elementor-widget-text-editor .elementor-drop-cap-letter{display:inline-block}<\/style>\t\t\t\t<h6 style=\"margin-bottom: 10px; font-family: var( --e-global-typography-primary-font-family ), Sans-serif; font-weight: var( --e-global-typography-primary-font-weight ); color: #8a8080; text-align: center;\" data-elementor-setting-key=\"title_text\" data-elementor-inline-editing-toolbar=\"none\" data-pen-placeholder=\"Pisz tutaj...\">&nbsp;<\/h6>\n<h4 style=\"margin-bottom: 10px; font-family: var( --e-global-typography-primary-font-family ), Sans-serif; font-weight: var( --e-global-typography-primary-font-weight ); color: #8a8080; text-align: center;\" data-elementor-setting-key=\"title_text\" data-elementor-inline-editing-toolbar=\"none\" data-pen-placeholder=\"Pisz tutaj...\">ks. mgr Marcin Nie\u015bcigorski<\/h4>\n<div><span style=\"color: #33322d; letter-spacing: 0.2px; text-align: center; white-space-collapse: preserve;\">WIKARIUSZ <\/span><\/div><div><span style=\"color: #33322d; letter-spacing: 0.2px; text-align: center; white-space-collapse: preserve;\"><br><\/span><\/div>\n<div><span style=\"color: #33322d; letter-spacing: 0.2px; text-align: center; white-space-collapse: preserve;\">Prefekt w Szkole Podstawowej nr 4; opiekun wsp\u00f3lnoty Odnowy w Duchu \u015awi\u0119tym &#8220;Hosanna&#8221; i Liturgicznej S\u0142u\u017cby O\u0142tarza. Odpowiedzialny za przygotowanie do sakramentu bierzmowania m\u0142odzie\u017cy (rok I).<\/span><\/div>\n<div><span style=\"color: #33322d; letter-spacing: 0.2px; text-align: center; white-space-collapse: preserve;\"><br><\/span><\/div>\n<div><span style=\"color: #33322d; letter-spacing: 0.2px; text-align: center; white-space-collapse: preserve;\">Kontakt:<\/span><br><font color=\"#33322d\"><span style=\"white-space-collapse: preserve;\">ks.marcin.niescigorski@gmail.com<\/span><\/font><\/div>\t\t\t\t\t\t<\/div>\n\t\t\t\t<\/div>\n\t\t\t\t\t<\/div>\n\t\t<\/div>\n\t\t\t\t<div class=\"elementor-column elementor-col-25 elementor-inner-column elementor-element elementor-element-95a60cb\" data-id=\"95a60cb\" data-element_type=\"column\">\n\t\t\t<div class=\"elementor-widget-wrap elementor-element-populated\">\n\t\t\t\t\t\t\t\t<div class=\"elementor-element elementor-element-0279667 elementor-position-top elementor-widget elementor-widget-image-box\" data-id=\"0279667\" data-element_type=\"widget\" data-widget_type=\"image-box.default\">\n\t\t\t\t<div class=\"elementor-widget-container\">\n\t\t\t<div class=\"elementor-image-box-wrapper\"><figure class=\"elementor-image-box-img\"><img loading=\"lazy\" decoding=\"async\" width=\"320\" height=\"400\" src=\"https:\/\/swietyjerzy.elblag.pl\/wp-content\/uploads\/2023\/12\/Team-04-1.jpg\" class=\"attachment-full size-full wp-image-13911\" alt=\"\" srcset=\"https:\/\/swietyjerzy.elblag.pl\/wp-content\/uploads\/2023\/12\/Team-04-1.jpg 320w, https:\/\/swietyjerzy.elblag.pl\/wp-content\/uploads\/2023\/12\/Team-04-1-240x300.jpg 240w\" sizes=\"(max-width: 320px) 100vw, 320px\" \/><\/figure><div class=\"elementor-image-box-content\"><h4 class=\"elementor-image-box-title\">Ks. Pra\u0142at Kan. dr hab. Stefan Ewertowski em. prof. UWM <\/h4><p class=\"elementor-image-box-description\">REZYDENT <br> Pierwszy Rektor WSD Elbl\u0105g, <br>profesor WSD Elbl\u0105g (filozofia), diecezjalny asystent Civitas Christiana, opiekun Kr\u0119gu Domowego Ko\u015bcio\u0142a.\n<br> <br> <br> <br> <b>Kontakt:<\/b> <br>stefanewertowski@wp.pl\n<\/p><\/div><\/div>\t\t<\/div>\n\t\t\t\t<\/div>\n\t\t\t\t\t<\/div>\n\t\t<\/div>\n\t\t\t\t\t\t\t<\/div>\n\t\t<\/section>\n\t\t\t\t\t<\/div>\n\t\t<\/div>\n\t\t\t\t\t\t\t<\/div>\n\t\t<\/div>\n\t\t<div class=\"elementor-element elementor-element-3de884b e-flex e-con-boxed e-con e-parent\" data-id=\"3de884b\" data-element_type=\"container\" data-settings=\"{&quot;content_width&quot;:&quot;boxed&quot;}\" data-core-v316-plus=\"true\">\n\t\t\t\t\t<div class=\"e-con-inner\">\n\t\t\t\t<div class=\"elementor-element elementor-element-f3ecc4b elementor-widget elementor-widget-spacer\" data-id=\"f3ecc4b\" data-element_type=\"widget\" data-widget_type=\"spacer.default\">\n\t\t\t\t<div class=\"elementor-widget-container\">\n\t\t\t<style>\/*! elementor - v3.18.0 - 08-12-2023 *\/\n.elementor-column .elementor-spacer-inner{height:var(--spacer-size)}.e-con{--container-widget-width:100%}.e-con-inner>.elementor-widget-spacer,.e-con>.elementor-widget-spacer{width:var(--container-widget-width,var(--spacer-size));--align-self:var(--container-widget-align-self,initial);--flex-shrink:0}.e-con-inner>.elementor-widget-spacer>.elementor-widget-container,.e-con>.elementor-widget-spacer>.elementor-widget-container{height:100%;width:100%}.e-con-inner>.elementor-widget-spacer>.elementor-widget-container>.elementor-spacer,.e-con>.elementor-widget-spacer>.elementor-widget-container>.elementor-spacer{height:100%}.e-con-inner>.elementor-widget-spacer>.elementor-widget-container>.elementor-spacer>.elementor-spacer-inner,.e-con>.elementor-widget-spacer>.elementor-widget-container>.elementor-spacer>.elementor-spacer-inner{height:var(--container-widget-height,var(--spacer-size))}.e-con-inner>.elementor-widget-spacer.elementor-widget-empty,.e-con>.elementor-widget-spacer.elementor-widget-empty{position:relative;min-height:22px;min-width:22px}.e-con-inner>.elementor-widget-spacer.elementor-widget-empty .elementor-widget-empty-icon,.e-con>.elementor-widget-spacer.elementor-widget-empty .elementor-widget-empty-icon{position:absolute;top:0;bottom:0;left:0;right:0;margin:auto;padding:0;width:22px;height:22px}<\/style>\t\t<div class=\"elementor-spacer\">\n\t\t\t<div class=\"elementor-spacer-inner\"><\/div>\n\t\t<\/div>\n\t\t\t\t<\/div>\n\t\t\t\t<\/div>\n\t\t\t\t\t<\/div>\n\t\t\t\t<\/div>\n\t\t<div class=\"elementor-element elementor-element-8de76da e-flex e-con-boxed e-con e-parent\" data-id=\"8de76da\" data-element_type=\"container\" data-settings=\"{&quot;content_width&quot;:&quot;boxed&quot;}\" data-core-v316-plus=\"true\">\n\t\t\t\t\t<div class=\"e-con-inner\">\n\t\t\t\t<div class=\"elementor-element elementor-element-d63ab40 elementor-widget elementor-widget-heading\" data-id=\"d63ab40\" data-element_type=\"widget\" data-widget_type=\"heading.default\">\n\t\t\t\t<div class=\"elementor-widget-container\">\n\t\t\t<h4 class=\"elementor-heading-title elementor-size-default\">Na terenie parafii mieszka:<\/h4>\t\t<\/div>\n\t\t\t\t<\/div>\n\t\t\t\t\t<\/div>\n\t\t\t\t<\/div>\n\t\t<div class=\"elementor-element elementor-element-b5ecf9d e-flex e-con-boxed e-con e-parent\" data-id=\"b5ecf9d\" data-element_type=\"container\" data-settings=\"{&quot;content_width&quot;:&quot;boxed&quot;}\" data-core-v316-plus=\"true\">\n\t\t\t\t\t<div class=\"e-con-inner\">\n\t\t\t\t<div class=\"elementor-element elementor-element-d281836 elementor-widget elementor-widget-text-editor\" data-id=\"d281836\" data-element_type=\"widget\" data-widget_type=\"text-editor.default\">\n\t\t\t\t<div class=\"elementor-widget-container\">\n\t\t\t\t\t\t\t<p><strong>ks. Kan. dr Stanis\u0142aw Gu\u0142a<\/strong> \u2013 emerytowany proboszcz parafii Jezioro oraz profesor Katolickiej Nauki Spo\u0142ecznej w WSD Elbl\u0105g.<\/p>\t\t\t\t\t\t<\/div>\n\t\t\t\t<\/div>\n\t\t\t\t\t<\/div>\n\t\t\t\t<\/div>\n\t\t<div class=\"elementor-element elementor-element-dc5d346 e-flex e-con-boxed e-con e-parent\" data-id=\"dc5d346\" data-element_type=\"container\" data-settings=\"{&quot;content_width&quot;:&quot;boxed&quot;}\" data-core-v316-plus=\"true\">\n\t\t\t\t\t<div class=\"e-con-inner\">\n\t\t\t\t<div class=\"elementor-element elementor-element-15ebd02 elementor-widget elementor-widget-spacer\" data-id=\"15ebd02\" data-element_type=\"widget\" data-widget_type=\"spacer.default\">\n\t\t\t\t<div class=\"elementor-widget-container\">\n\t\t\t\t\t<div class=\"elementor-spacer\">\n\t\t\t<div class=\"elementor-spacer-inner\"><\/div>\n\t\t<\/div>\n\t\t\t\t<\/div>\n\t\t\t\t<\/div>\n\t\t\t\t\t<\/div>\n\t\t\t\t<\/div>\n\t\t<div class=\"elementor-element elementor-element-cf47572 e-flex e-con-boxed e-con e-parent\" data-id=\"cf47572\" data-element_type=\"container\" data-settings=\"{&quot;content_width&quot;:&quot;boxed&quot;}\" data-core-v316-plus=\"true\">\n\t\t\t\t\t<div class=\"e-con-inner\">\n\t\t\t\t<div class=\"elementor-element elementor-element-91e446c elementor-widget elementor-widget-heading\" data-id=\"91e446c\" data-element_type=\"widget\" data-widget_type=\"heading.default\">\n\t\t\t\t<div class=\"elementor-widget-container\">\n\t\t\t<h2 class=\"elementor-heading-title elementor-size-default\">Pracownicy<\/h2>\t\t<\/div>\n\t\t\t\t<\/div>\n\t\t\t\t\t<\/div>\n\t\t\t\t<\/div>\n\t\t<div class=\"elementor-element elementor-element-06e3848 e-flex e-con-boxed e-con e-parent\" data-id=\"06e3848\" data-element_type=\"container\" data-settings=\"{&quot;content_width&quot;:&quot;boxed&quot;}\" data-core-v316-plus=\"true\">\n\t\t\t\t\t<div class=\"e-con-inner\">\n\t\t<div class=\"elementor-element elementor-element-43d2e52 e-con-full e-flex e-con e-child\" data-id=\"43d2e52\" data-element_type=\"container\" data-settings=\"{&quot;content_width&quot;:&quot;full&quot;}\">\n\t\t\t\t<div class=\"elementor-element elementor-element-b1091d2 elementor-widget elementor-widget-text-editor\" data-id=\"b1091d2\" data-element_type=\"widget\" data-widget_type=\"text-editor.default\">\n\t\t\t\t<div class=\"elementor-widget-container\">\n\t\t\t\t\t\t\t<h4 style=\"text-align: center;\"><strong>Lidia Wi\u015bniewska<\/strong><\/h4><h6 style=\"text-align: center;\"><strong>ZAKRYSTIANKA<\/strong><\/h6><p style=\"text-align: center;\"><br \/><strong>tel. kom.: 695-438-238<\/strong><\/p>\t\t\t\t\t\t<\/div>\n\t\t\t\t<\/div>\n\t\t\t\t<\/div>\n\t\t<div class=\"elementor-element elementor-element-626b384 e-con-full e-flex e-con e-child\" data-id=\"626b384\" data-element_type=\"container\" data-settings=\"{&quot;content_width&quot;:&quot;full&quot;}\">\n\t\t\t\t<div class=\"elementor-element elementor-element-120d4a5 elementor-widget elementor-widget-text-editor\" data-id=\"120d4a5\" data-element_type=\"widget\" data-widget_type=\"text-editor.default\">\n\t\t\t\t<div class=\"elementor-widget-container\">\n\t\t\t\t\t\t\t<h4 style=\"text-align: center;\"><strong>Andrzej Konkol<\/strong><\/h4><h6 style=\"text-align: center;\"><strong>ORGANISTA<\/strong><\/h6><p style=\"text-align: center;\"><br \/><strong>tel. kom.: 501-169-452<\/strong><\/p>\t\t\t\t\t\t<\/div>\n\t\t\t\t<\/div>\n\t\t\t\t<\/div>\n\t\t\t\t\t<\/div>\n\t\t\t\t<\/div>\n\t\t\t\t\t\t\t<\/div>\n\t\t","protected":false},"excerpt":{"rendered":"<p>Kto jest kim? Duszpasterze ks. Kan. dr Andrzej Kilanowski PROBOSZCZ Opiekun Wsp\u00f3lnoty Rycerstwa Niepokalanej. Dyrektor Wydzia\u0142u Duszpasterskiego Kurii Diecezjalnej Elbl\u0105skiej, profesor WSD Elbl\u0105g (teologia dogmatyczna). Kontakt: andrzej.kilanowski@gmail.com tel.: 55 615-13-51 tel. kom.: 606-759-696 (sprawy pilne) ks. mgr lic. Piotr Wolnikowski WIKARIUSZ Prefekt w Zespole Pa\u0144stwowych Szk\u00f3\u0142 Muzycznych; opiekun Wsp\u00f3lnoty \u017bywego R\u00f3\u017ca\u0144ca i prezbiter Drogi Neokatechumenalnej&#8230;.<\/p>\n","protected":false},"author":1,"featured_media":0,"parent":0,"menu_order":0,"comment_status":"closed","ping_status":"closed","template":"","meta":{"_tbt_post_transparent":"","_tbt_post_title":"","_tbt_post_layout":"","_tbt_post_sidebar_id":"","_tbt_post_content_style":"","_tbt_post_vertical_padding":"","_tbt_post_feature":"","_tbt_post_feature_position":"","_tbt_post_header":false,"_tbt_post_footer":false},"class_list":["post-2242","page","type-page","status-publish","hentry"],"_links":{"self":[{"href":"https:\/\/swietyjerzy.elblag.pl\/index.php\/wp-json\/wp\/v2\/pages\/2242","targetHints":{"allow":["GET"]}}],"collection":[{"href":"https:\/\/swietyjerzy.elblag.pl\/index.php\/wp-json\/wp\/v2\/pages"}],"about":[{"href":"https:\/\/swietyjerzy.elblag.pl\/index.php\/wp-json\/wp\/v2\/types\/page"}],"author":[{"embeddable":true,"href":"https:\/\/swietyjerzy.elblag.pl\/index.php\/wp-json\/wp\/v2\/users\/1"}],"replies":[{"embeddable":true,"href":"https:\/\/swietyjerzy.elblag.pl\/index.php\/wp-json\/wp\/v2\/comments?post=2242"}],"version-history":[{"count":46,"href":"https:\/\/swietyjerzy.elblag.pl\/index.php\/wp-json\/wp\/v2\/pages\/2242\/revisions"}],"predecessor-version":[{"id":14266,"href":"https:\/\/swietyjerzy.elblag.pl\/index.php\/wp-json\/wp\/v2\/pages\/2242\/revisions\/14266"}],"wp:attachment":[{"href":"https:\/\/swietyjerzy.elblag.pl\/index.php\/wp-json\/wp\/v2\/media?parent=2242"}],"curies":[{"name":"wp","href":"https:\/\/api.w.org\/{rel}","templated":true}]}}