{"id":2,"date":"2023-11-27T06:06:35","date_gmt":"2023-11-27T06:06:35","guid":{"rendered":"http:\/\/swietyjerzy.elblag.pl\/?page_id=2"},"modified":"2023-12-12T09:51:03","modified_gmt":"2023-12-12T09:51:03","slug":"kosciol-jerzego","status":"publish","type":"page","link":"https:\/\/swietyjerzy.elblag.pl\/index.php\/kosciol-jerzego\/","title":{"rendered":"Ko\u015bci\u00f3\u0142 \u015bw. Jerzego"},"content":{"rendered":"\t\t<div data-elementor-type=\"wp-page\" data-elementor-id=\"2\" class=\"elementor elementor-2\">\n\t\t\t\t\t\t\t<div class=\"elementor-element elementor-element-21129d99 e-flex e-con-boxed e-con e-parent\" data-id=\"21129d99\" data-element_type=\"container\" data-settings=\"{&quot;content_width&quot;:&quot;boxed&quot;}\" data-core-v316-plus=\"true\">\n\t\t\t\t\t<div class=\"e-con-inner\">\n\t\t\t\t<div class=\"elementor-element elementor-element-20ca5ff5 elementor-widget elementor-widget-text-editor\" data-id=\"20ca5ff5\" data-element_type=\"widget\" data-widget_type=\"text-editor.default\">\n\t\t\t\t<div class=\"elementor-widget-container\">\n\t\t\t<style>\/*! elementor - v3.18.0 - 08-12-2023 *\/\n.elementor-widget-text-editor.elementor-drop-cap-view-stacked .elementor-drop-cap{background-color:#69727d;color:#fff}.elementor-widget-text-editor.elementor-drop-cap-view-framed .elementor-drop-cap{color:#69727d;border:3px solid;background-color:transparent}.elementor-widget-text-editor:not(.elementor-drop-cap-view-default) .elementor-drop-cap{margin-top:8px}.elementor-widget-text-editor:not(.elementor-drop-cap-view-default) .elementor-drop-cap-letter{width:1em;height:1em}.elementor-widget-text-editor .elementor-drop-cap{float:left;text-align:center;line-height:1;font-size:50px}.elementor-widget-text-editor .elementor-drop-cap-letter{display:inline-block}<\/style>\t\t\t\t<!-- wp:paragraph -->\n<p><strong>Ko\u015bci\u00f3\u0142 \u015bw. Jerzego (Neust\u00e4dtische ST. Georg Kirche) <\/strong>&#8211; by\u0142 ko\u015bcio\u0142em szpitalnym Nowego Miasta Elbl\u0105ga, zwi\u0105zanym od\u00a0najdawniejszych czas\u00f3w z nowomiejskim ko\u015bcio\u0142em Trzech Kr\u00f3li. Sta\u0142 on daleko na polach nowomiejskich. Pierwsza wzmianka o tym zabytku pochodzi z 1340 roku. By\u0142 to ko\u015bci\u00f3\u0142 szpitalny zbudowany obok szpitala dla tr\u0119dowatych. (\u015awi\u0119ty Jerzy- patronowa\u0142 szpitalom. O jego wstawiennictwo proszono zw\u0142aszcza przed bitw\u0105. Kult \u015bw. Jerzego szeroko rozpowszechni\u0142 si\u0119 od IV wieku (na Wschodzie), gdzie by\u0142 czczony jako jeden z najwi\u0119kszych m\u0119czennik\u00f3w, a od IX wieku \u2013 na Zachodzie jako \u015bwi\u0119ty wspomo\u017cyciel. Modlitwa do \u015aw. Jerzego pomaga\u0142a bez wyj\u0105tku wszystkim i na wszystko.) Ko\u015bci\u00f3\u0142 \u015bw. Jerzego pocz\u0105tkowo by\u0142 ryglowy, nast\u0119pnie w XV wieku obmurowany ceg\u0142\u0105, jednonawowy, z p\u0142askim malowanym stropem a na dwuspadowym dachu umieszczono ma\u0142\u0105 sygnaturk\u0119. Niestety, z dawnego wyposa\u017cenia wn\u0119trza do czas\u00f3w obecnych nic si\u0119 nie zachowa\u0142o.<\/p>\n<!-- \/wp:paragraph -->\t\t\t\t\t\t<\/div>\n\t\t\t\t<\/div>\n\t\t\t\t\t<\/div>\n\t\t\t\t<\/div>\n\t\t<div class=\"elementor-element elementor-element-6fbeb9a e-flex e-con-boxed e-con e-parent\" data-id=\"6fbeb9a\" data-element_type=\"container\" data-settings=\"{&quot;content_width&quot;:&quot;boxed&quot;}\" data-core-v316-plus=\"true\">\n\t\t\t\t\t<div class=\"e-con-inner\">\n\t\t<div class=\"elementor-element elementor-element-aaeab9c e-con-full e-flex e-con e-child\" data-id=\"aaeab9c\" data-element_type=\"container\" data-settings=\"{&quot;content_width&quot;:&quot;full&quot;}\">\n\t\t\t\t<div class=\"elementor-element elementor-element-743dff6 elementor-widget__width-initial elementor-widget elementor-widget-image\" data-id=\"743dff6\" data-element_type=\"widget\" data-widget_type=\"image.default\">\n\t\t\t\t<div class=\"elementor-widget-container\">\n\t\t\t<style>\/*! elementor - v3.18.0 - 08-12-2023 *\/\n.elementor-widget-image{text-align:center}.elementor-widget-image a{display:inline-block}.elementor-widget-image a img[src$=\".svg\"]{width:48px}.elementor-widget-image img{vertical-align:middle;display:inline-block}<\/style>\t\t\t\t\t\t\t\t\t\t\t\t<img fetchpriority=\"high\" decoding=\"async\" width=\"188\" height=\"268\" src=\"https:\/\/swietyjerzy.elblag.pl\/wp-content\/uploads\/2023\/12\/1.jpeg\" class=\"attachment-large size-large wp-image-13657\" alt=\"\" \/>\t\t\t\t\t\t\t\t\t\t\t\t\t\t\t<\/div>\n\t\t\t\t<\/div>\n\t\t\t\t<\/div>\n\t\t<div class=\"elementor-element elementor-element-72c14f6 e-con-full e-flex e-con e-child\" data-id=\"72c14f6\" data-element_type=\"container\" data-settings=\"{&quot;content_width&quot;:&quot;full&quot;}\">\n\t\t\t\t<div class=\"elementor-element elementor-element-70e4cc4 elementor-widget elementor-widget-image\" data-id=\"70e4cc4\" data-element_type=\"widget\" data-widget_type=\"image.default\">\n\t\t\t\t<div class=\"elementor-widget-container\">\n\t\t\t\t\t\t\t\t\t\t\t\t<figure class=\"wp-caption\">\n\t\t\t\t\t\t\t\t\t\t<img decoding=\"async\" width=\"900\" height=\"459\" src=\"https:\/\/swietyjerzy.elblag.pl\/wp-content\/uploads\/2023\/12\/2.png\" class=\"attachment-large size-large wp-image-13658\" alt=\"\" srcset=\"https:\/\/swietyjerzy.elblag.pl\/wp-content\/uploads\/2023\/12\/2.png 900w, https:\/\/swietyjerzy.elblag.pl\/wp-content\/uploads\/2023\/12\/2-300x153.png 300w, https:\/\/swietyjerzy.elblag.pl\/wp-content\/uploads\/2023\/12\/2-768x392.png 768w\" sizes=\"(max-width: 900px) 100vw, 900px\" \/>\t\t\t\t\t\t\t\t\t\t\t<figcaption class=\"widget-image-caption wp-caption-text\">Zdj\u0119cie pochodzi z zasob\u00f3w Archiwum  Pa\u0144stwowego w Gda\u0144sku<\/figcaption>\n\t\t\t\t\t\t\t\t\t\t<\/figure>\n\t\t\t\t\t\t\t\t\t<\/div>\n\t\t\t\t<\/div>\n\t\t\t\t<\/div>\n\t\t<div class=\"elementor-element elementor-element-b763b4d e-con-full e-flex e-con e-child\" data-id=\"b763b4d\" data-element_type=\"container\" data-settings=\"{&quot;content_width&quot;:&quot;full&quot;}\">\n\t\t\t\t<div class=\"elementor-element elementor-element-c3b2c0b elementor-widget elementor-widget-image\" data-id=\"c3b2c0b\" data-element_type=\"widget\" data-widget_type=\"image.default\">\n\t\t\t\t<div class=\"elementor-widget-container\">\n\t\t\t\t\t\t\t\t\t\t\t\t\t\t\t<img decoding=\"async\" width=\"800\" height=\"1024\" src=\"https:\/\/swietyjerzy.elblag.pl\/wp-content\/uploads\/2023\/12\/kosciol-sw-jerzego-800x1024.jpg\" class=\"attachment-large size-large wp-image-13403\" alt=\"\" srcset=\"https:\/\/swietyjerzy.elblag.pl\/wp-content\/uploads\/2023\/12\/kosciol-sw-jerzego-800x1024.jpg 800w, https:\/\/swietyjerzy.elblag.pl\/wp-content\/uploads\/2023\/12\/kosciol-sw-jerzego-234x300.jpg 234w, https:\/\/swietyjerzy.elblag.pl\/wp-content\/uploads\/2023\/12\/kosciol-sw-jerzego-768x984.jpg 768w, https:\/\/swietyjerzy.elblag.pl\/wp-content\/uploads\/2023\/12\/kosciol-sw-jerzego.jpg 926w\" sizes=\"(max-width: 800px) 100vw, 800px\" \/>\t\t\t\t\t\t\t\t\t\t\t\t\t\t\t<\/div>\n\t\t\t\t<\/div>\n\t\t\t\t<\/div>\n\t\t\t\t\t<\/div>\n\t\t\t\t<\/div>\n\t\t<div class=\"elementor-element elementor-element-c9079ba e-flex e-con-boxed e-con e-parent\" data-id=\"c9079ba\" data-element_type=\"container\" data-settings=\"{&quot;content_width&quot;:&quot;boxed&quot;}\" data-core-v316-plus=\"true\">\n\t\t\t\t\t<div class=\"e-con-inner\">\n\t\t\t\t<div class=\"elementor-element elementor-element-dad0eaa elementor-widget elementor-widget-text-editor\" data-id=\"dad0eaa\" data-element_type=\"widget\" data-widget_type=\"text-editor.default\">\n\t\t\t\t<div class=\"elementor-widget-container\">\n\t\t\t\t\t\t\t<p>W pierwszych latach istnienia funkcj\u0119 proboszcza pe\u0142ni\u0142\u00a0<strong>Henryk Vogelsang.<\/strong>\u00a0\u015awi\u0105tynia funkcjonowa\u0142a dzi\u0119ki darczy\u0144com, fundacjom oraz wsparciu Rady Miasta. W XVI w. wymieniono strop dekoruj\u0105c go manierystyczn\u0105 polichromi\u0105. W ko\u015bciele odprawiano tylko kwartalne nabo\u017ce\u0144stwo komunijne, najcz\u0119\u015bciej w marcu, czerwcu, wrze\u015bniu i grudniu. \u015awi\u0105tynia ta by\u0142a jedn\u0105 z najbardziej zaniedbanych ko\u015bcio\u0142\u00f3w elbl\u0105skich. W 1652 r. witryk (zajmuj\u0105cy si\u0119 obs\u0142ug\u0105 ko\u015bcio\u0142a parafialnego)\u00a0<strong>Michael Land<\/strong>\u00a0znalaz\u0142 ukryt\u0105 i zamurowan\u0105 w \u015bcianie p\u0142askorze\u017ab\u0119 \u015bw. Jerzego na koniu oraz r\u00f3\u017cne kielichy, monstrancje i relikwiarze. Nie chc\u0105c ujawnia\u0107 ich przed katolikami zaniesiono je potajemnie do ko\u015bcio\u0142a Trzech Kr\u00f3li, gdzie w rok p\u00f3\u017aniej zosta\u0142y sprzedane w drodze licytacji. P\u0142askorze\u017ab\u0119 zakupi\u0142 Christian Gottlieb Wolff za 55 talary, a reszt\u0119 sreber tego ko\u015bcio\u0142a sprzedano w 1773 r. za 73 talary. W czasach wojen napoleo\u0144skich ko\u015bci\u00f3\u0142ek nie unikn\u0105\u0142 dewastacji (przetrzymywano tu je\u0144c\u00f3w wojennych). W 1836 r. obchodzono uroczy\u015bcie 500 rocznic\u0119 za\u0142o\u017cenia szpitala i ko\u015bcio\u0142a \u015bw. Jerzego. Wed\u0142ug opisu Fuchsa znajdowa\u0142 si\u0119 on w stanie godnym po\u017ca\u0142owania. O\u0142tarz spoczywa\u0142 na mensie wymurowanej z cegie\u0142. W skrzyni o\u0142tarzowej by\u0142a figura Chrystusa ukrzy\u017cowanego a w obu bocznych skrzyd\u0142ach dwie figury w ornatach mszalnych. P\u0142askorze\u017aby przedstawiaj\u0105ce \u015bw. Miko\u0142aja i \u015bw. Dionizego miejsce swoje znalaz\u0142y w Katedrze \u015bw. Miko\u0142aja w Elbl\u0105gu.<\/p>\t\t\t\t\t\t<\/div>\n\t\t\t\t<\/div>\n\t\t\t\t\t<\/div>\n\t\t\t\t<\/div>\n\t\t<div class=\"elementor-element elementor-element-6f212be e-flex e-con-boxed e-con e-parent\" data-id=\"6f212be\" data-element_type=\"container\" data-settings=\"{&quot;content_width&quot;:&quot;boxed&quot;}\" data-core-v316-plus=\"true\">\n\t\t\t\t\t<div class=\"e-con-inner\">\n\t\t<div class=\"elementor-element elementor-element-c8d4c5a e-con-full e-flex e-con e-child\" data-id=\"c8d4c5a\" data-element_type=\"container\" data-settings=\"{&quot;content_width&quot;:&quot;full&quot;}\">\n\t\t\t\t<div class=\"elementor-element elementor-element-9774930 elementor-widget__width-initial elementor-widget elementor-widget-image\" data-id=\"9774930\" data-element_type=\"widget\" data-widget_type=\"image.default\">\n\t\t\t\t<div class=\"elementor-widget-container\">\n\t\t\t\t\t\t\t\t\t\t\t\t\t\t\t<img loading=\"lazy\" decoding=\"async\" width=\"1024\" height=\"748\" src=\"https:\/\/swietyjerzy.elblag.pl\/wp-content\/uploads\/2023\/12\/3-1-1024x748.jpg\" class=\"attachment-large size-large wp-image-13661\" alt=\"\" srcset=\"https:\/\/swietyjerzy.elblag.pl\/wp-content\/uploads\/2023\/12\/3-1-1024x748.jpg 1024w, https:\/\/swietyjerzy.elblag.pl\/wp-content\/uploads\/2023\/12\/3-1-300x219.jpg 300w, https:\/\/swietyjerzy.elblag.pl\/wp-content\/uploads\/2023\/12\/3-1-768x561.jpg 768w, https:\/\/swietyjerzy.elblag.pl\/wp-content\/uploads\/2023\/12\/3-1-1536x1123.jpg 1536w, https:\/\/swietyjerzy.elblag.pl\/wp-content\/uploads\/2023\/12\/3-1.jpg 1817w\" sizes=\"(max-width: 1024px) 100vw, 1024px\" \/>\t\t\t\t\t\t\t\t\t\t\t\t\t\t\t<\/div>\n\t\t\t\t<\/div>\n\t\t\t\t<\/div>\n\t\t<div class=\"elementor-element elementor-element-dd8084f e-con-full e-flex e-con e-child\" data-id=\"dd8084f\" data-element_type=\"container\" data-settings=\"{&quot;content_width&quot;:&quot;full&quot;}\">\n\t\t\t\t<div class=\"elementor-element elementor-element-5dfb81e elementor-widget elementor-widget-image\" data-id=\"5dfb81e\" data-element_type=\"widget\" data-widget_type=\"image.default\">\n\t\t\t\t<div class=\"elementor-widget-container\">\n\t\t\t\t\t\t\t\t\t\t\t\t<figure class=\"wp-caption\">\n\t\t\t\t\t\t\t\t\t\t<img loading=\"lazy\" decoding=\"async\" width=\"1024\" height=\"680\" src=\"https:\/\/swietyjerzy.elblag.pl\/wp-content\/uploads\/2023\/12\/4-1024x680.png\" class=\"attachment-large size-large wp-image-13662\" alt=\"\" srcset=\"https:\/\/swietyjerzy.elblag.pl\/wp-content\/uploads\/2023\/12\/4-1024x680.png 1024w, https:\/\/swietyjerzy.elblag.pl\/wp-content\/uploads\/2023\/12\/4-300x199.png 300w, https:\/\/swietyjerzy.elblag.pl\/wp-content\/uploads\/2023\/12\/4-768x510.png 768w, https:\/\/swietyjerzy.elblag.pl\/wp-content\/uploads\/2023\/12\/4.png 1210w\" sizes=\"(max-width: 1024px) 100vw, 1024px\" \/>\t\t\t\t\t\t\t\t\t\t\t<figcaption class=\"widget-image-caption wp-caption-text\">Zdj\u0119cie pochodzi z zasob\u00f3w Archiwum  Pa\u0144stwowego w Gda\u0144sku<\/figcaption>\n\t\t\t\t\t\t\t\t\t\t<\/figure>\n\t\t\t\t\t\t\t\t\t<\/div>\n\t\t\t\t<\/div>\n\t\t\t\t<\/div>\n\t\t\t\t\t<\/div>\n\t\t\t\t<\/div>\n\t\t<div class=\"elementor-element elementor-element-3102c50 e-flex e-con-boxed e-con e-parent\" data-id=\"3102c50\" data-element_type=\"container\" data-settings=\"{&quot;content_width&quot;:&quot;boxed&quot;}\" data-core-v316-plus=\"true\">\n\t\t\t\t\t<div class=\"e-con-inner\">\n\t\t\t\t<div class=\"elementor-element elementor-element-54f4788 elementor-widget elementor-widget-text-editor\" data-id=\"54f4788\" data-element_type=\"widget\" data-widget_type=\"text-editor.default\">\n\t\t\t\t<div class=\"elementor-widget-container\">\n\t\t\t\t\t\t\t<p>W latach 40- XIX wieku my\u015blano o rozebraniu ko\u015bci\u00f3\u0142ka, jednak\u017ce nie wyrazili na to zgody Rajcy miejscy. Og\u0142oszono zbi\u00f3rk\u0119 publiczn\u0105, kt\u00f3ra wspomog\u0142a kwot\u0119 darowan\u0105 przez Bractwo \u015bw. Jerzego oraz Rad\u0119 Miasta do wykonania remontu w 1846 r. W latach 60-XIX wieku zabudowania szpitalne zast\u0105piono ceglanym pi\u0119trowym budynkiem, a zabytkowy ko\u015bci\u00f3\u0142 po 1907 roku poddano konserwacji. W 1946 r. przyby\u0142 do Elbl\u0105ga\u00a0<strong>Mieczys\u0142aw Wojciuk,<\/strong>\u00a0kt\u00f3ry realizowa\u0142 remont oraz prowadzi\u0142 obs\u0142ug\u0119 duszpastersk\u0105 ko\u015bcio\u0142a \u015bw. Jerzego. Kiedy biskup warmi\u0144ski\u00a0<strong>J\u00f3zef Drzazga<\/strong>\u00a0erygowa\u0142 (za\u0142o\u017cy\u0142) parafi\u0119 \u015bw. Jerzego licz\u0105c\u0105 5 tys. mieszka\u0144c\u00f3w \u2013 w zabytkowym ko\u015bci\u00f3\u0142ku parafialnym mie\u015bci\u0142o si\u0119 200 wiernych. Dynamicznie rozwijaj\u0105ca si\u0119 wsp\u00f3lnota w 1975 r. przekroczy\u0142a 12 tys. parafian. Na terenie parafii funkcjonowa\u0142y 2 szpitale miejskie, dwie szko\u0142y \u015brednie i szko\u0142a pomaturalna, trzy szko\u0142y podstawowe, dwa domy dziecka, dom poprawczy, szko\u0142a specjalna oraz garnizon wojskowy z du\u017c\u0105 spo\u0142eczno\u015bci\u0105 rodzin wojskowych. Przez wiele lat proszono w\u0142adze o pozwolenie na rozbudow\u0119 ko\u015bcio\u0142a oraz rozbudow\u0119 jego zaplecza. W latach 90-tych XX wieku wybudowano plebani\u0119 oraz wzniesiono now\u0105 \u015bwi\u0105tyni\u0119 pod wezwaniem Mi\u0142osierdzia Bo\u017cego. Gotycka \u015bwi\u0105tynia s\u0142u\u017cy dzi\u015b elbl\u0105\u017canom nieustaj\u0105c\u0105 kontemplacj\u0105 Naj\u015bwi\u0119tszego Sakramentu z pos\u0142ug\u0105 si\u00f3str klarysek od Wiecznej Adoracji.<\/p>\t\t\t\t\t\t<\/div>\n\t\t\t\t<\/div>\n\t\t\t\t\t<\/div>\n\t\t\t\t<\/div>\n\t\t<div class=\"elementor-element elementor-element-0f868ce e-flex e-con-boxed e-con e-parent\" data-id=\"0f868ce\" data-element_type=\"container\" data-settings=\"{&quot;content_width&quot;:&quot;boxed&quot;}\" data-core-v316-plus=\"true\">\n\t\t\t\t\t<div class=\"e-con-inner\">\n\t\t<div class=\"elementor-element elementor-element-1c1040f e-con-full e-flex e-con e-child\" data-id=\"1c1040f\" data-element_type=\"container\" data-settings=\"{&quot;content_width&quot;:&quot;full&quot;}\">\n\t\t\t\t<div class=\"elementor-element elementor-element-eaef9d5 elementor-widget elementor-widget-image\" data-id=\"eaef9d5\" data-element_type=\"widget\" data-widget_type=\"image.default\">\n\t\t\t\t<div class=\"elementor-widget-container\">\n\t\t\t\t\t\t\t\t\t\t\t\t\t\t\t<img loading=\"lazy\" decoding=\"async\" width=\"631\" height=\"1024\" src=\"https:\/\/swietyjerzy.elblag.pl\/wp-content\/uploads\/2023\/12\/5-1-631x1024.jpg\" class=\"attachment-large size-large wp-image-13667\" alt=\"\" srcset=\"https:\/\/swietyjerzy.elblag.pl\/wp-content\/uploads\/2023\/12\/5-1-631x1024.jpg 631w, https:\/\/swietyjerzy.elblag.pl\/wp-content\/uploads\/2023\/12\/5-1-185x300.jpg 185w, https:\/\/swietyjerzy.elblag.pl\/wp-content\/uploads\/2023\/12\/5-1-768x1247.jpg 768w, https:\/\/swietyjerzy.elblag.pl\/wp-content\/uploads\/2023\/12\/5-1-946x1536.jpg 946w, https:\/\/swietyjerzy.elblag.pl\/wp-content\/uploads\/2023\/12\/5-1-1262x2048.jpg 1262w, https:\/\/swietyjerzy.elblag.pl\/wp-content\/uploads\/2023\/12\/5-1.jpg 1316w\" sizes=\"(max-width: 631px) 100vw, 631px\" \/>\t\t\t\t\t\t\t\t\t\t\t\t\t\t\t<\/div>\n\t\t\t\t<\/div>\n\t\t\t\t<\/div>\n\t\t<div class=\"elementor-element elementor-element-de05cd9 e-con-full e-flex e-con e-child\" data-id=\"de05cd9\" data-element_type=\"container\" data-settings=\"{&quot;content_width&quot;:&quot;full&quot;}\">\n\t\t\t\t<div class=\"elementor-element elementor-element-2572175 elementor-widget elementor-widget-image\" data-id=\"2572175\" data-element_type=\"widget\" data-widget_type=\"image.default\">\n\t\t\t\t<div class=\"elementor-widget-container\">\n\t\t\t\t\t\t\t\t\t\t\t\t\t\t\t<img loading=\"lazy\" decoding=\"async\" width=\"626\" height=\"1024\" src=\"https:\/\/swietyjerzy.elblag.pl\/wp-content\/uploads\/2023\/12\/6-1-626x1024.jpg\" class=\"attachment-large size-large wp-image-13668\" alt=\"\" srcset=\"https:\/\/swietyjerzy.elblag.pl\/wp-content\/uploads\/2023\/12\/6-1-626x1024.jpg 626w, https:\/\/swietyjerzy.elblag.pl\/wp-content\/uploads\/2023\/12\/6-1-183x300.jpg 183w, https:\/\/swietyjerzy.elblag.pl\/wp-content\/uploads\/2023\/12\/6-1-768x1257.jpg 768w, https:\/\/swietyjerzy.elblag.pl\/wp-content\/uploads\/2023\/12\/6-1-939x1536.jpg 939w, https:\/\/swietyjerzy.elblag.pl\/wp-content\/uploads\/2023\/12\/6-1-1252x2048.jpg 1252w, https:\/\/swietyjerzy.elblag.pl\/wp-content\/uploads\/2023\/12\/6-1.jpg 1308w\" sizes=\"(max-width: 626px) 100vw, 626px\" \/>\t\t\t\t\t\t\t\t\t\t\t\t\t\t\t<\/div>\n\t\t\t\t<\/div>\n\t\t\t\t<\/div>\n\t\t<div class=\"elementor-element elementor-element-e7185c4 e-con-full e-flex e-con e-child\" data-id=\"e7185c4\" data-element_type=\"container\" data-settings=\"{&quot;content_width&quot;:&quot;full&quot;}\">\n\t\t\t\t<div class=\"elementor-element elementor-element-b72ec23 elementor-widget elementor-widget-image\" data-id=\"b72ec23\" data-element_type=\"widget\" data-widget_type=\"image.default\">\n\t\t\t\t<div class=\"elementor-widget-container\">\n\t\t\t\t\t\t\t\t\t\t\t\t\t\t\t<img loading=\"lazy\" decoding=\"async\" width=\"631\" height=\"1024\" src=\"https:\/\/swietyjerzy.elblag.pl\/wp-content\/uploads\/2023\/12\/7-631x1024.jpg\" class=\"attachment-large size-large wp-image-13671\" alt=\"\" srcset=\"https:\/\/swietyjerzy.elblag.pl\/wp-content\/uploads\/2023\/12\/7-631x1024.jpg 631w, https:\/\/swietyjerzy.elblag.pl\/wp-content\/uploads\/2023\/12\/7-185x300.jpg 185w, https:\/\/swietyjerzy.elblag.pl\/wp-content\/uploads\/2023\/12\/7-768x1247.jpg 768w, https:\/\/swietyjerzy.elblag.pl\/wp-content\/uploads\/2023\/12\/7-946x1536.jpg 946w, https:\/\/swietyjerzy.elblag.pl\/wp-content\/uploads\/2023\/12\/7-1262x2048.jpg 1262w, https:\/\/swietyjerzy.elblag.pl\/wp-content\/uploads\/2023\/12\/7.jpg 1316w\" sizes=\"(max-width: 631px) 100vw, 631px\" \/>\t\t\t\t\t\t\t\t\t\t\t\t\t\t\t<\/div>\n\t\t\t\t<\/div>\n\t\t\t\t<\/div>\n\t\t<div class=\"elementor-element elementor-element-a3a0e73 e-con-full e-flex e-con e-child\" data-id=\"a3a0e73\" data-element_type=\"container\" data-settings=\"{&quot;content_width&quot;:&quot;full&quot;}\">\n\t\t\t\t<div class=\"elementor-element elementor-element-3ddb7f5 elementor-widget elementor-widget-image\" data-id=\"3ddb7f5\" data-element_type=\"widget\" data-widget_type=\"image.default\">\n\t\t\t\t<div class=\"elementor-widget-container\">\n\t\t\t\t\t\t\t\t\t\t\t\t\t\t\t<img loading=\"lazy\" decoding=\"async\" width=\"631\" height=\"1024\" src=\"https:\/\/swietyjerzy.elblag.pl\/wp-content\/uploads\/2023\/12\/9-631x1024.jpg\" class=\"attachment-large size-large wp-image-13672\" alt=\"\" srcset=\"https:\/\/swietyjerzy.elblag.pl\/wp-content\/uploads\/2023\/12\/9-631x1024.jpg 631w, https:\/\/swietyjerzy.elblag.pl\/wp-content\/uploads\/2023\/12\/9-185x300.jpg 185w, https:\/\/swietyjerzy.elblag.pl\/wp-content\/uploads\/2023\/12\/9-768x1247.jpg 768w, https:\/\/swietyjerzy.elblag.pl\/wp-content\/uploads\/2023\/12\/9-946x1536.jpg 946w, https:\/\/swietyjerzy.elblag.pl\/wp-content\/uploads\/2023\/12\/9-1262x2048.jpg 1262w, https:\/\/swietyjerzy.elblag.pl\/wp-content\/uploads\/2023\/12\/9.jpg 1316w\" sizes=\"(max-width: 631px) 100vw, 631px\" \/>\t\t\t\t\t\t\t\t\t\t\t\t\t\t\t<\/div>\n\t\t\t\t<\/div>\n\t\t\t\t<\/div>\n\t\t\t\t\t<\/div>\n\t\t\t\t<\/div>\n\t\t<div class=\"elementor-element elementor-element-2bf08a4 e-flex e-con-boxed e-con e-parent\" data-id=\"2bf08a4\" data-element_type=\"container\" data-settings=\"{&quot;content_width&quot;:&quot;boxed&quot;}\" data-core-v316-plus=\"true\">\n\t\t\t\t\t<div class=\"e-con-inner\">\n\t\t\t\t<div class=\"elementor-element elementor-element-ec4e070 elementor-widget elementor-widget-text-editor\" data-id=\"ec4e070\" data-element_type=\"widget\" data-widget_type=\"text-editor.default\">\n\t\t\t\t<div class=\"elementor-widget-container\">\n\t\t\t\t\t\t\t<p><strong>\u0179r\u00f3d\u0142a<\/strong>\u00a0:<br \/><strong>1. Dettlaff Danuta, Dettlaff Jan P<\/strong>. , Ko\u015bcio\u0142y Diecezji Elbl\u0105skiej : Nasze dziedzictwo : Dekanaty Elbl\u0105ga : T. 1, Bydgoszcz 2003, s.103<br \/><strong>2. J\u00f3zefczyk Mieczys\u0142aw<\/strong>, Elbl\u0105g : 1772-1850 : ko\u015bcio\u0142y chrze\u015bcija\u0144skie na prze\u0142omie dwu epok, Pelplin 2000, s. 211-212<\/p>\t\t\t\t\t\t<\/div>\n\t\t\t\t<\/div>\n\t\t\t\t\t<\/div>\n\t\t\t\t<\/div>\n\t\t<div class=\"elementor-element elementor-element-4aeed41 e-flex e-con-boxed e-con e-parent\" data-id=\"4aeed41\" data-element_type=\"container\" data-settings=\"{&quot;content_width&quot;:&quot;boxed&quot;}\" data-core-v316-plus=\"true\">\n\t\t\t\t\t<div class=\"e-con-inner\">\n\t\t\t\t<div class=\"elementor-element elementor-element-400077c elementor-widget-divider--view-line elementor-widget elementor-widget-divider\" data-id=\"400077c\" data-element_type=\"widget\" data-widget_type=\"divider.default\">\n\t\t\t\t<div class=\"elementor-widget-container\">\n\t\t\t<style>\/*! elementor - v3.18.0 - 08-12-2023 *\/\n.elementor-widget-divider{--divider-border-style:none;--divider-border-width:1px;--divider-color:#0c0d0e;--divider-icon-size:20px;--divider-element-spacing:10px;--divider-pattern-height:24px;--divider-pattern-size:20px;--divider-pattern-url:none;--divider-pattern-repeat:repeat-x}.elementor-widget-divider .elementor-divider{display:flex}.elementor-widget-divider .elementor-divider__text{font-size:15px;line-height:1;max-width:95%}.elementor-widget-divider .elementor-divider__element{margin:0 var(--divider-element-spacing);flex-shrink:0}.elementor-widget-divider .elementor-icon{font-size:var(--divider-icon-size)}.elementor-widget-divider .elementor-divider-separator{display:flex;margin:0;direction:ltr}.elementor-widget-divider--view-line_icon .elementor-divider-separator,.elementor-widget-divider--view-line_text .elementor-divider-separator{align-items:center}.elementor-widget-divider--view-line_icon .elementor-divider-separator:after,.elementor-widget-divider--view-line_icon .elementor-divider-separator:before,.elementor-widget-divider--view-line_text .elementor-divider-separator:after,.elementor-widget-divider--view-line_text .elementor-divider-separator:before{display:block;content:\"\";border-bottom:0;flex-grow:1;border-top:var(--divider-border-width) var(--divider-border-style) var(--divider-color)}.elementor-widget-divider--element-align-left .elementor-divider .elementor-divider-separator>.elementor-divider__svg:first-of-type{flex-grow:0;flex-shrink:100}.elementor-widget-divider--element-align-left .elementor-divider-separator:before{content:none}.elementor-widget-divider--element-align-left .elementor-divider__element{margin-left:0}.elementor-widget-divider--element-align-right .elementor-divider .elementor-divider-separator>.elementor-divider__svg:last-of-type{flex-grow:0;flex-shrink:100}.elementor-widget-divider--element-align-right .elementor-divider-separator:after{content:none}.elementor-widget-divider--element-align-right .elementor-divider__element{margin-right:0}.elementor-widget-divider:not(.elementor-widget-divider--view-line_text):not(.elementor-widget-divider--view-line_icon) .elementor-divider-separator{border-top:var(--divider-border-width) var(--divider-border-style) var(--divider-color)}.elementor-widget-divider--separator-type-pattern{--divider-border-style:none}.elementor-widget-divider--separator-type-pattern.elementor-widget-divider--view-line .elementor-divider-separator,.elementor-widget-divider--separator-type-pattern:not(.elementor-widget-divider--view-line) .elementor-divider-separator:after,.elementor-widget-divider--separator-type-pattern:not(.elementor-widget-divider--view-line) .elementor-divider-separator:before,.elementor-widget-divider--separator-type-pattern:not([class*=elementor-widget-divider--view]) .elementor-divider-separator{width:100%;min-height:var(--divider-pattern-height);-webkit-mask-size:var(--divider-pattern-size) 100%;mask-size:var(--divider-pattern-size) 100%;-webkit-mask-repeat:var(--divider-pattern-repeat);mask-repeat:var(--divider-pattern-repeat);background-color:var(--divider-color);-webkit-mask-image:var(--divider-pattern-url);mask-image:var(--divider-pattern-url)}.elementor-widget-divider--no-spacing{--divider-pattern-size:auto}.elementor-widget-divider--bg-round{--divider-pattern-repeat:round}.rtl .elementor-widget-divider .elementor-divider__text{direction:rtl}.e-con-inner>.elementor-widget-divider,.e-con>.elementor-widget-divider{width:var(--container-widget-width,100%);--flex-grow:var(--container-widget-flex-grow)}<\/style>\t\t<div class=\"elementor-divider\">\n\t\t\t<span class=\"elementor-divider-separator\">\n\t\t\t\t\t\t<\/span>\n\t\t<\/div>\n\t\t\t\t<\/div>\n\t\t\t\t<\/div>\n\t\t\t\t\t<\/div>\n\t\t\t\t<\/div>\n\t\t<div class=\"elementor-element elementor-element-aeffc94 e-flex e-con-boxed e-con e-parent\" data-id=\"aeffc94\" data-element_type=\"container\" data-settings=\"{&quot;content_width&quot;:&quot;boxed&quot;}\" data-core-v316-plus=\"true\">\n\t\t\t\t\t<div class=\"e-con-inner\">\n\t\t\t\t<div class=\"elementor-element elementor-element-edd1dd2 elementor-widget elementor-widget-heading\" data-id=\"edd1dd2\" data-element_type=\"widget\" data-widget_type=\"heading.default\">\n\t\t\t\t<div class=\"elementor-widget-container\">\n\t\t\t<style>\/*! elementor - v3.18.0 - 08-12-2023 *\/\n.elementor-heading-title{padding:0;margin:0;line-height:1}.elementor-widget-heading .elementor-heading-title[class*=elementor-size-]>a{color:inherit;font-size:inherit;line-height:inherit}.elementor-widget-heading .elementor-heading-title.elementor-size-small{font-size:15px}.elementor-widget-heading .elementor-heading-title.elementor-size-medium{font-size:19px}.elementor-widget-heading .elementor-heading-title.elementor-size-large{font-size:29px}.elementor-widget-heading .elementor-heading-title.elementor-size-xl{font-size:39px}.elementor-widget-heading .elementor-heading-title.elementor-size-xxl{font-size:59px}<\/style><h3 class=\"elementor-heading-title elementor-size-default\">Ko\u015bci\u00f3\u0142 \u015aw. Jerzego wsp\u00f3\u0142cze\u015bnie:<\/h3>\t\t<\/div>\n\t\t\t\t<\/div>\n\t\t\t\t\t<\/div>\n\t\t\t\t<\/div>\n\t\t<div class=\"elementor-element elementor-element-03e2678 e-flex e-con-boxed e-con e-parent\" data-id=\"03e2678\" data-element_type=\"container\" data-settings=\"{&quot;content_width&quot;:&quot;boxed&quot;}\" data-core-v316-plus=\"true\">\n\t\t\t\t\t<div class=\"e-con-inner\">\n\t\t\t\t<div class=\"elementor-element elementor-element-315609b elementor-widget elementor-widget-image-gallery\" data-id=\"315609b\" data-element_type=\"widget\" data-widget_type=\"image-gallery.default\">\n\t\t\t\t<div class=\"elementor-widget-container\">\n\t\t\t<style>\/*! elementor - v3.18.0 - 08-12-2023 *\/\n.elementor-image-gallery .gallery-item{display:inline-block;text-align:center;vertical-align:top;width:100%;max-width:100%;margin:0 auto}.elementor-image-gallery .gallery-item img{margin:0 auto}.elementor-image-gallery .gallery-item .gallery-caption{margin:0}.elementor-image-gallery figure img{display:block}.elementor-image-gallery figure figcaption{width:100%}.gallery-spacing-custom .elementor-image-gallery .gallery-icon{padding:0}@media (min-width:768px){.elementor-image-gallery .gallery-columns-2 .gallery-item{max-width:50%}.elementor-image-gallery .gallery-columns-3 .gallery-item{max-width:33.33%}.elementor-image-gallery .gallery-columns-4 .gallery-item{max-width:25%}.elementor-image-gallery .gallery-columns-5 .gallery-item{max-width:20%}.elementor-image-gallery .gallery-columns-6 .gallery-item{max-width:16.666%}.elementor-image-gallery .gallery-columns-7 .gallery-item{max-width:14.28%}.elementor-image-gallery .gallery-columns-8 .gallery-item{max-width:12.5%}.elementor-image-gallery .gallery-columns-9 .gallery-item{max-width:11.11%}.elementor-image-gallery .gallery-columns-10 .gallery-item{max-width:10%}}@media (min-width:480px) and (max-width:767px){.elementor-image-gallery .gallery.gallery-columns-2 .gallery-item,.elementor-image-gallery .gallery.gallery-columns-3 .gallery-item,.elementor-image-gallery .gallery.gallery-columns-4 .gallery-item,.elementor-image-gallery .gallery.gallery-columns-5 .gallery-item,.elementor-image-gallery .gallery.gallery-columns-6 .gallery-item,.elementor-image-gallery .gallery.gallery-columns-7 .gallery-item,.elementor-image-gallery .gallery.gallery-columns-8 .gallery-item,.elementor-image-gallery .gallery.gallery-columns-9 .gallery-item,.elementor-image-gallery .gallery.gallery-columns-10 .gallery-item{max-width:50%}}@media (max-width:479px){.elementor-image-gallery .gallery.gallery-columns-2 .gallery-item,.elementor-image-gallery .gallery.gallery-columns-3 .gallery-item,.elementor-image-gallery .gallery.gallery-columns-4 .gallery-item,.elementor-image-gallery .gallery.gallery-columns-5 .gallery-item,.elementor-image-gallery .gallery.gallery-columns-6 .gallery-item,.elementor-image-gallery .gallery.gallery-columns-7 .gallery-item,.elementor-image-gallery .gallery.gallery-columns-8 .gallery-item,.elementor-image-gallery .gallery.gallery-columns-9 .gallery-item,.elementor-image-gallery .gallery.gallery-columns-10 .gallery-item{max-width:100%}}<\/style>\t\t<div class=\"elementor-image-gallery\">\n\t\t\t<div id='gallery-1' class='gallery galleryid-2 gallery-columns-3 gallery-size-medium_large'><figure class='gallery-item'>\n\t\t\t<div class='gallery-icon landscape'>\n\t\t\t\t<a data-elementor-open-lightbox=\"yes\" data-elementor-lightbox-slideshow=\"315609b\" data-elementor-lightbox-title=\"DSC_0126\" data-e-action-hash=\"#elementor-action%3Aaction%3Dlightbox%26settings%3DeyJpZCI6MTM2NzMsInVybCI6Imh0dHBzOlwvXC9zd2lldHlqZXJ6eS5lbGJsYWcucGxcL3dwLWNvbnRlbnRcL3VwbG9hZHNcLzIwMjNcLzEyXC9EU0NfMDEyNi5qcGciLCJzbGlkZXNob3ciOiIzMTU2MDliIn0%3D\" href='https:\/\/swietyjerzy.elblag.pl\/wp-content\/uploads\/2023\/12\/DSC_0126.jpg'><img loading=\"lazy\" decoding=\"async\" width=\"768\" height=\"512\" src=\"https:\/\/swietyjerzy.elblag.pl\/wp-content\/uploads\/2023\/12\/DSC_0126-768x512.jpg\" class=\"attachment-medium_large size-medium_large\" alt=\"\" srcset=\"https:\/\/swietyjerzy.elblag.pl\/wp-content\/uploads\/2023\/12\/DSC_0126-768x512.jpg 768w, https:\/\/swietyjerzy.elblag.pl\/wp-content\/uploads\/2023\/12\/DSC_0126-300x200.jpg 300w, https:\/\/swietyjerzy.elblag.pl\/wp-content\/uploads\/2023\/12\/DSC_0126-1024x683.jpg 1024w, https:\/\/swietyjerzy.elblag.pl\/wp-content\/uploads\/2023\/12\/DSC_0126-1536x1024.jpg 1536w, https:\/\/swietyjerzy.elblag.pl\/wp-content\/uploads\/2023\/12\/DSC_0126-2048x1365.jpg 2048w\" sizes=\"(max-width: 768px) 100vw, 768px\" \/><\/a>\n\t\t\t<\/div><\/figure><figure class='gallery-item'>\n\t\t\t<div class='gallery-icon portrait'>\n\t\t\t\t<a data-elementor-open-lightbox=\"yes\" data-elementor-lightbox-slideshow=\"315609b\" data-elementor-lightbox-title=\"DSC_0128\" data-e-action-hash=\"#elementor-action%3Aaction%3Dlightbox%26settings%3DeyJpZCI6MTM2NzQsInVybCI6Imh0dHBzOlwvXC9zd2lldHlqZXJ6eS5lbGJsYWcucGxcL3dwLWNvbnRlbnRcL3VwbG9hZHNcLzIwMjNcLzEyXC9EU0NfMDEyOC5qcGciLCJzbGlkZXNob3ciOiIzMTU2MDliIn0%3D\" href='https:\/\/swietyjerzy.elblag.pl\/wp-content\/uploads\/2023\/12\/DSC_0128.jpg'><img loading=\"lazy\" decoding=\"async\" width=\"768\" height=\"1152\" src=\"https:\/\/swietyjerzy.elblag.pl\/wp-content\/uploads\/2023\/12\/DSC_0128-768x1152.jpg\" class=\"attachment-medium_large size-medium_large\" alt=\"\" srcset=\"https:\/\/swietyjerzy.elblag.pl\/wp-content\/uploads\/2023\/12\/DSC_0128-768x1152.jpg 768w, https:\/\/swietyjerzy.elblag.pl\/wp-content\/uploads\/2023\/12\/DSC_0128-200x300.jpg 200w, https:\/\/swietyjerzy.elblag.pl\/wp-content\/uploads\/2023\/12\/DSC_0128-683x1024.jpg 683w, https:\/\/swietyjerzy.elblag.pl\/wp-content\/uploads\/2023\/12\/DSC_0128-1024x1536.jpg 1024w, https:\/\/swietyjerzy.elblag.pl\/wp-content\/uploads\/2023\/12\/DSC_0128-1365x2048.jpg 1365w, https:\/\/swietyjerzy.elblag.pl\/wp-content\/uploads\/2023\/12\/DSC_0128.jpg 1600w\" sizes=\"(max-width: 768px) 100vw, 768px\" \/><\/a>\n\t\t\t<\/div><\/figure><figure class='gallery-item'>\n\t\t\t<div class='gallery-icon landscape'>\n\t\t\t\t<a data-elementor-open-lightbox=\"yes\" data-elementor-lightbox-slideshow=\"315609b\" data-elementor-lightbox-title=\"DSC_0132\" data-e-action-hash=\"#elementor-action%3Aaction%3Dlightbox%26settings%3DeyJpZCI6MTM2NzUsInVybCI6Imh0dHBzOlwvXC9zd2lldHlqZXJ6eS5lbGJsYWcucGxcL3dwLWNvbnRlbnRcL3VwbG9hZHNcLzIwMjNcLzEyXC9EU0NfMDEzMi5qcGciLCJzbGlkZXNob3ciOiIzMTU2MDliIn0%3D\" href='https:\/\/swietyjerzy.elblag.pl\/wp-content\/uploads\/2023\/12\/DSC_0132.jpg'><img loading=\"lazy\" decoding=\"async\" width=\"768\" height=\"512\" src=\"https:\/\/swietyjerzy.elblag.pl\/wp-content\/uploads\/2023\/12\/DSC_0132-768x512.jpg\" class=\"attachment-medium_large size-medium_large\" alt=\"\" srcset=\"https:\/\/swietyjerzy.elblag.pl\/wp-content\/uploads\/2023\/12\/DSC_0132-768x512.jpg 768w, https:\/\/swietyjerzy.elblag.pl\/wp-content\/uploads\/2023\/12\/DSC_0132-300x200.jpg 300w, https:\/\/swietyjerzy.elblag.pl\/wp-content\/uploads\/2023\/12\/DSC_0132-1024x683.jpg 1024w, https:\/\/swietyjerzy.elblag.pl\/wp-content\/uploads\/2023\/12\/DSC_0132-1536x1024.jpg 1536w, https:\/\/swietyjerzy.elblag.pl\/wp-content\/uploads\/2023\/12\/DSC_0132-2048x1365.jpg 2048w\" sizes=\"(max-width: 768px) 100vw, 768px\" \/><\/a>\n\t\t\t<\/div><\/figure><figure class='gallery-item'>\n\t\t\t<div class='gallery-icon landscape'>\n\t\t\t\t<a data-elementor-open-lightbox=\"yes\" data-elementor-lightbox-slideshow=\"315609b\" data-elementor-lightbox-title=\"DSC_0134\" data-e-action-hash=\"#elementor-action%3Aaction%3Dlightbox%26settings%3DeyJpZCI6MTM2NzYsInVybCI6Imh0dHBzOlwvXC9zd2lldHlqZXJ6eS5lbGJsYWcucGxcL3dwLWNvbnRlbnRcL3VwbG9hZHNcLzIwMjNcLzEyXC9EU0NfMDEzNC5qcGciLCJzbGlkZXNob3ciOiIzMTU2MDliIn0%3D\" href='https:\/\/swietyjerzy.elblag.pl\/wp-content\/uploads\/2023\/12\/DSC_0134.jpg'><img loading=\"lazy\" decoding=\"async\" width=\"768\" height=\"512\" src=\"https:\/\/swietyjerzy.elblag.pl\/wp-content\/uploads\/2023\/12\/DSC_0134-768x512.jpg\" class=\"attachment-medium_large size-medium_large\" alt=\"\" srcset=\"https:\/\/swietyjerzy.elblag.pl\/wp-content\/uploads\/2023\/12\/DSC_0134-768x512.jpg 768w, https:\/\/swietyjerzy.elblag.pl\/wp-content\/uploads\/2023\/12\/DSC_0134-300x200.jpg 300w, https:\/\/swietyjerzy.elblag.pl\/wp-content\/uploads\/2023\/12\/DSC_0134-1024x683.jpg 1024w, https:\/\/swietyjerzy.elblag.pl\/wp-content\/uploads\/2023\/12\/DSC_0134-1536x1024.jpg 1536w, https:\/\/swietyjerzy.elblag.pl\/wp-content\/uploads\/2023\/12\/DSC_0134-2048x1365.jpg 2048w\" sizes=\"(max-width: 768px) 100vw, 768px\" \/><\/a>\n\t\t\t<\/div><\/figure><figure class='gallery-item'>\n\t\t\t<div class='gallery-icon landscape'>\n\t\t\t\t<a data-elementor-open-lightbox=\"yes\" data-elementor-lightbox-slideshow=\"315609b\" data-elementor-lightbox-title=\"DSC_0136\" data-e-action-hash=\"#elementor-action%3Aaction%3Dlightbox%26settings%3DeyJpZCI6MTM2NzcsInVybCI6Imh0dHBzOlwvXC9zd2lldHlqZXJ6eS5lbGJsYWcucGxcL3dwLWNvbnRlbnRcL3VwbG9hZHNcLzIwMjNcLzEyXC9EU0NfMDEzNi5qcGciLCJzbGlkZXNob3ciOiIzMTU2MDliIn0%3D\" href='https:\/\/swietyjerzy.elblag.pl\/wp-content\/uploads\/2023\/12\/DSC_0136.jpg'><img loading=\"lazy\" decoding=\"async\" width=\"768\" height=\"512\" src=\"https:\/\/swietyjerzy.elblag.pl\/wp-content\/uploads\/2023\/12\/DSC_0136-768x512.jpg\" class=\"attachment-medium_large size-medium_large\" alt=\"\" srcset=\"https:\/\/swietyjerzy.elblag.pl\/wp-content\/uploads\/2023\/12\/DSC_0136-768x512.jpg 768w, https:\/\/swietyjerzy.elblag.pl\/wp-content\/uploads\/2023\/12\/DSC_0136-300x200.jpg 300w, https:\/\/swietyjerzy.elblag.pl\/wp-content\/uploads\/2023\/12\/DSC_0136-1024x683.jpg 1024w, https:\/\/swietyjerzy.elblag.pl\/wp-content\/uploads\/2023\/12\/DSC_0136-1536x1024.jpg 1536w, https:\/\/swietyjerzy.elblag.pl\/wp-content\/uploads\/2023\/12\/DSC_0136-2048x1365.jpg 2048w\" sizes=\"(max-width: 768px) 100vw, 768px\" \/><\/a>\n\t\t\t<\/div><\/figure><figure class='gallery-item'>\n\t\t\t<div class='gallery-icon landscape'>\n\t\t\t\t<a data-elementor-open-lightbox=\"yes\" data-elementor-lightbox-slideshow=\"315609b\" data-elementor-lightbox-title=\"DSC_0137\" data-e-action-hash=\"#elementor-action%3Aaction%3Dlightbox%26settings%3DeyJpZCI6MTM2NzgsInVybCI6Imh0dHBzOlwvXC9zd2lldHlqZXJ6eS5lbGJsYWcucGxcL3dwLWNvbnRlbnRcL3VwbG9hZHNcLzIwMjNcLzEyXC9EU0NfMDEzNy5qcGciLCJzbGlkZXNob3ciOiIzMTU2MDliIn0%3D\" href='https:\/\/swietyjerzy.elblag.pl\/wp-content\/uploads\/2023\/12\/DSC_0137.jpg'><img loading=\"lazy\" decoding=\"async\" width=\"768\" height=\"512\" src=\"https:\/\/swietyjerzy.elblag.pl\/wp-content\/uploads\/2023\/12\/DSC_0137-768x512.jpg\" class=\"attachment-medium_large size-medium_large\" alt=\"\" srcset=\"https:\/\/swietyjerzy.elblag.pl\/wp-content\/uploads\/2023\/12\/DSC_0137-768x512.jpg 768w, https:\/\/swietyjerzy.elblag.pl\/wp-content\/uploads\/2023\/12\/DSC_0137-300x200.jpg 300w, https:\/\/swietyjerzy.elblag.pl\/wp-content\/uploads\/2023\/12\/DSC_0137-1024x683.jpg 1024w, https:\/\/swietyjerzy.elblag.pl\/wp-content\/uploads\/2023\/12\/DSC_0137-1536x1024.jpg 1536w, https:\/\/swietyjerzy.elblag.pl\/wp-content\/uploads\/2023\/12\/DSC_0137-2048x1365.jpg 2048w\" sizes=\"(max-width: 768px) 100vw, 768px\" \/><\/a>\n\t\t\t<\/div><\/figure>\n\t\t<\/div>\n\t\t<\/div>\n\t\t\t\t<\/div>\n\t\t\t\t<\/div>\n\t\t\t\t\t<\/div>\n\t\t\t\t<\/div>\n\t\t\t\t\t\t\t<\/div>\n\t\t","protected":false},"excerpt":{"rendered":"<p>Ko\u015bci\u00f3\u0142 \u015bw. Jerzego (Neust\u00e4dtische ST. Georg Kirche) &#8211; by\u0142 ko\u015bcio\u0142em szpitalnym Nowego Miasta Elbl\u0105ga, zwi\u0105zanym od\u00a0najdawniejszych czas\u00f3w z nowomiejskim ko\u015bcio\u0142em Trzech Kr\u00f3li. Sta\u0142 on daleko na polach nowomiejskich. Pierwsza wzmianka o tym zabytku pochodzi z 1340 roku. By\u0142 to ko\u015bci\u00f3\u0142 szpitalny zbudowany obok szpitala dla tr\u0119dowatych. (\u015awi\u0119ty Jerzy- patronowa\u0142 szpitalom. O jego wstawiennictwo proszono zw\u0142aszcza&#8230;<\/p>\n","protected":false},"author":1,"featured_media":0,"parent":0,"menu_order":0,"comment_status":"closed","ping_status":"closed","template":"","meta":{"_tbt_post_transparent":"default","_tbt_post_title":"default","_tbt_post_layout":"default","_tbt_post_sidebar_id":"sidebar-primary","_tbt_post_content_style":"default","_tbt_post_vertical_padding":"default","_tbt_post_feature":"default","_tbt_post_feature_position":"behind","_tbt_post_header":false,"_tbt_post_footer":false},"class_list":["post-2","page","type-page","status-publish","hentry"],"_links":{"self":[{"href":"https:\/\/swietyjerzy.elblag.pl\/index.php\/wp-json\/wp\/v2\/pages\/2","targetHints":{"allow":["GET"]}}],"collection":[{"href":"https:\/\/swietyjerzy.elblag.pl\/index.php\/wp-json\/wp\/v2\/pages"}],"about":[{"href":"https:\/\/swietyjerzy.elblag.pl\/index.php\/wp-json\/wp\/v2\/types\/page"}],"author":[{"embeddable":true,"href":"https:\/\/swietyjerzy.elblag.pl\/index.php\/wp-json\/wp\/v2\/users\/1"}],"replies":[{"embeddable":true,"href":"https:\/\/swietyjerzy.elblag.pl\/index.php\/wp-json\/wp\/v2\/comments?post=2"}],"version-history":[{"count":12,"href":"https:\/\/swietyjerzy.elblag.pl\/index.php\/wp-json\/wp\/v2\/pages\/2\/revisions"}],"predecessor-version":[{"id":13696,"href":"https:\/\/swietyjerzy.elblag.pl\/index.php\/wp-json\/wp\/v2\/pages\/2\/revisions\/13696"}],"wp:attachment":[{"href":"https:\/\/swietyjerzy.elblag.pl\/index.php\/wp-json\/wp\/v2\/media?parent=2"}],"curies":[{"name":"wp","href":"https:\/\/api.w.org\/{rel}","templated":true}]}}