{"id":13749,"date":"2023-12-12T22:41:05","date_gmt":"2023-12-12T22:41:05","guid":{"rendered":"https:\/\/swietyjerzy.elblag.pl\/?page_id=13749"},"modified":"2023-12-13T15:04:12","modified_gmt":"2023-12-13T15:04:12","slug":"kancelaria-parafialna","status":"publish","type":"page","link":"https:\/\/swietyjerzy.elblag.pl\/index.php\/kancelaria-parafialna\/","title":{"rendered":"Kancelaria Parafialna"},"content":{"rendered":"\t\t<div data-elementor-type=\"wp-page\" data-elementor-id=\"13749\" class=\"elementor elementor-13749\">\n\t\t\t\t\t\t\t<div class=\"elementor-element elementor-element-ab61cec e-flex e-con-boxed e-con e-parent\" data-id=\"ab61cec\" data-element_type=\"container\" data-settings=\"{&quot;content_width&quot;:&quot;boxed&quot;}\" data-core-v316-plus=\"true\">\n\t\t\t\t\t<div class=\"e-con-inner\">\n\t\t<div class=\"elementor-element elementor-element-101d827 e-con-full e-flex e-con e-child\" data-id=\"101d827\" data-element_type=\"container\" data-settings=\"{&quot;content_width&quot;:&quot;full&quot;}\">\n\t\t\t\t<div class=\"elementor-element elementor-element-0bcdd9a elementor-widget elementor-widget-image\" data-id=\"0bcdd9a\" data-element_type=\"widget\" data-widget_type=\"image.default\">\n\t\t\t\t<div class=\"elementor-widget-container\">\n\t\t\t<style>\/*! elementor - v3.18.0 - 08-12-2023 *\/\n.elementor-widget-image{text-align:center}.elementor-widget-image a{display:inline-block}.elementor-widget-image a img[src$=\".svg\"]{width:48px}.elementor-widget-image img{vertical-align:middle;display:inline-block}<\/style>\t\t\t\t\t\t\t\t\t\t\t\t<img fetchpriority=\"high\" decoding=\"async\" width=\"1024\" height=\"683\" src=\"https:\/\/swietyjerzy.elblag.pl\/wp-content\/uploads\/2023\/12\/DSC_0139-1024x683.jpg\" class=\"attachment-large size-large wp-image-13751\" alt=\"\" srcset=\"https:\/\/swietyjerzy.elblag.pl\/wp-content\/uploads\/2023\/12\/DSC_0139-1024x683.jpg 1024w, https:\/\/swietyjerzy.elblag.pl\/wp-content\/uploads\/2023\/12\/DSC_0139-300x200.jpg 300w, https:\/\/swietyjerzy.elblag.pl\/wp-content\/uploads\/2023\/12\/DSC_0139-768x512.jpg 768w, https:\/\/swietyjerzy.elblag.pl\/wp-content\/uploads\/2023\/12\/DSC_0139-1536x1024.jpg 1536w, https:\/\/swietyjerzy.elblag.pl\/wp-content\/uploads\/2023\/12\/DSC_0139-2048x1365.jpg 2048w\" sizes=\"(max-width: 1024px) 100vw, 1024px\" \/>\t\t\t\t\t\t\t\t\t\t\t\t\t\t\t<\/div>\n\t\t\t\t<\/div>\n\t\t\t\t<\/div>\n\t\t<div class=\"elementor-element elementor-element-60fa3bb e-con-full e-flex e-con e-child\" data-id=\"60fa3bb\" data-element_type=\"container\" data-settings=\"{&quot;content_width&quot;:&quot;full&quot;}\">\n\t\t<div class=\"elementor-element elementor-element-41a2e86 e-flex e-con-boxed e-con e-child\" data-id=\"41a2e86\" data-element_type=\"container\" data-settings=\"{&quot;content_width&quot;:&quot;boxed&quot;}\">\n\t\t\t\t\t<div class=\"e-con-inner\">\n\t\t\t\t<div class=\"elementor-element elementor-element-369d389 elementor-widget elementor-widget-text-editor\" data-id=\"369d389\" data-element_type=\"widget\" data-widget_type=\"text-editor.default\">\n\t\t\t\t<div class=\"elementor-widget-container\">\n\t\t\t<style>\/*! elementor - v3.18.0 - 08-12-2023 *\/\n.elementor-widget-text-editor.elementor-drop-cap-view-stacked .elementor-drop-cap{background-color:#69727d;color:#fff}.elementor-widget-text-editor.elementor-drop-cap-view-framed .elementor-drop-cap{color:#69727d;border:3px solid;background-color:transparent}.elementor-widget-text-editor:not(.elementor-drop-cap-view-default) .elementor-drop-cap{margin-top:8px}.elementor-widget-text-editor:not(.elementor-drop-cap-view-default) .elementor-drop-cap-letter{width:1em;height:1em}.elementor-widget-text-editor .elementor-drop-cap{float:left;text-align:center;line-height:1;font-size:50px}.elementor-widget-text-editor .elementor-drop-cap-letter{display:inline-block}<\/style>\t\t\t\t<h6>Kancelaria CZYNNA jest :<\/h6><ul><li style=\"text-align: left;\"><strong>w poniedzia\u0142ki, \u015brody i pi\u0105tki:<\/strong><br \/><strong>15.00 &#8211; 17.00<\/strong><\/li><li style=\"text-align: left;\"><strong>w soboty: <br \/><\/strong><strong>9.00 &#8211; 11.00<\/strong><\/li><\/ul>\t\t\t\t\t\t<\/div>\n\t\t\t\t<\/div>\n\t\t\t\t\t<\/div>\n\t\t\t\t<\/div>\n\t\t<div class=\"elementor-element elementor-element-99b5c77 e-flex e-con-boxed e-con e-child\" data-id=\"99b5c77\" data-element_type=\"container\" data-settings=\"{&quot;content_width&quot;:&quot;boxed&quot;}\">\n\t\t\t\t\t<div class=\"e-con-inner\">\n\t\t\t\t<div class=\"elementor-element elementor-element-fa0b0f3 elementor-widget elementor-widget-text-editor\" data-id=\"fa0b0f3\" data-element_type=\"widget\" data-widget_type=\"text-editor.default\">\n\t\t\t\t<div class=\"elementor-widget-container\">\n\t\t\t\t\t\t\t<ul><li>W przypadku udzielenia sakramentu chorych lub w kwestii zg\u0142oszenia pogrzebu katolickiego prosimy dzwoni\u0107 pod numer telefonu:\u00a0<strong>55 615-13-51<\/strong>.<\/li><\/ul>\t\t\t\t\t\t<\/div>\n\t\t\t\t<\/div>\n\t\t\t\t\t<\/div>\n\t\t\t\t<\/div>\n\t\t\t\t<\/div>\n\t\t\t\t\t<\/div>\n\t\t\t\t<\/div>\n\t\t<div class=\"elementor-element elementor-element-494a2bb e-flex e-con-boxed e-con e-parent\" data-id=\"494a2bb\" data-element_type=\"container\" data-settings=\"{&quot;content_width&quot;:&quot;boxed&quot;}\" data-core-v316-plus=\"true\">\n\t\t\t\t\t<div class=\"e-con-inner\">\n\t\t\t\t<div class=\"elementor-element elementor-element-806577a elementor-widget elementor-widget-spacer\" data-id=\"806577a\" data-element_type=\"widget\" data-widget_type=\"spacer.default\">\n\t\t\t\t<div class=\"elementor-widget-container\">\n\t\t\t<style>\/*! elementor - v3.18.0 - 08-12-2023 *\/\n.elementor-column .elementor-spacer-inner{height:var(--spacer-size)}.e-con{--container-widget-width:100%}.e-con-inner>.elementor-widget-spacer,.e-con>.elementor-widget-spacer{width:var(--container-widget-width,var(--spacer-size));--align-self:var(--container-widget-align-self,initial);--flex-shrink:0}.e-con-inner>.elementor-widget-spacer>.elementor-widget-container,.e-con>.elementor-widget-spacer>.elementor-widget-container{height:100%;width:100%}.e-con-inner>.elementor-widget-spacer>.elementor-widget-container>.elementor-spacer,.e-con>.elementor-widget-spacer>.elementor-widget-container>.elementor-spacer{height:100%}.e-con-inner>.elementor-widget-spacer>.elementor-widget-container>.elementor-spacer>.elementor-spacer-inner,.e-con>.elementor-widget-spacer>.elementor-widget-container>.elementor-spacer>.elementor-spacer-inner{height:var(--container-widget-height,var(--spacer-size))}.e-con-inner>.elementor-widget-spacer.elementor-widget-empty,.e-con>.elementor-widget-spacer.elementor-widget-empty{position:relative;min-height:22px;min-width:22px}.e-con-inner>.elementor-widget-spacer.elementor-widget-empty .elementor-widget-empty-icon,.e-con>.elementor-widget-spacer.elementor-widget-empty .elementor-widget-empty-icon{position:absolute;top:0;bottom:0;left:0;right:0;margin:auto;padding:0;width:22px;height:22px}<\/style>\t\t<div class=\"elementor-spacer\">\n\t\t\t<div class=\"elementor-spacer-inner\"><\/div>\n\t\t<\/div>\n\t\t\t\t<\/div>\n\t\t\t\t<\/div>\n\t\t\t\t\t<\/div>\n\t\t\t\t<\/div>\n\t\t<div class=\"elementor-element elementor-element-65405e7 e-flex e-con-boxed e-con e-parent\" data-id=\"65405e7\" data-element_type=\"container\" data-settings=\"{&quot;content_width&quot;:&quot;boxed&quot;}\" data-core-v316-plus=\"true\">\n\t\t\t\t\t<div class=\"e-con-inner\">\n\t\t\t\t<div class=\"elementor-element elementor-element-1644df1 elementor-widget elementor-widget-text-editor\" data-id=\"1644df1\" data-element_type=\"widget\" data-widget_type=\"text-editor.default\">\n\t\t\t\t<div class=\"elementor-widget-container\">\n\t\t\t\t\t\t\t<h5 style=\"text-align: center;\">INFORMACJA O RODO<\/h5><p>Informujemy, \u017ce od dnia 25 maja 2018 r.. zgodnie z rozporz\u0105dzeniem Parlamentu Europejskiego i Rady UE wesz\u0142y przepisy dotycz\u0105ce kwestii przetwarzania danych osobowych i w sprawie swobodnego przep\u0142ywu takich danych. Przepisy te nak\u0142adaj\u0105 na administrator\u00f3w danych konieczno\u015b\u0107 bezwzgl\u0119dnej ich ochrony. W zwi\u0105zku z tym wszelkiego rodzaju za\u015bwiadczenia wydawane w kancelarii parafialnej, b\u0119d\u0105 udost\u0119pnione tylko osobom bezpo\u015brednio zainteresowanym, po przedstawieniu dowodu to\u017csamo\u015bci lub osobom trzecim maj\u0105cym upowa\u017cnienie pisemne do pobrania takich danych.<\/p>\t\t\t\t\t\t<\/div>\n\t\t\t\t<\/div>\n\t\t\t\t\t<\/div>\n\t\t\t\t<\/div>\n\t\t<div class=\"elementor-element elementor-element-f952db1 e-flex e-con-boxed e-con e-parent\" data-id=\"f952db1\" data-element_type=\"container\" data-settings=\"{&quot;content_width&quot;:&quot;boxed&quot;}\" data-core-v316-plus=\"true\">\n\t\t\t\t\t<div class=\"e-con-inner\">\n\t\t\t\t<div class=\"elementor-element elementor-element-f04d663 elementor-widget elementor-widget-button\" data-id=\"f04d663\" data-element_type=\"widget\" data-widget_type=\"button.default\">\n\t\t\t\t<div class=\"elementor-widget-container\">\n\t\t\t\t\t<div class=\"elementor-button-wrapper\">\n\t\t\t<a class=\"elementor-button elementor-button-link elementor-size-sm\" href=\"http:\/\/swietyjerzy.elblag.pl\/wp-content\/uploads\/2023\/12\/upowaznienie.pdf\">\n\t\t\t\t\t\t<span class=\"elementor-button-content-wrapper\">\n\t\t\t\t\t\t<span class=\"elementor-button-text\">UPOWA\u017bNIENIE DO ODBIORU DOKUMENTU <\/span>\n\t\t<\/span>\n\t\t\t\t\t<\/a>\n\t\t<\/div>\n\t\t\t\t<\/div>\n\t\t\t\t<\/div>\n\t\t\t\t\t<\/div>\n\t\t\t\t<\/div>\n\t\t<div class=\"elementor-element elementor-element-fb99597 e-flex e-con-boxed e-con e-parent\" data-id=\"fb99597\" data-element_type=\"container\" data-settings=\"{&quot;content_width&quot;:&quot;boxed&quot;}\" data-core-v316-plus=\"true\">\n\t\t\t\t\t<div class=\"e-con-inner\">\n\t\t\t\t<div class=\"elementor-element elementor-element-0fd760f elementor-widget elementor-widget-spacer\" data-id=\"0fd760f\" data-element_type=\"widget\" data-widget_type=\"spacer.default\">\n\t\t\t\t<div class=\"elementor-widget-container\">\n\t\t\t\t\t<div class=\"elementor-spacer\">\n\t\t\t<div class=\"elementor-spacer-inner\"><\/div>\n\t\t<\/div>\n\t\t\t\t<\/div>\n\t\t\t\t<\/div>\n\t\t\t\t\t<\/div>\n\t\t\t\t<\/div>\n\t\t<div class=\"elementor-element elementor-element-14cc81b e-flex e-con-boxed e-con e-parent\" data-id=\"14cc81b\" data-element_type=\"container\" data-settings=\"{&quot;content_width&quot;:&quot;boxed&quot;}\" data-core-v316-plus=\"true\">\n\t\t\t\t\t<div class=\"e-con-inner\">\n\t\t\t\t<div class=\"elementor-element elementor-element-8c1c578 elementor-widget elementor-widget-heading\" data-id=\"8c1c578\" data-element_type=\"widget\" data-widget_type=\"heading.default\">\n\t\t\t\t<div class=\"elementor-widget-container\">\n\t\t\t<style>\/*! elementor - v3.18.0 - 08-12-2023 *\/\n.elementor-heading-title{padding:0;margin:0;line-height:1}.elementor-widget-heading .elementor-heading-title[class*=elementor-size-]>a{color:inherit;font-size:inherit;line-height:inherit}.elementor-widget-heading .elementor-heading-title.elementor-size-small{font-size:15px}.elementor-widget-heading .elementor-heading-title.elementor-size-medium{font-size:19px}.elementor-widget-heading .elementor-heading-title.elementor-size-large{font-size:29px}.elementor-widget-heading .elementor-heading-title.elementor-size-xl{font-size:39px}.elementor-widget-heading .elementor-heading-title.elementor-size-xxl{font-size:59px}<\/style><h2 class=\"elementor-heading-title elementor-size-default\">Sakramenty \u015awi\u0119te<\/h2>\t\t<\/div>\n\t\t\t\t<\/div>\n\t\t\t\t\t<\/div>\n\t\t\t\t<\/div>\n\t\t<div class=\"elementor-element elementor-element-1be026d e-flex e-con-boxed e-con e-parent\" data-id=\"1be026d\" data-element_type=\"container\" data-settings=\"{&quot;content_width&quot;:&quot;boxed&quot;}\" data-core-v316-plus=\"true\">\n\t\t\t\t\t<div class=\"e-con-inner\">\n\t\t<div class=\"elementor-element elementor-element-23475fa e-con-full e-flex e-con e-child\" data-id=\"23475fa\" data-element_type=\"container\" data-settings=\"{&quot;content_width&quot;:&quot;full&quot;}\">\n\t\t\t\t<div class=\"elementor-element elementor-element-1e78b2d elementor-widget elementor-widget-image\" data-id=\"1e78b2d\" data-element_type=\"widget\" data-widget_type=\"image.default\">\n\t\t\t\t<div class=\"elementor-widget-container\">\n\t\t\t\t\t\t\t\t\t\t\t\t\t\t\t<img decoding=\"async\" width=\"683\" height=\"1024\" src=\"https:\/\/swietyjerzy.elblag.pl\/wp-content\/uploads\/2023\/12\/DSC_0054-683x1024.jpg\" class=\"attachment-large size-large wp-image-13753\" alt=\"\" srcset=\"https:\/\/swietyjerzy.elblag.pl\/wp-content\/uploads\/2023\/12\/DSC_0054-683x1024.jpg 683w, https:\/\/swietyjerzy.elblag.pl\/wp-content\/uploads\/2023\/12\/DSC_0054-200x300.jpg 200w, https:\/\/swietyjerzy.elblag.pl\/wp-content\/uploads\/2023\/12\/DSC_0054-768x1152.jpg 768w, https:\/\/swietyjerzy.elblag.pl\/wp-content\/uploads\/2023\/12\/DSC_0054-1024x1536.jpg 1024w, https:\/\/swietyjerzy.elblag.pl\/wp-content\/uploads\/2023\/12\/DSC_0054-1365x2048.jpg 1365w, https:\/\/swietyjerzy.elblag.pl\/wp-content\/uploads\/2023\/12\/DSC_0054-scaled.jpg 1707w\" sizes=\"(max-width: 683px) 100vw, 683px\" \/>\t\t\t\t\t\t\t\t\t\t\t\t\t\t\t<\/div>\n\t\t\t\t<\/div>\n\t\t\t\t<\/div>\n\t\t<div class=\"elementor-element elementor-element-73f02c9 e-con-full e-flex e-con e-child\" data-id=\"73f02c9\" data-element_type=\"container\" data-settings=\"{&quot;content_width&quot;:&quot;full&quot;}\">\n\t\t\t\t<div class=\"elementor-element elementor-element-532a783 elementor-widget elementor-widget-accordion\" data-id=\"532a783\" data-element_type=\"widget\" data-widget_type=\"accordion.default\">\n\t\t\t\t<div class=\"elementor-widget-container\">\n\t\t\t<style>\/*! elementor - v3.18.0 - 08-12-2023 *\/\n.elementor-accordion{text-align:left}.elementor-accordion .elementor-accordion-item{border:1px solid #d5d8dc}.elementor-accordion .elementor-accordion-item+.elementor-accordion-item{border-top:none}.elementor-accordion .elementor-tab-title{margin:0;padding:15px 20px;font-weight:700;line-height:1;cursor:pointer;outline:none}.elementor-accordion .elementor-tab-title .elementor-accordion-icon{display:inline-block;width:1.5em}.elementor-accordion .elementor-tab-title .elementor-accordion-icon svg{width:1em;height:1em}.elementor-accordion .elementor-tab-title .elementor-accordion-icon.elementor-accordion-icon-right{float:right;text-align:right}.elementor-accordion .elementor-tab-title .elementor-accordion-icon.elementor-accordion-icon-left{float:left;text-align:left}.elementor-accordion .elementor-tab-title .elementor-accordion-icon .elementor-accordion-icon-closed{display:block}.elementor-accordion .elementor-tab-title .elementor-accordion-icon .elementor-accordion-icon-opened,.elementor-accordion .elementor-tab-title.elementor-active .elementor-accordion-icon-closed{display:none}.elementor-accordion .elementor-tab-title.elementor-active .elementor-accordion-icon-opened{display:block}.elementor-accordion .elementor-tab-content{display:none;padding:15px 20px;border-top:1px solid #d5d8dc}@media (max-width:767px){.elementor-accordion .elementor-tab-title{padding:12px 15px}.elementor-accordion .elementor-tab-title .elementor-accordion-icon{width:1.2em}.elementor-accordion .elementor-tab-content{padding:7px 15px}}.e-con-inner>.elementor-widget-accordion,.e-con>.elementor-widget-accordion{width:var(--container-widget-width);--flex-grow:var(--container-widget-flex-grow)}<\/style>\t\t<div class=\"elementor-accordion\">\n\t\t\t\t\t\t\t<div class=\"elementor-accordion-item\">\n\t\t\t\t\t<div id=\"elementor-tab-title-8721\" class=\"elementor-tab-title\" data-tab=\"1\" role=\"button\" aria-controls=\"elementor-tab-content-8721\" aria-expanded=\"false\">\n\t\t\t\t\t\t\t\t\t\t\t\t\t<span class=\"elementor-accordion-icon elementor-accordion-icon-left\" aria-hidden=\"true\">\n\t\t\t\t\t\t\t\t\t\t\t\t\t\t\t<span class=\"elementor-accordion-icon-closed\"><svg class=\"e-font-icon-svg e-fas-plus\" viewBox=\"0 0 448 512\" xmlns=\"http:\/\/www.w3.org\/2000\/svg\"><path d=\"M416 208H272V64c0-17.67-14.33-32-32-32h-32c-17.67 0-32 14.33-32 32v144H32c-17.67 0-32 14.33-32 32v32c0 17.67 14.33 32 32 32h144v144c0 17.67 14.33 32 32 32h32c17.67 0 32-14.33 32-32V304h144c17.67 0 32-14.33 32-32v-32c0-17.67-14.33-32-32-32z\"><\/path><\/svg><\/span>\n\t\t\t\t\t\t\t\t<span class=\"elementor-accordion-icon-opened\"><svg class=\"e-font-icon-svg e-fas-minus\" viewBox=\"0 0 448 512\" xmlns=\"http:\/\/www.w3.org\/2000\/svg\"><path d=\"M416 208H32c-17.67 0-32 14.33-32 32v32c0 17.67 14.33 32 32 32h384c17.67 0 32-14.33 32-32v-32c0-17.67-14.33-32-32-32z\"><\/path><\/svg><\/span>\n\t\t\t\t\t\t\t\t\t\t\t\t\t\t<\/span>\n\t\t\t\t\t\t\t\t\t\t\t\t<a class=\"elementor-accordion-title\" tabindex=\"0\">SAKRAMENT CHRZTU \u015aWI\u0118TEGO<\/a>\n\t\t\t\t\t<\/div>\n\t\t\t\t\t<div id=\"elementor-tab-content-8721\" class=\"elementor-tab-content elementor-clearfix\" data-tab=\"1\" role=\"region\" aria-labelledby=\"elementor-tab-title-8721\"><p><strong>Terminy Chrztu dzieci: druga i czwarta niedziela miesi\u0105ca \u2013 M<\/strong><strong>sza \u015bw. o godz. 13.00.<\/strong><\/p>\n<p>Dokumenty potrzebne do Sakrament Chrztu \u015awi\u0119tego dziecka:<br \/>1) Akt Urodzenia dziecka \u2013 orygina\u0142<br \/>2) \u015awiadectwa moralno\u015bci rodzic\u00f3w chrzestnych \u2013 wydawane w Parafii ich zamieszkania<br \/>3) Je\u015bli Rodzice nie mieszkaj\u0105 na terenie naszej parafii wymagana jest pisemna zgoda na Chrzest dziecka z Parafii miejsca zamieszkania<\/p>\n<p>Zg\u0142oszenia nale\u017cy dokona\u0107 w kancelarii parafialnej. Nie potrzeba dodatkowego i wcze\u015bniejszego \u201erezerwowania\u201d terminu chrztu. Do obrz\u0119du chrztu wymagana jest \u015bwieca chrzcielna i bia\u0142a szata.<\/p>\n<p>Wymagania dla kandydat\u00f3w na rodzic\u00f3w chrzestnych:<br \/>1) Uko\u0144czone 16 lat (ks. Proboszcz mo\u017ce dla wa\u017cnej przyczyny z tego wymagania zwolni\u0107)<br \/>2) Osoba wyznania rzymskokatolickiego, bierzmowana, kt\u00f3ra prowadzi \u017cycie zgodnie z zasadami wiary i obowi\u0105zku, kt\u00f3ry ma przyj\u0105\u0107 w wychowaniu chrze\u015bcija\u0144skim dziecka.<\/p><\/div>\n\t\t\t\t<\/div>\n\t\t\t\t\t\t\t<div class=\"elementor-accordion-item\">\n\t\t\t\t\t<div id=\"elementor-tab-title-8722\" class=\"elementor-tab-title\" data-tab=\"2\" role=\"button\" aria-controls=\"elementor-tab-content-8722\" aria-expanded=\"false\">\n\t\t\t\t\t\t\t\t\t\t\t\t\t<span class=\"elementor-accordion-icon elementor-accordion-icon-left\" aria-hidden=\"true\">\n\t\t\t\t\t\t\t\t\t\t\t\t\t\t\t<span class=\"elementor-accordion-icon-closed\"><svg class=\"e-font-icon-svg e-fas-plus\" viewBox=\"0 0 448 512\" xmlns=\"http:\/\/www.w3.org\/2000\/svg\"><path d=\"M416 208H272V64c0-17.67-14.33-32-32-32h-32c-17.67 0-32 14.33-32 32v144H32c-17.67 0-32 14.33-32 32v32c0 17.67 14.33 32 32 32h144v144c0 17.67 14.33 32 32 32h32c17.67 0 32-14.33 32-32V304h144c17.67 0 32-14.33 32-32v-32c0-17.67-14.33-32-32-32z\"><\/path><\/svg><\/span>\n\t\t\t\t\t\t\t\t<span class=\"elementor-accordion-icon-opened\"><svg class=\"e-font-icon-svg e-fas-minus\" viewBox=\"0 0 448 512\" xmlns=\"http:\/\/www.w3.org\/2000\/svg\"><path d=\"M416 208H32c-17.67 0-32 14.33-32 32v32c0 17.67 14.33 32 32 32h384c17.67 0 32-14.33 32-32v-32c0-17.67-14.33-32-32-32z\"><\/path><\/svg><\/span>\n\t\t\t\t\t\t\t\t\t\t\t\t\t\t<\/span>\n\t\t\t\t\t\t\t\t\t\t\t\t<a class=\"elementor-accordion-title\" tabindex=\"0\">SAKRAMENT MA\u0141\u017bE\u0143STWA<\/a>\n\t\t\t\t\t<\/div>\n\t\t\t\t\t<div id=\"elementor-tab-content-8722\" class=\"elementor-tab-content elementor-clearfix\" data-tab=\"2\" role=\"region\" aria-labelledby=\"elementor-tab-title-8722\"><p>Dokumenty potrzebne do zawarcia Sakramentu Ma\u0142\u017ce\u0144stwa (sk\u0142adane w kancelarii parafialnej):<\/p>\n<p>1) Aktualne \u015bwiadectwa Chrztu (wa\u017cne 4 miesi\u0105ce, licz\u0105c do daty \u015blubu), kt\u00f3re wybieramy z parafii, w kt\u00f3rej by\u0142 chrzest. Gdyby na \u015bwiadectwie nie by\u0142o adnotacji o bierzmowaniu, dodatkowo wybieramy za\u015bwiadczenie o bierzmowaniu z parafii, w kt\u00f3rej odby\u0142o si\u0119 bierzmowanie.<\/p>\n<p>2) Dowody osobiste narzeczonych<\/p>\n<p>3) Wniosek konkordatowy z USC (wa\u017cny tylko 3 miesi\u0105ce, licz\u0105c do daty \u015blubu!) lub Akt \u015alubu Cywilnego<\/p>\n<p>UWAGA! Nale\u017cy sprawdzi\u0107 ca\u0142kowit\u0105 zgodno\u015b\u0107 danych osobowych na dokumentach z poz. 1, 2 i 3 (imiona i nazwisko, data i miejsce urodzenia, imiona i nazwiska rodzic\u00f3w). W przypadku jakiejkolwiek niezgodno\u015bci, nale\u017cy prawnie skorygowa\u0107 dane w Urz\u0119dzie Pa\u0144stwowym lub Ko\u015bcielnym (tam, gdzie wyst\u0119puje b\u0142\u0105d).<\/p>\n<p>4) \u015awiadectwa uko\u0144czenia Katechez Przed\u015blubnych (je\u015bli nauki przed\u015blubne jeszcze trwaj\u0105, to nale\u017cy okaza\u0107 za\u015bwiadczenie o uczestnictwie w naukach)<\/p>\n<p>5) \u015awiadectwa nauki religii z ostatniej klasy (\u015bwiadectwa szkolne z ocen\u0105 z religii lub oddzielne \u015bwiadectwa z religii)<\/p>\n<p>6) Zgoda na zawarcie ma\u0142\u017ce\u0144stwa (tylko w przypadku, gdy oboje narzeczeni mieszkaj\u0105 poza parafi\u0105 zawierania ma\u0142\u017ce\u0144stwa)<\/p>\n<p>Mo\u017cliwe jest zawarcie ma\u0142\u017ce\u0144stwa z tzw. \u201elicencj\u0105\u201d, tj. dokumentem zezwalaj\u0105cym na b\u0142ogos\u0142awienie ma\u0142\u017ce\u0144stwa w naszym ko\u015bciele, wystawionym na podstawie protoko\u0142u przed\u015blubnego, kt\u00f3ry mo\u017ce by\u0107 sporz\u0105dzony w parafii zamieszkania narzeczonej lub narzeczonego.<\/p>\n<p>Oboje narzeczeni powinni zg\u0142osi\u0107 si\u0119 z ww. dokumentami do kancelarii parafialnej nie p\u00f3\u017aniej ni\u017c 2,5 miesi\u0105ca przed terminem \u015blubu w celu sporz\u0105dzenia protoko\u0142u przed\u015blubnego!!! (Rezerwacji terminu \u015blubu nale\u017cy dokona\u0107 odpowiednio wcze\u015bniej). Druga cz\u0119\u015b\u0107 protoko\u0142u sporz\u0105dzana jest nie p\u00f3\u017aniej ni\u017c 2 tygodnie przed \u015blubem.<\/p>\n<p>W dniu \u015blubu narzeczeni wraz z dwoma pe\u0142noletnimi \u015bwiadkami powinni zg\u0142osi\u0107 si\u0119 w zakrystii ko\u015bcio\u0142a, w kt\u00f3rym zawierany b\u0119dzie sakrament ma\u0142\u017ce\u0144stwa na 15 min przed rozpocz\u0119ciem uroczysto\u015bci (wszyscy z dowodami osobistymi, a narzeczeni dodatkowo z obr\u0105czkami i kartkami od spowiedzi).<\/p><\/div>\n\t\t\t\t<\/div>\n\t\t\t\t\t\t\t<div class=\"elementor-accordion-item\">\n\t\t\t\t\t<div id=\"elementor-tab-title-8723\" class=\"elementor-tab-title\" data-tab=\"3\" role=\"button\" aria-controls=\"elementor-tab-content-8723\" aria-expanded=\"false\">\n\t\t\t\t\t\t\t\t\t\t\t\t\t<span class=\"elementor-accordion-icon elementor-accordion-icon-left\" aria-hidden=\"true\">\n\t\t\t\t\t\t\t\t\t\t\t\t\t\t\t<span class=\"elementor-accordion-icon-closed\"><svg class=\"e-font-icon-svg e-fas-plus\" viewBox=\"0 0 448 512\" xmlns=\"http:\/\/www.w3.org\/2000\/svg\"><path d=\"M416 208H272V64c0-17.67-14.33-32-32-32h-32c-17.67 0-32 14.33-32 32v144H32c-17.67 0-32 14.33-32 32v32c0 17.67 14.33 32 32 32h144v144c0 17.67 14.33 32 32 32h32c17.67 0 32-14.33 32-32V304h144c17.67 0 32-14.33 32-32v-32c0-17.67-14.33-32-32-32z\"><\/path><\/svg><\/span>\n\t\t\t\t\t\t\t\t<span class=\"elementor-accordion-icon-opened\"><svg class=\"e-font-icon-svg e-fas-minus\" viewBox=\"0 0 448 512\" xmlns=\"http:\/\/www.w3.org\/2000\/svg\"><path d=\"M416 208H32c-17.67 0-32 14.33-32 32v32c0 17.67 14.33 32 32 32h384c17.67 0 32-14.33 32-32v-32c0-17.67-14.33-32-32-32z\"><\/path><\/svg><\/span>\n\t\t\t\t\t\t\t\t\t\t\t\t\t\t<\/span>\n\t\t\t\t\t\t\t\t\t\t\t\t<a class=\"elementor-accordion-title\" tabindex=\"0\">POGRZEB KATOLICKI <\/a>\n\t\t\t\t\t<\/div>\n\t\t\t\t\t<div id=\"elementor-tab-content-8723\" class=\"elementor-tab-content elementor-clearfix\" data-tab=\"3\" role=\"region\" aria-labelledby=\"elementor-tab-title-8723\"><p>Zg\u0142oszenia pogrzebu nale\u017cy dokona\u0107 w kancelarii parafii ostatniego zamieszkania\u00a0osoby zmar\u0142ej po wcze\u015bniejszym uzgodnieniu terminu i godziny pogrzebu z administracj\u0105 cmentarza. Zach\u0119camy do wyboru\u00a0pierwszej formy pogrzebu: msza \u015bw. \u017ca\u0142obna z trumn\u0105 w ko\u015bciele, po niej obrz\u0119dy na cmentarzu. Przed Msz\u0105 \u015bw. pogrzebow\u0105 i podczas jej trwania jest mo\u017cliwo\u015b\u0107 skorzystania z Sakramentu Pokuty (spowied\u017a), by w intencji zmar\u0142ej osoby przyj\u0105\u0107 Komuni\u0119 \u015bw.<\/p>\n<p>Dokumenty wymagane:<\/p>\n<p>1) Akt zgonu z USC<\/p>\n<p>2) Za\u015bwiadczenie o przyj\u0119ciu Sakrament\u00f3w Chorych (Spowiedzi, Namaszczenia chorych, Komunii \u015bw.) wydane przez duszpasterza lub kapelana szpitala<\/p>\n<p>3) W przypadku zmar\u0142ych, kt\u00f3rzy mieszkali poza nasz\u0105 parafi\u0105, konieczna jest pisemna zgoda na pogrzeb z parafii ostatniego miejsca zamieszkania osoby zmar\u0142ej<\/p>\n<p>\u00a0<\/p><\/div>\n\t\t\t\t<\/div>\n\t\t\t\t\t\t\t\t<\/div>\n\t\t\t\t<\/div>\n\t\t\t\t<\/div>\n\t\t\t\t<\/div>\n\t\t\t\t\t<\/div>\n\t\t\t\t<\/div>\n\t\t\t\t\t\t\t<\/div>\n\t\t","protected":false},"excerpt":{"rendered":"<p>Kancelaria CZYNNA jest : w poniedzia\u0142ki, \u015brody i pi\u0105tki:15.00 &#8211; 17.00 w soboty: 9.00 &#8211; 11.00 W przypadku udzielenia sakramentu chorych lub w kwestii zg\u0142oszenia pogrzebu katolickiego prosimy dzwoni\u0107 pod numer telefonu:\u00a055 615-13-51. INFORMACJA O RODO Informujemy, \u017ce od dnia 25 maja 2018 r.. zgodnie z rozporz\u0105dzeniem Parlamentu Europejskiego i Rady UE wesz\u0142y przepisy dotycz\u0105ce&#8230;<\/p>\n","protected":false},"author":1,"featured_media":0,"parent":0,"menu_order":0,"comment_status":"closed","ping_status":"closed","template":"","meta":{"_tbt_post_transparent":"","_tbt_post_title":"","_tbt_post_layout":"","_tbt_post_sidebar_id":"","_tbt_post_content_style":"","_tbt_post_vertical_padding":"","_tbt_post_feature":"","_tbt_post_feature_position":"","_tbt_post_header":false,"_tbt_post_footer":false},"class_list":["post-13749","page","type-page","status-publish","hentry"],"_links":{"self":[{"href":"https:\/\/swietyjerzy.elblag.pl\/index.php\/wp-json\/wp\/v2\/pages\/13749","targetHints":{"allow":["GET"]}}],"collection":[{"href":"https:\/\/swietyjerzy.elblag.pl\/index.php\/wp-json\/wp\/v2\/pages"}],"about":[{"href":"https:\/\/swietyjerzy.elblag.pl\/index.php\/wp-json\/wp\/v2\/types\/page"}],"author":[{"embeddable":true,"href":"https:\/\/swietyjerzy.elblag.pl\/index.php\/wp-json\/wp\/v2\/users\/1"}],"replies":[{"embeddable":true,"href":"https:\/\/swietyjerzy.elblag.pl\/index.php\/wp-json\/wp\/v2\/comments?post=13749"}],"version-history":[{"count":16,"href":"https:\/\/swietyjerzy.elblag.pl\/index.php\/wp-json\/wp\/v2\/pages\/13749\/revisions"}],"predecessor-version":[{"id":13853,"href":"https:\/\/swietyjerzy.elblag.pl\/index.php\/wp-json\/wp\/v2\/pages\/13749\/revisions\/13853"}],"wp:attachment":[{"href":"https:\/\/swietyjerzy.elblag.pl\/index.php\/wp-json\/wp\/v2\/media?parent=13749"}],"curies":[{"name":"wp","href":"https:\/\/api.w.org\/{rel}","templated":true}]}}