{"id":13730,"date":"2023-12-12T15:33:03","date_gmt":"2023-12-12T15:33:03","guid":{"rendered":"https:\/\/swietyjerzy.elblag.pl\/?page_id=13730"},"modified":"2023-12-19T12:36:00","modified_gmt":"2023-12-19T12:36:00","slug":"godziny-mszy-swietych-i-nabozenstw","status":"publish","type":"page","link":"https:\/\/swietyjerzy.elblag.pl\/index.php\/godziny-mszy-swietych-i-nabozenstw\/","title":{"rendered":"Godziny Mszy \u015bwi\u0119tych i nabo\u017ce\u0144stw"},"content":{"rendered":"\n<div class=\"wp-block-columns is-layout-flex wp-container-core-columns-is-layout-9d6595d7 wp-block-columns-is-layout-flex\">\n<div class=\"wp-block-column is-layout-flow wp-block-column-is-layout-flow\" style=\"flex-basis:25%\">\n<figure class=\"wp-block-image size-full\"><img decoding=\"async\" width=\"200\" height=\"200\" src=\"http:\/\/swietyjerzy.elblag.pl\/wp-content\/uploads\/2023\/11\/service2.jpg\" alt=\"\" class=\"wp-image-13304\" srcset=\"https:\/\/swietyjerzy.elblag.pl\/wp-content\/uploads\/2023\/11\/service2.jpg 200w, https:\/\/swietyjerzy.elblag.pl\/wp-content\/uploads\/2023\/11\/service2-150x150.jpg 150w\" sizes=\"(max-width: 200px) 100vw, 200px\" \/><\/figure>\n\n\n\n<h5 class=\"wp-block-heading has-text-align-center\"><strong>Sakrament Pokuty i pojednania<\/strong><\/h5>\n\n\n\n<div style=\"height:15px\" aria-hidden=\"true\" class=\"wp-block-spacer\"><\/div>\n\n\n\n<p class=\"has-text-align-center\"><strong>w Niedziel\u0119:<\/strong>&nbsp;<br>w czasie ka\u017cdej <br>Mszy \u015awi\u0119tej<br><\/p>\n\n\n\n<p class=\"has-text-align-center\"><strong>w tygodniu:<\/strong>&nbsp;<br>p\u00f3\u0142 godziny przed porann\u0105 i wieczorn\u0105 Msz\u0105 \u015awi\u0119t\u0105<\/p>\n\n\n\n<p class=\"has-text-align-center\"><strong>w pierwszy pi\u0105tek miesi\u0105ca:<\/strong><br>16.30 &#8211; dla dzieci;<br>17.30 &#8211; dla doros\u0142ych<\/p>\n<\/div>\n\n\n\n<div class=\"wp-block-column is-layout-flow wp-block-column-is-layout-flow\" style=\"flex-basis:50%\">\n<figure class=\"wp-block-image size-large\"><img fetchpriority=\"high\" decoding=\"async\" width=\"1024\" height=\"684\" src=\"https:\/\/swietyjerzy.elblag.pl\/wp-content\/uploads\/2023\/12\/0020-1024x684.jpg\" alt=\"\" class=\"wp-image-13731\" srcset=\"https:\/\/swietyjerzy.elblag.pl\/wp-content\/uploads\/2023\/12\/0020-1024x684.jpg 1024w, https:\/\/swietyjerzy.elblag.pl\/wp-content\/uploads\/2023\/12\/0020-300x200.jpg 300w, https:\/\/swietyjerzy.elblag.pl\/wp-content\/uploads\/2023\/12\/0020-768x513.jpg 768w, https:\/\/swietyjerzy.elblag.pl\/wp-content\/uploads\/2023\/12\/0020-1536x1025.jpg 1536w, https:\/\/swietyjerzy.elblag.pl\/wp-content\/uploads\/2023\/12\/0020-2048x1367.jpg 2048w\" sizes=\"(max-width: 1024px) 100vw, 1024px\" \/><\/figure>\n\n\n\n<h5 class=\"wp-block-heading has-text-align-center\"><strong>Msza \u015awi\u0119ta<\/strong><\/h5>\n\n\n\n<div style=\"height:15px\" aria-hidden=\"true\" class=\"wp-block-spacer\"><\/div>\n\n\n\n<p class=\"has-text-align-center\"><strong>KO\u015aCI\u00d3\u0141 MI\u0141OSIERDZIA BO\u017bEGO<br>Niedziela:&nbsp;<br><\/strong>7.00<br>8.30<br>10.00<br>11.30 (Msza z udzia\u0142em dzieci)<br>13.00 (wrzesie\u0144-czerwiec)<br>17.00&nbsp;<br><\/p>\n\n\n\n<p class=\"has-text-align-center\"><strong>Poniedzia\u0142ek &#8211; Pi\u0105tek: <\/strong>6:30 i 18.00<strong>&nbsp;<br>Sobota:&nbsp;<\/strong>7.00 i 18.00<strong>&nbsp;<br>\u015awi\u0119ta nakazane:&nbsp;<\/strong>6:30, 12.00, 18.00<strong>&nbsp;<br><\/strong><\/p>\n\n\n\n<p class=\"has-text-align-center\"><strong>KO\u015aCI\u00d3\u0141 \u015aWI\u0118TEGO JERZEGO<br>Niedziela: <\/strong>8.00<strong><br>Poniedzia\u0142ek &#8211; Sobota: <\/strong>12.00<\/p>\n<\/div>\n\n\n\n<div class=\"wp-block-column is-layout-flow wp-block-column-is-layout-flow\" style=\"flex-basis:25%\">\n<figure class=\"wp-block-image size-full\"><img decoding=\"async\" width=\"200\" height=\"200\" src=\"https:\/\/swietyjerzy.elblag.pl\/wp-content\/uploads\/2023\/12\/Service-04.jpg\" alt=\"\" class=\"wp-image-13737\" srcset=\"https:\/\/swietyjerzy.elblag.pl\/wp-content\/uploads\/2023\/12\/Service-04.jpg 200w, https:\/\/swietyjerzy.elblag.pl\/wp-content\/uploads\/2023\/12\/Service-04-150x150.jpg 150w\" sizes=\"(max-width: 200px) 100vw, 200px\" \/><\/figure>\n\n\n\n<h5 class=\"wp-block-heading has-text-align-center\"><strong>Nabo\u017ce\u0144stwa<\/strong><\/h5>\n\n\n\n<div style=\"height:15px\" aria-hidden=\"true\" class=\"wp-block-spacer\"><\/div>\n\n\n\n<p class=\"has-text-align-center\"><strong>w Poniedzia\u0142ek:<\/strong><br>Nieszpory m\u0119\u017cczyzn<br>godz. 17.30<\/p>\n\n\n\n<p class=\"has-text-align-center\"><strong>we Wtorek:<\/strong><br>modlitwa Odnowy <br>w Duchu \u015awi\u0119tym<br>godz. 18.30<\/p>\n\n\n\n<p class=\"has-text-align-center\"><strong>w \u015arod\u0119<br><\/strong>Nowenna do Matki Bo\u017cej Nieustaj\u0105cej Pomocy<br>godz. 17.30<\/p>\n\n\n\n<p class=\"has-text-align-center\"><strong>w Czwartek<br><\/strong>Nabo\u017ce\u0144stwo do Mi\u0142osierdzia Bo\u017cego<br>po Mszy \u015bw. o godz. 18.00<\/p>\n<\/div>\n<\/div>\n","protected":false},"excerpt":{"rendered":"<p>Sakrament Pokuty i pojednania w Niedziel\u0119:&nbsp;w czasie ka\u017cdej Mszy \u015awi\u0119tej w tygodniu:&nbsp;p\u00f3\u0142 godziny przed porann\u0105 i wieczorn\u0105 Msz\u0105 \u015awi\u0119t\u0105 w pierwszy pi\u0105tek miesi\u0105ca:16.30 &#8211; dla dzieci;17.30 &#8211; dla doros\u0142ych Msza \u015awi\u0119ta KO\u015aCI\u00d3\u0141 MI\u0141OSIERDZIA BO\u017bEGONiedziela:&nbsp;7.008.3010.0011.30 (Msza z udzia\u0142em dzieci)13.00 (wrzesie\u0144-czerwiec)17.00&nbsp; Poniedzia\u0142ek &#8211; Pi\u0105tek: 6:30 i 18.00&nbsp;Sobota:&nbsp;7.00 i 18.00&nbsp;\u015awi\u0119ta nakazane:&nbsp;6:30, 12.00, 18.00&nbsp; KO\u015aCI\u00d3\u0141 \u015aWI\u0118TEGO JERZEGONiedziela: 8.00Poniedzia\u0142ek &#8211;&#8230;<\/p>\n","protected":false},"author":1,"featured_media":0,"parent":0,"menu_order":0,"comment_status":"closed","ping_status":"closed","template":"","meta":{"_tbt_post_transparent":"","_tbt_post_title":"","_tbt_post_layout":"","_tbt_post_sidebar_id":"","_tbt_post_content_style":"","_tbt_post_vertical_padding":"","_tbt_post_feature":"","_tbt_post_feature_position":"","_tbt_post_header":false,"_tbt_post_footer":false},"class_list":["post-13730","page","type-page","status-publish","hentry"],"_links":{"self":[{"href":"https:\/\/swietyjerzy.elblag.pl\/index.php\/wp-json\/wp\/v2\/pages\/13730","targetHints":{"allow":["GET"]}}],"collection":[{"href":"https:\/\/swietyjerzy.elblag.pl\/index.php\/wp-json\/wp\/v2\/pages"}],"about":[{"href":"https:\/\/swietyjerzy.elblag.pl\/index.php\/wp-json\/wp\/v2\/types\/page"}],"author":[{"embeddable":true,"href":"https:\/\/swietyjerzy.elblag.pl\/index.php\/wp-json\/wp\/v2\/users\/1"}],"replies":[{"embeddable":true,"href":"https:\/\/swietyjerzy.elblag.pl\/index.php\/wp-json\/wp\/v2\/comments?post=13730"}],"version-history":[{"count":8,"href":"https:\/\/swietyjerzy.elblag.pl\/index.php\/wp-json\/wp\/v2\/pages\/13730\/revisions"}],"predecessor-version":[{"id":13931,"href":"https:\/\/swietyjerzy.elblag.pl\/index.php\/wp-json\/wp\/v2\/pages\/13730\/revisions\/13931"}],"wp:attachment":[{"href":"https:\/\/swietyjerzy.elblag.pl\/index.php\/wp-json\/wp\/v2\/media?parent=13730"}],"curies":[{"name":"wp","href":"https:\/\/api.w.org\/{rel}","templated":true}]}}