{"id":13699,"date":"2023-12-12T11:12:41","date_gmt":"2023-12-12T11:12:41","guid":{"rendered":"https:\/\/swietyjerzy.elblag.pl\/?page_id=13699"},"modified":"2023-12-12T11:28:20","modified_gmt":"2023-12-12T11:28:20","slug":"kosciol-milosierdzia-bozego","status":"publish","type":"page","link":"https:\/\/swietyjerzy.elblag.pl\/index.php\/kosciol-milosierdzia-bozego\/","title":{"rendered":"Ko\u015bci\u00f3\u0142 Mi\u0142osierdzia Bo\u017cego"},"content":{"rendered":"\n<p>To niezwyk\u0142e, by w PRL-u budowano ko\u015bcio\u0142y. A jednak w Elbl\u0105gu w tym czasie powsta\u0142o ich kilka. Jakim cudem? Przede wszystkim by\u0142a potrzeba. Po wojnie dwie du\u017ce \u015bwi\u0105tynie w centrum miasta \u2013 ko\u015bcio\u0142y \u015bw. Anny i Trzech Kr\u00f3li nie zosta\u0142y odbudowane, a trzy nast\u0119pne \u2013 ko\u015bci\u00f3\u0142 Naj\u015bwi\u0119tszej Marii Panny, \u015bw. Ducha i Bo\u017cego Cia\u0142a odbudowano z przeznaczeniem na inny cel. A miasto szybko ros\u0142o i ju\u017c przeros\u0142o stan ludno\u015bci sprzed wojny. Co gorsza (dla w\u0142adz PRL), pomimo gr\u00f3\u017ab i pr\u00f3\u015bb ludzie do ko\u015bcio\u0142a nie przestali chodzi\u0107. Zabytkowy ko\u015bci\u00f3\u0142 \u015bw. Miko\u0142aja p\u0119ka\u0142 w szwach, a wyprawa do niego z odleg\u0142ych dzielnic miasta by\u0142a k\u0142opotliwa. By\u0142a wi\u0119c potrzeba\u2026<\/p>\n\n\n\n<p>By\u0142a determinacja i spryt. W\u0142adza nie pozwala\u0142a na budow\u0119 ko\u015bcio\u0142\u00f3w, ale nie mog\u0142a zabroni\u0107 remontowa\u0107. Od remontu do rozbudowy ju\u017c krok i tak w latach 70-tych niewielka cmentarna kaplica zamieni\u0142a si\u0119 w przestronny ko\u015bci\u00f3\u0142 Wszystkich \u015awi\u0119tych. Ko\u015bci\u00f3\u0142 katolicki m\u00f3g\u0142 te\u017c by\u0107 mecenasem kultury i ratowa\u0107 zabytki, czemu nie? Niszczej\u0105cy poewangelicki ko\u015bci\u00f3\u0142 z Kaczegonosu deska po desce i gw\u00f3\u017ad\u017a po gwo\u017adziu zosta\u0142 rozebrany i przeniesiony na ul. Rawsk\u0105 do Elbl\u0105ga. Nie by\u0142o by w tym nic dziwnego, gdyby nie to, \u017ce operacja ta trwa\u0142a od maja 1981 roku do grudnia 1984 roku, a wi\u0119c przez ca\u0142y stan wojenny. W\u0142adza, chyba z w\u015bciek\u0142o\u015bci na siebie, postanowi\u0142a popsu\u0107 uroczysto\u015b\u0107 konsekracji \u015bwi\u0105tyni i 1 pa\u017adziernika 1986 roku wy\u0142\u0105czy\u0142a pr\u0105d. Nie je\u017adzi\u0142y tramwaje, a ulice miasta spowi\u0142y egipskie ciemno\u015bci.<\/p>\n\n\n\n<figure class=\"wp-block-gallery has-nested-images columns-default is-cropped wp-block-gallery-1 is-layout-flex wp-block-gallery-is-layout-flex\">\n<figure data-wp-context=\"{&quot;imageId&quot;:&quot;69f0bf47aa887&quot;}\" data-wp-interactive=\"core\/image\" data-wp-key=\"69f0bf47aa887\" class=\"wp-block-image size-large wp-lightbox-container\"><img fetchpriority=\"high\" decoding=\"async\" width=\"1024\" height=\"666\" data-wp-class--hide=\"state.isContentHidden\" data-wp-class--show=\"state.isContentVisible\" data-wp-init=\"callbacks.setButtonStyles\" data-wp-on--click=\"actions.showLightbox\" data-wp-on--load=\"callbacks.setButtonStyles\" data-wp-on-window--resize=\"callbacks.setButtonStyles\" data-id=\"13703\" src=\"https:\/\/swietyjerzy.elblag.pl\/wp-content\/uploads\/2023\/12\/1-1-1024x666.jpg\" alt=\"\" class=\"wp-image-13703\" srcset=\"https:\/\/swietyjerzy.elblag.pl\/wp-content\/uploads\/2023\/12\/1-1-1024x666.jpg 1024w, https:\/\/swietyjerzy.elblag.pl\/wp-content\/uploads\/2023\/12\/1-1-300x195.jpg 300w, https:\/\/swietyjerzy.elblag.pl\/wp-content\/uploads\/2023\/12\/1-1-768x500.jpg 768w, https:\/\/swietyjerzy.elblag.pl\/wp-content\/uploads\/2023\/12\/1-1-1536x999.jpg 1536w, https:\/\/swietyjerzy.elblag.pl\/wp-content\/uploads\/2023\/12\/1-1-2048x1332.jpg 2048w\" sizes=\"(max-width: 1024px) 100vw, 1024px\" \/><button\n\t\t\tclass=\"lightbox-trigger\"\n\t\t\ttype=\"button\"\n\t\t\taria-haspopup=\"dialog\"\n\t\t\taria-label=\"Enlarge\"\n\t\t\tdata-wp-init=\"callbacks.initTriggerButton\"\n\t\t\tdata-wp-on--click=\"actions.showLightbox\"\n\t\t\tdata-wp-style--right=\"state.imageButtonRight\"\n\t\t\tdata-wp-style--top=\"state.imageButtonTop\"\n\t\t>\n\t\t\t<svg xmlns=\"http:\/\/www.w3.org\/2000\/svg\" width=\"12\" height=\"12\" fill=\"none\" viewBox=\"0 0 12 12\">\n\t\t\t\t<path fill=\"#fff\" d=\"M2 0a2 2 0 0 0-2 2v2h1.5V2a.5.5 0 0 1 .5-.5h2V0H2Zm2 10.5H2a.5.5 0 0 1-.5-.5V8H0v2a2 2 0 0 0 2 2h2v-1.5ZM8 12v-1.5h2a.5.5 0 0 0 .5-.5V8H12v2a2 2 0 0 1-2 2H8Zm2-12a2 2 0 0 1 2 2v2h-1.5V2a.5.5 0 0 0-.5-.5H8V0h2Z\" \/>\n\t\t\t<\/svg>\n\t\t<\/button><\/figure>\n\n\n\n<figure data-wp-context=\"{&quot;imageId&quot;:&quot;69f0bf47aad3f&quot;}\" data-wp-interactive=\"core\/image\" data-wp-key=\"69f0bf47aad3f\" class=\"wp-block-image size-large wp-lightbox-container\"><img decoding=\"async\" width=\"1024\" height=\"740\" data-wp-class--hide=\"state.isContentHidden\" data-wp-class--show=\"state.isContentVisible\" data-wp-init=\"callbacks.setButtonStyles\" data-wp-on--click=\"actions.showLightbox\" data-wp-on--load=\"callbacks.setButtonStyles\" data-wp-on-window--resize=\"callbacks.setButtonStyles\" data-id=\"13704\" src=\"https:\/\/swietyjerzy.elblag.pl\/wp-content\/uploads\/2023\/12\/2-1-1024x740.jpg\" alt=\"\" class=\"wp-image-13704\" srcset=\"https:\/\/swietyjerzy.elblag.pl\/wp-content\/uploads\/2023\/12\/2-1-1024x740.jpg 1024w, https:\/\/swietyjerzy.elblag.pl\/wp-content\/uploads\/2023\/12\/2-1-300x217.jpg 300w, https:\/\/swietyjerzy.elblag.pl\/wp-content\/uploads\/2023\/12\/2-1-768x555.jpg 768w, https:\/\/swietyjerzy.elblag.pl\/wp-content\/uploads\/2023\/12\/2-1-1536x1110.jpg 1536w, https:\/\/swietyjerzy.elblag.pl\/wp-content\/uploads\/2023\/12\/2-1-2048x1481.jpg 2048w\" sizes=\"(max-width: 1024px) 100vw, 1024px\" \/><button\n\t\t\tclass=\"lightbox-trigger\"\n\t\t\ttype=\"button\"\n\t\t\taria-haspopup=\"dialog\"\n\t\t\taria-label=\"Enlarge\"\n\t\t\tdata-wp-init=\"callbacks.initTriggerButton\"\n\t\t\tdata-wp-on--click=\"actions.showLightbox\"\n\t\t\tdata-wp-style--right=\"state.imageButtonRight\"\n\t\t\tdata-wp-style--top=\"state.imageButtonTop\"\n\t\t>\n\t\t\t<svg xmlns=\"http:\/\/www.w3.org\/2000\/svg\" width=\"12\" height=\"12\" fill=\"none\" viewBox=\"0 0 12 12\">\n\t\t\t\t<path fill=\"#fff\" d=\"M2 0a2 2 0 0 0-2 2v2h1.5V2a.5.5 0 0 1 .5-.5h2V0H2Zm2 10.5H2a.5.5 0 0 1-.5-.5V8H0v2a2 2 0 0 0 2 2h2v-1.5ZM8 12v-1.5h2a.5.5 0 0 0 .5-.5V8H12v2a2 2 0 0 1-2 2H8Zm2-12a2 2 0 0 1 2 2v2h-1.5V2a.5.5 0 0 0-.5-.5H8V0h2Z\" \/>\n\t\t\t<\/svg>\n\t\t<\/button><\/figure>\n\n\n\n<figure data-wp-context=\"{&quot;imageId&quot;:&quot;69f0bf47ab0a1&quot;}\" data-wp-interactive=\"core\/image\" data-wp-key=\"69f0bf47ab0a1\" class=\"wp-block-image size-large wp-lightbox-container\"><img decoding=\"async\" width=\"1024\" height=\"761\" data-wp-class--hide=\"state.isContentHidden\" data-wp-class--show=\"state.isContentVisible\" data-wp-init=\"callbacks.setButtonStyles\" data-wp-on--click=\"actions.showLightbox\" data-wp-on--load=\"callbacks.setButtonStyles\" data-wp-on-window--resize=\"callbacks.setButtonStyles\" data-id=\"13705\" src=\"https:\/\/swietyjerzy.elblag.pl\/wp-content\/uploads\/2023\/12\/3a-1024x761.jpg\" alt=\"\" class=\"wp-image-13705\" srcset=\"https:\/\/swietyjerzy.elblag.pl\/wp-content\/uploads\/2023\/12\/3a-1024x761.jpg 1024w, https:\/\/swietyjerzy.elblag.pl\/wp-content\/uploads\/2023\/12\/3a-300x223.jpg 300w, https:\/\/swietyjerzy.elblag.pl\/wp-content\/uploads\/2023\/12\/3a-768x571.jpg 768w, https:\/\/swietyjerzy.elblag.pl\/wp-content\/uploads\/2023\/12\/3a-1536x1141.jpg 1536w, https:\/\/swietyjerzy.elblag.pl\/wp-content\/uploads\/2023\/12\/3a.jpg 1816w\" sizes=\"(max-width: 1024px) 100vw, 1024px\" \/><button\n\t\t\tclass=\"lightbox-trigger\"\n\t\t\ttype=\"button\"\n\t\t\taria-haspopup=\"dialog\"\n\t\t\taria-label=\"Enlarge\"\n\t\t\tdata-wp-init=\"callbacks.initTriggerButton\"\n\t\t\tdata-wp-on--click=\"actions.showLightbox\"\n\t\t\tdata-wp-style--right=\"state.imageButtonRight\"\n\t\t\tdata-wp-style--top=\"state.imageButtonTop\"\n\t\t>\n\t\t\t<svg xmlns=\"http:\/\/www.w3.org\/2000\/svg\" width=\"12\" height=\"12\" fill=\"none\" viewBox=\"0 0 12 12\">\n\t\t\t\t<path fill=\"#fff\" d=\"M2 0a2 2 0 0 0-2 2v2h1.5V2a.5.5 0 0 1 .5-.5h2V0H2Zm2 10.5H2a.5.5 0 0 1-.5-.5V8H0v2a2 2 0 0 0 2 2h2v-1.5ZM8 12v-1.5h2a.5.5 0 0 0 .5-.5V8H12v2a2 2 0 0 1-2 2H8Zm2-12a2 2 0 0 1 2 2v2h-1.5V2a.5.5 0 0 0-.5-.5H8V0h2Z\" \/>\n\t\t\t<\/svg>\n\t\t<\/button><\/figure>\n<\/figure>\n\n\n\n<p>Wreszcie w po\u0142owie lat 80-tych w\u0142adze PRL nieco \u201eodpu\u015bci\u0142y\u201d. Kraj pogr\u0105\u017ca\u0142 si\u0119 w marazmie, pozwolono wi\u0119c na budow\u0119 wielu ko\u015bcio\u0142\u00f3w. W 1973 roku z olbrzymiej parafii \u015bw. Miko\u0142aja wydzielono obejmuj\u0105c\u0105 wschodnie dzielnice miasta parafi\u0119 \u015bw. Jerzego. Niewielki zabytkowy ko\u015bci\u00f3\u0142 nie by\u0142 w stanie pomie\u015bci\u0107 wszystkich wiernych. Latem msze odprawiano na dziedzi\u0144cu, zim\u0105 ludzie stali przed drzwiami. W\u0142adze jednak nie zgadza\u0142y si\u0119 na budow\u0119 nowego ko\u015bcio\u0142a. Dopiero w latach 80-tych w\u0142adze zmieni\u0142y front i wydano takie pozwolenie. Jednak ko\u015bci\u00f3\u0142 pozwolono wybudowa\u0107 nie w parku Traugutta, gdzie by\u0142 kiedy\u015b ko\u015bci\u00f3\u0142 \u015bw. Anny, ale na brzegu Kumieli. Opracowany przez arch. Ann\u0119 Barszczy\u0144sk\u0105 projekt przewidywa\u0142 przekrycie rzeki tarasem i wybudowanie ko\u015bcio\u0142a wraz z o\u015brodkiem parafialnym. Zrealizowano tylko cz\u0119\u015b\u0107 tego projektu. Na wybranie patronatu Mi\u0142osierdzia Bo\u017cego olbrzymi wp\u0142yw mia\u0142 mieszkaj\u0105cy niedaleko pu\u0142kownik Boles\u0142aw Nieczuja-Ostrowski. Przysz\u0142y genera\u0142 by\u0142 propagatorem kultu przes\u0142ania siostry Faustyny. W dodatku w parafii przechowywano bardzo cenny obraz.<\/p>\n\n\n\n<figure class=\"wp-block-gallery has-nested-images columns-default is-cropped wp-block-gallery-2 is-layout-flex wp-block-gallery-is-layout-flex\">\n<figure data-wp-context=\"{&quot;imageId&quot;:&quot;69f0bf47ab8fa&quot;}\" data-wp-interactive=\"core\/image\" data-wp-key=\"69f0bf47ab8fa\" class=\"wp-block-image size-large wp-lightbox-container\"><img loading=\"lazy\" decoding=\"async\" width=\"1024\" height=\"682\" data-wp-class--hide=\"state.isContentHidden\" data-wp-class--show=\"state.isContentVisible\" data-wp-init=\"callbacks.setButtonStyles\" data-wp-on--click=\"actions.showLightbox\" data-wp-on--load=\"callbacks.setButtonStyles\" data-wp-on-window--resize=\"callbacks.setButtonStyles\" data-id=\"13709\" src=\"https:\/\/swietyjerzy.elblag.pl\/wp-content\/uploads\/2023\/12\/4-1-1024x682.jpg\" alt=\"\" class=\"wp-image-13709\" srcset=\"https:\/\/swietyjerzy.elblag.pl\/wp-content\/uploads\/2023\/12\/4-1-1024x682.jpg 1024w, https:\/\/swietyjerzy.elblag.pl\/wp-content\/uploads\/2023\/12\/4-1-300x200.jpg 300w, https:\/\/swietyjerzy.elblag.pl\/wp-content\/uploads\/2023\/12\/4-1-768x511.jpg 768w, https:\/\/swietyjerzy.elblag.pl\/wp-content\/uploads\/2023\/12\/4-1-1536x1023.jpg 1536w, https:\/\/swietyjerzy.elblag.pl\/wp-content\/uploads\/2023\/12\/4-1-2048x1364.jpg 2048w\" sizes=\"(max-width: 1024px) 100vw, 1024px\" \/><button\n\t\t\tclass=\"lightbox-trigger\"\n\t\t\ttype=\"button\"\n\t\t\taria-haspopup=\"dialog\"\n\t\t\taria-label=\"Enlarge\"\n\t\t\tdata-wp-init=\"callbacks.initTriggerButton\"\n\t\t\tdata-wp-on--click=\"actions.showLightbox\"\n\t\t\tdata-wp-style--right=\"state.imageButtonRight\"\n\t\t\tdata-wp-style--top=\"state.imageButtonTop\"\n\t\t>\n\t\t\t<svg xmlns=\"http:\/\/www.w3.org\/2000\/svg\" width=\"12\" height=\"12\" fill=\"none\" viewBox=\"0 0 12 12\">\n\t\t\t\t<path fill=\"#fff\" d=\"M2 0a2 2 0 0 0-2 2v2h1.5V2a.5.5 0 0 1 .5-.5h2V0H2Zm2 10.5H2a.5.5 0 0 1-.5-.5V8H0v2a2 2 0 0 0 2 2h2v-1.5ZM8 12v-1.5h2a.5.5 0 0 0 .5-.5V8H12v2a2 2 0 0 1-2 2H8Zm2-12a2 2 0 0 1 2 2v2h-1.5V2a.5.5 0 0 0-.5-.5H8V0h2Z\" \/>\n\t\t\t<\/svg>\n\t\t<\/button><\/figure>\n\n\n\n<figure data-wp-context=\"{&quot;imageId&quot;:&quot;69f0bf47abc36&quot;}\" data-wp-interactive=\"core\/image\" data-wp-key=\"69f0bf47abc36\" class=\"wp-block-image size-large wp-lightbox-container\"><img loading=\"lazy\" decoding=\"async\" width=\"1024\" height=\"666\" data-wp-class--hide=\"state.isContentHidden\" data-wp-class--show=\"state.isContentVisible\" data-wp-init=\"callbacks.setButtonStyles\" data-wp-on--click=\"actions.showLightbox\" data-wp-on--load=\"callbacks.setButtonStyles\" data-wp-on-window--resize=\"callbacks.setButtonStyles\" data-id=\"13707\" src=\"https:\/\/swietyjerzy.elblag.pl\/wp-content\/uploads\/2023\/12\/5-2-1024x666.jpg\" alt=\"\" class=\"wp-image-13707\" srcset=\"https:\/\/swietyjerzy.elblag.pl\/wp-content\/uploads\/2023\/12\/5-2-1024x666.jpg 1024w, https:\/\/swietyjerzy.elblag.pl\/wp-content\/uploads\/2023\/12\/5-2-300x195.jpg 300w, https:\/\/swietyjerzy.elblag.pl\/wp-content\/uploads\/2023\/12\/5-2-768x499.jpg 768w, https:\/\/swietyjerzy.elblag.pl\/wp-content\/uploads\/2023\/12\/5-2-1536x999.jpg 1536w, https:\/\/swietyjerzy.elblag.pl\/wp-content\/uploads\/2023\/12\/5-2-2048x1332.jpg 2048w\" sizes=\"(max-width: 1024px) 100vw, 1024px\" \/><button\n\t\t\tclass=\"lightbox-trigger\"\n\t\t\ttype=\"button\"\n\t\t\taria-haspopup=\"dialog\"\n\t\t\taria-label=\"Enlarge\"\n\t\t\tdata-wp-init=\"callbacks.initTriggerButton\"\n\t\t\tdata-wp-on--click=\"actions.showLightbox\"\n\t\t\tdata-wp-style--right=\"state.imageButtonRight\"\n\t\t\tdata-wp-style--top=\"state.imageButtonTop\"\n\t\t>\n\t\t\t<svg xmlns=\"http:\/\/www.w3.org\/2000\/svg\" width=\"12\" height=\"12\" fill=\"none\" viewBox=\"0 0 12 12\">\n\t\t\t\t<path fill=\"#fff\" d=\"M2 0a2 2 0 0 0-2 2v2h1.5V2a.5.5 0 0 1 .5-.5h2V0H2Zm2 10.5H2a.5.5 0 0 1-.5-.5V8H0v2a2 2 0 0 0 2 2h2v-1.5ZM8 12v-1.5h2a.5.5 0 0 0 .5-.5V8H12v2a2 2 0 0 1-2 2H8Zm2-12a2 2 0 0 1 2 2v2h-1.5V2a.5.5 0 0 0-.5-.5H8V0h2Z\" \/>\n\t\t\t<\/svg>\n\t\t<\/button><\/figure>\n\n\n\n<figure data-wp-context=\"{&quot;imageId&quot;:&quot;69f0bf47abf6a&quot;}\" data-wp-interactive=\"core\/image\" data-wp-key=\"69f0bf47abf6a\" class=\"wp-block-image size-large wp-lightbox-container\"><img loading=\"lazy\" decoding=\"async\" width=\"652\" height=\"1024\" data-wp-class--hide=\"state.isContentHidden\" data-wp-class--show=\"state.isContentVisible\" data-wp-init=\"callbacks.setButtonStyles\" data-wp-on--click=\"actions.showLightbox\" data-wp-on--load=\"callbacks.setButtonStyles\" data-wp-on-window--resize=\"callbacks.setButtonStyles\" data-id=\"13708\" src=\"https:\/\/swietyjerzy.elblag.pl\/wp-content\/uploads\/2023\/12\/6-2-652x1024.jpg\" alt=\"\" class=\"wp-image-13708\" srcset=\"https:\/\/swietyjerzy.elblag.pl\/wp-content\/uploads\/2023\/12\/6-2-652x1024.jpg 652w, https:\/\/swietyjerzy.elblag.pl\/wp-content\/uploads\/2023\/12\/6-2-191x300.jpg 191w, https:\/\/swietyjerzy.elblag.pl\/wp-content\/uploads\/2023\/12\/6-2-768x1206.jpg 768w, https:\/\/swietyjerzy.elblag.pl\/wp-content\/uploads\/2023\/12\/6-2-978x1536.jpg 978w, https:\/\/swietyjerzy.elblag.pl\/wp-content\/uploads\/2023\/12\/6-2-1304x2048.jpg 1304w, https:\/\/swietyjerzy.elblag.pl\/wp-content\/uploads\/2023\/12\/6-2-scaled.jpg 1630w\" sizes=\"(max-width: 652px) 100vw, 652px\" \/><button\n\t\t\tclass=\"lightbox-trigger\"\n\t\t\ttype=\"button\"\n\t\t\taria-haspopup=\"dialog\"\n\t\t\taria-label=\"Enlarge\"\n\t\t\tdata-wp-init=\"callbacks.initTriggerButton\"\n\t\t\tdata-wp-on--click=\"actions.showLightbox\"\n\t\t\tdata-wp-style--right=\"state.imageButtonRight\"\n\t\t\tdata-wp-style--top=\"state.imageButtonTop\"\n\t\t>\n\t\t\t<svg xmlns=\"http:\/\/www.w3.org\/2000\/svg\" width=\"12\" height=\"12\" fill=\"none\" viewBox=\"0 0 12 12\">\n\t\t\t\t<path fill=\"#fff\" d=\"M2 0a2 2 0 0 0-2 2v2h1.5V2a.5.5 0 0 1 .5-.5h2V0H2Zm2 10.5H2a.5.5 0 0 1-.5-.5V8H0v2a2 2 0 0 0 2 2h2v-1.5ZM8 12v-1.5h2a.5.5 0 0 0 .5-.5V8H12v2a2 2 0 0 1-2 2H8Zm2-12a2 2 0 0 1 2 2v2h-1.5V2a.5.5 0 0 0-.5-.5H8V0h2Z\" \/>\n\t\t\t<\/svg>\n\t\t<\/button><\/figure>\n<\/figure>\n\n\n\n<p>Jest taka scena w filmie Jerzego \u0141ukaszewicza \u201eFaustyna\u201d, w kt\u00f3rej g\u0142\u00f3wna bohaterka nie jest zadowolona z obrazu namalowanego przez Marcina Kazimirowskiego. Ka\u017ce malowa\u0107 kolejny obraz. A co si\u0119 sta\u0142o z tym pierwszym? \u2013 nie zosta\u0142 zniszczony, lecz sprzedany. Najprawdopodobniej obraz ten otrzyma\u0142 w prezencie na swoje \u015bwi\u0119cenia kap\u0142a\u0144skie w Wilnie ks. kanonik Mieczys\u0142aw Wojciuk. Wkr\u00f3tce potem przyjecha\u0142 do Elbl\u0105ga i rozpocz\u0105\u0142 prac\u0119 duszpastersk\u0105 w ko\u015bciele \u015bw. Jerzego. Oczywi\u015bcie zaprzyja\u017ani\u0142 si\u0119 z pu\u0142kownikiem Nieczuj\u0105-Ostrowskim. Dzi\u015b cenny ten obraz wisi na lewej \u015bcianie ko\u015bcio\u0142a i jest jednym z nielicznych zachowanych dzie\u0142 Kazimirowskiego (prawie wszystkie zagin\u0119\u0142y podczas wojny). Tak obok Wilna i krakowskich \u0141agiewnik Elbl\u0105g wpisa\u0142 si\u0119 w histori\u0119\u00a0 kultu Mi\u0142osierdzia Bo\u017cego\u2026<\/p>\n\n\n\n<p>(Tekst za: Juliusz Marek, Telewizja Elbl\u0105ska)<\/p>\n\n\n\n<figure class=\"wp-block-gallery has-nested-images columns-default is-cropped wp-block-gallery-3 is-layout-flex wp-block-gallery-is-layout-flex\">\n<figure data-wp-context=\"{&quot;imageId&quot;:&quot;69f0bf47ac368&quot;}\" data-wp-interactive=\"core\/image\" data-wp-key=\"69f0bf47ac368\" class=\"wp-block-image size-large wp-lightbox-container\"><img loading=\"lazy\" decoding=\"async\" width=\"1024\" height=\"683\" data-wp-class--hide=\"state.isContentHidden\" data-wp-class--show=\"state.isContentVisible\" data-wp-init=\"callbacks.setButtonStyles\" data-wp-on--click=\"actions.showLightbox\" data-wp-on--load=\"callbacks.setButtonStyles\" data-wp-on-window--resize=\"callbacks.setButtonStyles\" data-id=\"13711\" src=\"https:\/\/swietyjerzy.elblag.pl\/wp-content\/uploads\/2023\/12\/1-2-1024x683.jpg\" alt=\"\" class=\"wp-image-13711\" srcset=\"https:\/\/swietyjerzy.elblag.pl\/wp-content\/uploads\/2023\/12\/1-2-1024x683.jpg 1024w, https:\/\/swietyjerzy.elblag.pl\/wp-content\/uploads\/2023\/12\/1-2-300x200.jpg 300w, https:\/\/swietyjerzy.elblag.pl\/wp-content\/uploads\/2023\/12\/1-2-768x512.jpg 768w\" sizes=\"(max-width: 1024px) 100vw, 1024px\" \/><button\n\t\t\tclass=\"lightbox-trigger\"\n\t\t\ttype=\"button\"\n\t\t\taria-haspopup=\"dialog\"\n\t\t\taria-label=\"Enlarge\"\n\t\t\tdata-wp-init=\"callbacks.initTriggerButton\"\n\t\t\tdata-wp-on--click=\"actions.showLightbox\"\n\t\t\tdata-wp-style--right=\"state.imageButtonRight\"\n\t\t\tdata-wp-style--top=\"state.imageButtonTop\"\n\t\t>\n\t\t\t<svg xmlns=\"http:\/\/www.w3.org\/2000\/svg\" width=\"12\" height=\"12\" fill=\"none\" viewBox=\"0 0 12 12\">\n\t\t\t\t<path fill=\"#fff\" d=\"M2 0a2 2 0 0 0-2 2v2h1.5V2a.5.5 0 0 1 .5-.5h2V0H2Zm2 10.5H2a.5.5 0 0 1-.5-.5V8H0v2a2 2 0 0 0 2 2h2v-1.5ZM8 12v-1.5h2a.5.5 0 0 0 .5-.5V8H12v2a2 2 0 0 1-2 2H8Zm2-12a2 2 0 0 1 2 2v2h-1.5V2a.5.5 0 0 0-.5-.5H8V0h2Z\" \/>\n\t\t\t<\/svg>\n\t\t<\/button><\/figure>\n\n\n\n<figure data-wp-context=\"{&quot;imageId&quot;:&quot;69f0bf47ac6c3&quot;}\" data-wp-interactive=\"core\/image\" data-wp-key=\"69f0bf47ac6c3\" class=\"wp-block-image size-large wp-lightbox-container\"><img loading=\"lazy\" decoding=\"async\" width=\"1707\" height=\"2560\" data-wp-class--hide=\"state.isContentHidden\" data-wp-class--show=\"state.isContentVisible\" data-wp-init=\"callbacks.setButtonStyles\" data-wp-on--click=\"actions.showLightbox\" data-wp-on--load=\"callbacks.setButtonStyles\" data-wp-on-window--resize=\"callbacks.setButtonStyles\" data-id=\"13713\" src=\"https:\/\/swietyjerzy.elblag.pl\/wp-content\/uploads\/2023\/12\/2-2-scaled.jpg\" alt=\"\" class=\"wp-image-13713\" srcset=\"https:\/\/swietyjerzy.elblag.pl\/wp-content\/uploads\/2023\/12\/2-2-scaled.jpg 1707w, https:\/\/swietyjerzy.elblag.pl\/wp-content\/uploads\/2023\/12\/2-2-200x300.jpg 200w\" sizes=\"(max-width: 1707px) 100vw, 1707px\" \/><button\n\t\t\tclass=\"lightbox-trigger\"\n\t\t\ttype=\"button\"\n\t\t\taria-haspopup=\"dialog\"\n\t\t\taria-label=\"Enlarge\"\n\t\t\tdata-wp-init=\"callbacks.initTriggerButton\"\n\t\t\tdata-wp-on--click=\"actions.showLightbox\"\n\t\t\tdata-wp-style--right=\"state.imageButtonRight\"\n\t\t\tdata-wp-style--top=\"state.imageButtonTop\"\n\t\t>\n\t\t\t<svg xmlns=\"http:\/\/www.w3.org\/2000\/svg\" width=\"12\" height=\"12\" fill=\"none\" viewBox=\"0 0 12 12\">\n\t\t\t\t<path fill=\"#fff\" d=\"M2 0a2 2 0 0 0-2 2v2h1.5V2a.5.5 0 0 1 .5-.5h2V0H2Zm2 10.5H2a.5.5 0 0 1-.5-.5V8H0v2a2 2 0 0 0 2 2h2v-1.5ZM8 12v-1.5h2a.5.5 0 0 0 .5-.5V8H12v2a2 2 0 0 1-2 2H8Zm2-12a2 2 0 0 1 2 2v2h-1.5V2a.5.5 0 0 0-.5-.5H8V0h2Z\" \/>\n\t\t\t<\/svg>\n\t\t<\/button><\/figure>\n\n\n\n<figure data-wp-context=\"{&quot;imageId&quot;:&quot;69f0bf47aca04&quot;}\" data-wp-interactive=\"core\/image\" data-wp-key=\"69f0bf47aca04\" class=\"wp-block-image size-large wp-lightbox-container\"><img loading=\"lazy\" decoding=\"async\" width=\"683\" height=\"1024\" data-wp-class--hide=\"state.isContentHidden\" data-wp-class--show=\"state.isContentVisible\" data-wp-init=\"callbacks.setButtonStyles\" data-wp-on--click=\"actions.showLightbox\" data-wp-on--load=\"callbacks.setButtonStyles\" data-wp-on-window--resize=\"callbacks.setButtonStyles\" data-id=\"13715\" src=\"https:\/\/swietyjerzy.elblag.pl\/wp-content\/uploads\/2023\/12\/3-2-683x1024.jpg\" alt=\"\" class=\"wp-image-13715\" srcset=\"https:\/\/swietyjerzy.elblag.pl\/wp-content\/uploads\/2023\/12\/3-2-683x1024.jpg 683w, https:\/\/swietyjerzy.elblag.pl\/wp-content\/uploads\/2023\/12\/3-2-200x300.jpg 200w, https:\/\/swietyjerzy.elblag.pl\/wp-content\/uploads\/2023\/12\/3-2-768x1152.jpg 768w, https:\/\/swietyjerzy.elblag.pl\/wp-content\/uploads\/2023\/12\/3-2-1024x1536.jpg 1024w, https:\/\/swietyjerzy.elblag.pl\/wp-content\/uploads\/2023\/12\/3-2-1365x2048.jpg 1365w, https:\/\/swietyjerzy.elblag.pl\/wp-content\/uploads\/2023\/12\/3-2-scaled.jpg 1707w\" sizes=\"(max-width: 683px) 100vw, 683px\" \/><button\n\t\t\tclass=\"lightbox-trigger\"\n\t\t\ttype=\"button\"\n\t\t\taria-haspopup=\"dialog\"\n\t\t\taria-label=\"Enlarge\"\n\t\t\tdata-wp-init=\"callbacks.initTriggerButton\"\n\t\t\tdata-wp-on--click=\"actions.showLightbox\"\n\t\t\tdata-wp-style--right=\"state.imageButtonRight\"\n\t\t\tdata-wp-style--top=\"state.imageButtonTop\"\n\t\t>\n\t\t\t<svg xmlns=\"http:\/\/www.w3.org\/2000\/svg\" width=\"12\" height=\"12\" fill=\"none\" viewBox=\"0 0 12 12\">\n\t\t\t\t<path fill=\"#fff\" d=\"M2 0a2 2 0 0 0-2 2v2h1.5V2a.5.5 0 0 1 .5-.5h2V0H2Zm2 10.5H2a.5.5 0 0 1-.5-.5V8H0v2a2 2 0 0 0 2 2h2v-1.5ZM8 12v-1.5h2a.5.5 0 0 0 .5-.5V8H12v2a2 2 0 0 1-2 2H8Zm2-12a2 2 0 0 1 2 2v2h-1.5V2a.5.5 0 0 0-.5-.5H8V0h2Z\" \/>\n\t\t\t<\/svg>\n\t\t<\/button><\/figure>\n\n\n\n<figure data-wp-context=\"{&quot;imageId&quot;:&quot;69f0bf47acd26&quot;}\" data-wp-interactive=\"core\/image\" data-wp-key=\"69f0bf47acd26\" class=\"wp-block-image size-large wp-lightbox-container\"><img loading=\"lazy\" decoding=\"async\" width=\"1024\" height=\"683\" data-wp-class--hide=\"state.isContentHidden\" data-wp-class--show=\"state.isContentVisible\" data-wp-init=\"callbacks.setButtonStyles\" data-wp-on--click=\"actions.showLightbox\" data-wp-on--load=\"callbacks.setButtonStyles\" data-wp-on-window--resize=\"callbacks.setButtonStyles\" data-id=\"13712\" src=\"https:\/\/swietyjerzy.elblag.pl\/wp-content\/uploads\/2023\/12\/4-2-1024x683.jpg\" alt=\"\" class=\"wp-image-13712\" srcset=\"https:\/\/swietyjerzy.elblag.pl\/wp-content\/uploads\/2023\/12\/4-2-1024x683.jpg 1024w, https:\/\/swietyjerzy.elblag.pl\/wp-content\/uploads\/2023\/12\/4-2-300x200.jpg 300w, https:\/\/swietyjerzy.elblag.pl\/wp-content\/uploads\/2023\/12\/4-2-768x512.jpg 768w, https:\/\/swietyjerzy.elblag.pl\/wp-content\/uploads\/2023\/12\/4-2-1536x1024.jpg 1536w, https:\/\/swietyjerzy.elblag.pl\/wp-content\/uploads\/2023\/12\/4-2-2048x1365.jpg 2048w\" sizes=\"(max-width: 1024px) 100vw, 1024px\" \/><button\n\t\t\tclass=\"lightbox-trigger\"\n\t\t\ttype=\"button\"\n\t\t\taria-haspopup=\"dialog\"\n\t\t\taria-label=\"Enlarge\"\n\t\t\tdata-wp-init=\"callbacks.initTriggerButton\"\n\t\t\tdata-wp-on--click=\"actions.showLightbox\"\n\t\t\tdata-wp-style--right=\"state.imageButtonRight\"\n\t\t\tdata-wp-style--top=\"state.imageButtonTop\"\n\t\t>\n\t\t\t<svg xmlns=\"http:\/\/www.w3.org\/2000\/svg\" width=\"12\" height=\"12\" fill=\"none\" viewBox=\"0 0 12 12\">\n\t\t\t\t<path fill=\"#fff\" d=\"M2 0a2 2 0 0 0-2 2v2h1.5V2a.5.5 0 0 1 .5-.5h2V0H2Zm2 10.5H2a.5.5 0 0 1-.5-.5V8H0v2a2 2 0 0 0 2 2h2v-1.5ZM8 12v-1.5h2a.5.5 0 0 0 .5-.5V8H12v2a2 2 0 0 1-2 2H8Zm2-12a2 2 0 0 1 2 2v2h-1.5V2a.5.5 0 0 0-.5-.5H8V0h2Z\" \/>\n\t\t\t<\/svg>\n\t\t<\/button><\/figure>\n\n\n\n<figure data-wp-context=\"{&quot;imageId&quot;:&quot;69f0bf47ad053&quot;}\" data-wp-interactive=\"core\/image\" data-wp-key=\"69f0bf47ad053\" class=\"wp-block-image size-large wp-lightbox-container\"><img loading=\"lazy\" decoding=\"async\" width=\"1024\" height=\"683\" data-wp-class--hide=\"state.isContentHidden\" data-wp-class--show=\"state.isContentVisible\" data-wp-init=\"callbacks.setButtonStyles\" data-wp-on--click=\"actions.showLightbox\" data-wp-on--load=\"callbacks.setButtonStyles\" data-wp-on-window--resize=\"callbacks.setButtonStyles\" data-id=\"13714\" src=\"https:\/\/swietyjerzy.elblag.pl\/wp-content\/uploads\/2023\/12\/5-3-1024x683.jpg\" alt=\"\" class=\"wp-image-13714\" srcset=\"https:\/\/swietyjerzy.elblag.pl\/wp-content\/uploads\/2023\/12\/5-3-1024x683.jpg 1024w, https:\/\/swietyjerzy.elblag.pl\/wp-content\/uploads\/2023\/12\/5-3-300x200.jpg 300w, https:\/\/swietyjerzy.elblag.pl\/wp-content\/uploads\/2023\/12\/5-3-768x512.jpg 768w, https:\/\/swietyjerzy.elblag.pl\/wp-content\/uploads\/2023\/12\/5-3-1536x1024.jpg 1536w, https:\/\/swietyjerzy.elblag.pl\/wp-content\/uploads\/2023\/12\/5-3-2048x1365.jpg 2048w\" sizes=\"(max-width: 1024px) 100vw, 1024px\" \/><button\n\t\t\tclass=\"lightbox-trigger\"\n\t\t\ttype=\"button\"\n\t\t\taria-haspopup=\"dialog\"\n\t\t\taria-label=\"Enlarge\"\n\t\t\tdata-wp-init=\"callbacks.initTriggerButton\"\n\t\t\tdata-wp-on--click=\"actions.showLightbox\"\n\t\t\tdata-wp-style--right=\"state.imageButtonRight\"\n\t\t\tdata-wp-style--top=\"state.imageButtonTop\"\n\t\t>\n\t\t\t<svg xmlns=\"http:\/\/www.w3.org\/2000\/svg\" width=\"12\" height=\"12\" fill=\"none\" viewBox=\"0 0 12 12\">\n\t\t\t\t<path fill=\"#fff\" d=\"M2 0a2 2 0 0 0-2 2v2h1.5V2a.5.5 0 0 1 .5-.5h2V0H2Zm2 10.5H2a.5.5 0 0 1-.5-.5V8H0v2a2 2 0 0 0 2 2h2v-1.5ZM8 12v-1.5h2a.5.5 0 0 0 .5-.5V8H12v2a2 2 0 0 1-2 2H8Zm2-12a2 2 0 0 1 2 2v2h-1.5V2a.5.5 0 0 0-.5-.5H8V0h2Z\" \/>\n\t\t\t<\/svg>\n\t\t<\/button><\/figure>\n<\/figure>\n\n\n\n<p><\/p>\n\n\n\n<h3 class=\"wp-block-heading\">Ko\u015bci\u00f3\u0142 Mi\u0142osierdzia Bo\u017cego wsp\u00f3\u0142cze\u015bnie<\/h3>\n\n\n\n<figure class=\"wp-block-gallery has-nested-images columns-default is-cropped wp-block-gallery-4 is-layout-flex wp-block-gallery-is-layout-flex\">\n<figure data-wp-context=\"{&quot;imageId&quot;:&quot;69f0bf47ad4a7&quot;}\" data-wp-interactive=\"core\/image\" data-wp-key=\"69f0bf47ad4a7\" class=\"wp-block-image size-large wp-lightbox-container\"><img loading=\"lazy\" decoding=\"async\" width=\"1024\" height=\"683\" data-wp-class--hide=\"state.isContentHidden\" data-wp-class--show=\"state.isContentVisible\" data-wp-init=\"callbacks.setButtonStyles\" data-wp-on--click=\"actions.showLightbox\" data-wp-on--load=\"callbacks.setButtonStyles\" data-wp-on-window--resize=\"callbacks.setButtonStyles\" data-id=\"13718\" src=\"https:\/\/swietyjerzy.elblag.pl\/wp-content\/uploads\/2023\/12\/DSC_0008-1-1024x683.jpg\" alt=\"\" class=\"wp-image-13718\" srcset=\"https:\/\/swietyjerzy.elblag.pl\/wp-content\/uploads\/2023\/12\/DSC_0008-1-1024x683.jpg 1024w, https:\/\/swietyjerzy.elblag.pl\/wp-content\/uploads\/2023\/12\/DSC_0008-1-300x200.jpg 300w, https:\/\/swietyjerzy.elblag.pl\/wp-content\/uploads\/2023\/12\/DSC_0008-1-768x512.jpg 768w, https:\/\/swietyjerzy.elblag.pl\/wp-content\/uploads\/2023\/12\/DSC_0008-1-1536x1024.jpg 1536w, https:\/\/swietyjerzy.elblag.pl\/wp-content\/uploads\/2023\/12\/DSC_0008-1-2048x1365.jpg 2048w\" sizes=\"(max-width: 1024px) 100vw, 1024px\" \/><button\n\t\t\tclass=\"lightbox-trigger\"\n\t\t\ttype=\"button\"\n\t\t\taria-haspopup=\"dialog\"\n\t\t\taria-label=\"Enlarge\"\n\t\t\tdata-wp-init=\"callbacks.initTriggerButton\"\n\t\t\tdata-wp-on--click=\"actions.showLightbox\"\n\t\t\tdata-wp-style--right=\"state.imageButtonRight\"\n\t\t\tdata-wp-style--top=\"state.imageButtonTop\"\n\t\t>\n\t\t\t<svg xmlns=\"http:\/\/www.w3.org\/2000\/svg\" width=\"12\" height=\"12\" fill=\"none\" viewBox=\"0 0 12 12\">\n\t\t\t\t<path fill=\"#fff\" d=\"M2 0a2 2 0 0 0-2 2v2h1.5V2a.5.5 0 0 1 .5-.5h2V0H2Zm2 10.5H2a.5.5 0 0 1-.5-.5V8H0v2a2 2 0 0 0 2 2h2v-1.5ZM8 12v-1.5h2a.5.5 0 0 0 .5-.5V8H12v2a2 2 0 0 1-2 2H8Zm2-12a2 2 0 0 1 2 2v2h-1.5V2a.5.5 0 0 0-.5-.5H8V0h2Z\" \/>\n\t\t\t<\/svg>\n\t\t<\/button><\/figure>\n\n\n\n<figure data-wp-context=\"{&quot;imageId&quot;:&quot;69f0bf47ad7f6&quot;}\" data-wp-interactive=\"core\/image\" data-wp-key=\"69f0bf47ad7f6\" class=\"wp-block-image size-large wp-lightbox-container\"><img loading=\"lazy\" decoding=\"async\" width=\"1024\" height=\"683\" data-wp-class--hide=\"state.isContentHidden\" data-wp-class--show=\"state.isContentVisible\" data-wp-init=\"callbacks.setButtonStyles\" data-wp-on--click=\"actions.showLightbox\" data-wp-on--load=\"callbacks.setButtonStyles\" data-wp-on-window--resize=\"callbacks.setButtonStyles\" data-id=\"13719\" src=\"https:\/\/swietyjerzy.elblag.pl\/wp-content\/uploads\/2023\/12\/DSC_0012-1024x683.jpg\" alt=\"\" class=\"wp-image-13719\" srcset=\"https:\/\/swietyjerzy.elblag.pl\/wp-content\/uploads\/2023\/12\/DSC_0012-1024x683.jpg 1024w, https:\/\/swietyjerzy.elblag.pl\/wp-content\/uploads\/2023\/12\/DSC_0012-300x200.jpg 300w, https:\/\/swietyjerzy.elblag.pl\/wp-content\/uploads\/2023\/12\/DSC_0012-768x512.jpg 768w, https:\/\/swietyjerzy.elblag.pl\/wp-content\/uploads\/2023\/12\/DSC_0012-1536x1024.jpg 1536w, https:\/\/swietyjerzy.elblag.pl\/wp-content\/uploads\/2023\/12\/DSC_0012-2048x1365.jpg 2048w\" sizes=\"(max-width: 1024px) 100vw, 1024px\" \/><button\n\t\t\tclass=\"lightbox-trigger\"\n\t\t\ttype=\"button\"\n\t\t\taria-haspopup=\"dialog\"\n\t\t\taria-label=\"Enlarge\"\n\t\t\tdata-wp-init=\"callbacks.initTriggerButton\"\n\t\t\tdata-wp-on--click=\"actions.showLightbox\"\n\t\t\tdata-wp-style--right=\"state.imageButtonRight\"\n\t\t\tdata-wp-style--top=\"state.imageButtonTop\"\n\t\t>\n\t\t\t<svg xmlns=\"http:\/\/www.w3.org\/2000\/svg\" width=\"12\" height=\"12\" fill=\"none\" viewBox=\"0 0 12 12\">\n\t\t\t\t<path fill=\"#fff\" d=\"M2 0a2 2 0 0 0-2 2v2h1.5V2a.5.5 0 0 1 .5-.5h2V0H2Zm2 10.5H2a.5.5 0 0 1-.5-.5V8H0v2a2 2 0 0 0 2 2h2v-1.5ZM8 12v-1.5h2a.5.5 0 0 0 .5-.5V8H12v2a2 2 0 0 1-2 2H8Zm2-12a2 2 0 0 1 2 2v2h-1.5V2a.5.5 0 0 0-.5-.5H8V0h2Z\" \/>\n\t\t\t<\/svg>\n\t\t<\/button><\/figure>\n\n\n\n<figure data-wp-context=\"{&quot;imageId&quot;:&quot;69f0bf47adb42&quot;}\" data-wp-interactive=\"core\/image\" data-wp-key=\"69f0bf47adb42\" class=\"wp-block-image size-large wp-lightbox-container\"><img loading=\"lazy\" decoding=\"async\" width=\"683\" height=\"1024\" data-wp-class--hide=\"state.isContentHidden\" data-wp-class--show=\"state.isContentVisible\" data-wp-init=\"callbacks.setButtonStyles\" data-wp-on--click=\"actions.showLightbox\" data-wp-on--load=\"callbacks.setButtonStyles\" data-wp-on-window--resize=\"callbacks.setButtonStyles\" data-id=\"13723\" src=\"https:\/\/swietyjerzy.elblag.pl\/wp-content\/uploads\/2023\/12\/DSC_0014-683x1024.jpg\" alt=\"\" class=\"wp-image-13723\" srcset=\"https:\/\/swietyjerzy.elblag.pl\/wp-content\/uploads\/2023\/12\/DSC_0014-683x1024.jpg 683w, https:\/\/swietyjerzy.elblag.pl\/wp-content\/uploads\/2023\/12\/DSC_0014-200x300.jpg 200w, https:\/\/swietyjerzy.elblag.pl\/wp-content\/uploads\/2023\/12\/DSC_0014-768x1152.jpg 768w, https:\/\/swietyjerzy.elblag.pl\/wp-content\/uploads\/2023\/12\/DSC_0014-1024x1536.jpg 1024w, https:\/\/swietyjerzy.elblag.pl\/wp-content\/uploads\/2023\/12\/DSC_0014-1365x2048.jpg 1365w, https:\/\/swietyjerzy.elblag.pl\/wp-content\/uploads\/2023\/12\/DSC_0014-scaled.jpg 1707w\" sizes=\"(max-width: 683px) 100vw, 683px\" \/><button\n\t\t\tclass=\"lightbox-trigger\"\n\t\t\ttype=\"button\"\n\t\t\taria-haspopup=\"dialog\"\n\t\t\taria-label=\"Enlarge\"\n\t\t\tdata-wp-init=\"callbacks.initTriggerButton\"\n\t\t\tdata-wp-on--click=\"actions.showLightbox\"\n\t\t\tdata-wp-style--right=\"state.imageButtonRight\"\n\t\t\tdata-wp-style--top=\"state.imageButtonTop\"\n\t\t>\n\t\t\t<svg xmlns=\"http:\/\/www.w3.org\/2000\/svg\" width=\"12\" height=\"12\" fill=\"none\" viewBox=\"0 0 12 12\">\n\t\t\t\t<path fill=\"#fff\" d=\"M2 0a2 2 0 0 0-2 2v2h1.5V2a.5.5 0 0 1 .5-.5h2V0H2Zm2 10.5H2a.5.5 0 0 1-.5-.5V8H0v2a2 2 0 0 0 2 2h2v-1.5ZM8 12v-1.5h2a.5.5 0 0 0 .5-.5V8H12v2a2 2 0 0 1-2 2H8Zm2-12a2 2 0 0 1 2 2v2h-1.5V2a.5.5 0 0 0-.5-.5H8V0h2Z\" \/>\n\t\t\t<\/svg>\n\t\t<\/button><\/figure>\n\n\n\n<figure data-wp-context=\"{&quot;imageId&quot;:&quot;69f0bf47adead&quot;}\" data-wp-interactive=\"core\/image\" data-wp-key=\"69f0bf47adead\" class=\"wp-block-image size-large wp-lightbox-container\"><img loading=\"lazy\" decoding=\"async\" width=\"1024\" height=\"683\" data-wp-class--hide=\"state.isContentHidden\" data-wp-class--show=\"state.isContentVisible\" data-wp-init=\"callbacks.setButtonStyles\" data-wp-on--click=\"actions.showLightbox\" data-wp-on--load=\"callbacks.setButtonStyles\" data-wp-on-window--resize=\"callbacks.setButtonStyles\" data-id=\"13717\" src=\"https:\/\/swietyjerzy.elblag.pl\/wp-content\/uploads\/2023\/12\/DSC_0015-1024x683.jpg\" alt=\"\" class=\"wp-image-13717\" srcset=\"https:\/\/swietyjerzy.elblag.pl\/wp-content\/uploads\/2023\/12\/DSC_0015-1024x683.jpg 1024w, https:\/\/swietyjerzy.elblag.pl\/wp-content\/uploads\/2023\/12\/DSC_0015-300x200.jpg 300w, https:\/\/swietyjerzy.elblag.pl\/wp-content\/uploads\/2023\/12\/DSC_0015-768x512.jpg 768w, https:\/\/swietyjerzy.elblag.pl\/wp-content\/uploads\/2023\/12\/DSC_0015-1536x1024.jpg 1536w, https:\/\/swietyjerzy.elblag.pl\/wp-content\/uploads\/2023\/12\/DSC_0015-2048x1365.jpg 2048w\" sizes=\"(max-width: 1024px) 100vw, 1024px\" \/><button\n\t\t\tclass=\"lightbox-trigger\"\n\t\t\ttype=\"button\"\n\t\t\taria-haspopup=\"dialog\"\n\t\t\taria-label=\"Enlarge\"\n\t\t\tdata-wp-init=\"callbacks.initTriggerButton\"\n\t\t\tdata-wp-on--click=\"actions.showLightbox\"\n\t\t\tdata-wp-style--right=\"state.imageButtonRight\"\n\t\t\tdata-wp-style--top=\"state.imageButtonTop\"\n\t\t>\n\t\t\t<svg xmlns=\"http:\/\/www.w3.org\/2000\/svg\" width=\"12\" height=\"12\" fill=\"none\" viewBox=\"0 0 12 12\">\n\t\t\t\t<path fill=\"#fff\" d=\"M2 0a2 2 0 0 0-2 2v2h1.5V2a.5.5 0 0 1 .5-.5h2V0H2Zm2 10.5H2a.5.5 0 0 1-.5-.5V8H0v2a2 2 0 0 0 2 2h2v-1.5ZM8 12v-1.5h2a.5.5 0 0 0 .5-.5V8H12v2a2 2 0 0 1-2 2H8Zm2-12a2 2 0 0 1 2 2v2h-1.5V2a.5.5 0 0 0-.5-.5H8V0h2Z\" \/>\n\t\t\t<\/svg>\n\t\t<\/button><\/figure>\n\n\n\n<figure data-wp-context=\"{&quot;imageId&quot;:&quot;69f0bf47ae1e9&quot;}\" data-wp-interactive=\"core\/image\" data-wp-key=\"69f0bf47ae1e9\" class=\"wp-block-image size-large wp-lightbox-container\"><img loading=\"lazy\" decoding=\"async\" width=\"1024\" height=\"683\" data-wp-class--hide=\"state.isContentHidden\" data-wp-class--show=\"state.isContentVisible\" data-wp-init=\"callbacks.setButtonStyles\" data-wp-on--click=\"actions.showLightbox\" data-wp-on--load=\"callbacks.setButtonStyles\" data-wp-on-window--resize=\"callbacks.setButtonStyles\" data-id=\"13724\" src=\"https:\/\/swietyjerzy.elblag.pl\/wp-content\/uploads\/2023\/12\/DSC_0017-1024x683.jpg\" alt=\"\" class=\"wp-image-13724\" srcset=\"https:\/\/swietyjerzy.elblag.pl\/wp-content\/uploads\/2023\/12\/DSC_0017-1024x683.jpg 1024w, https:\/\/swietyjerzy.elblag.pl\/wp-content\/uploads\/2023\/12\/DSC_0017-300x200.jpg 300w, https:\/\/swietyjerzy.elblag.pl\/wp-content\/uploads\/2023\/12\/DSC_0017-768x512.jpg 768w, https:\/\/swietyjerzy.elblag.pl\/wp-content\/uploads\/2023\/12\/DSC_0017-1536x1024.jpg 1536w, https:\/\/swietyjerzy.elblag.pl\/wp-content\/uploads\/2023\/12\/DSC_0017-2048x1365.jpg 2048w\" sizes=\"(max-width: 1024px) 100vw, 1024px\" \/><button\n\t\t\tclass=\"lightbox-trigger\"\n\t\t\ttype=\"button\"\n\t\t\taria-haspopup=\"dialog\"\n\t\t\taria-label=\"Enlarge\"\n\t\t\tdata-wp-init=\"callbacks.initTriggerButton\"\n\t\t\tdata-wp-on--click=\"actions.showLightbox\"\n\t\t\tdata-wp-style--right=\"state.imageButtonRight\"\n\t\t\tdata-wp-style--top=\"state.imageButtonTop\"\n\t\t>\n\t\t\t<svg xmlns=\"http:\/\/www.w3.org\/2000\/svg\" width=\"12\" height=\"12\" fill=\"none\" viewBox=\"0 0 12 12\">\n\t\t\t\t<path fill=\"#fff\" d=\"M2 0a2 2 0 0 0-2 2v2h1.5V2a.5.5 0 0 1 .5-.5h2V0H2Zm2 10.5H2a.5.5 0 0 1-.5-.5V8H0v2a2 2 0 0 0 2 2h2v-1.5ZM8 12v-1.5h2a.5.5 0 0 0 .5-.5V8H12v2a2 2 0 0 1-2 2H8Zm2-12a2 2 0 0 1 2 2v2h-1.5V2a.5.5 0 0 0-.5-.5H8V0h2Z\" \/>\n\t\t\t<\/svg>\n\t\t<\/button><\/figure>\n\n\n\n<figure data-wp-context=\"{&quot;imageId&quot;:&quot;69f0bf47ae544&quot;}\" data-wp-interactive=\"core\/image\" data-wp-key=\"69f0bf47ae544\" class=\"wp-block-image size-large wp-lightbox-container\"><img loading=\"lazy\" decoding=\"async\" width=\"1024\" height=\"683\" data-wp-class--hide=\"state.isContentHidden\" data-wp-class--show=\"state.isContentVisible\" data-wp-init=\"callbacks.setButtonStyles\" data-wp-on--click=\"actions.showLightbox\" data-wp-on--load=\"callbacks.setButtonStyles\" data-wp-on-window--resize=\"callbacks.setButtonStyles\" data-id=\"13721\" src=\"https:\/\/swietyjerzy.elblag.pl\/wp-content\/uploads\/2023\/12\/DSC_0020-1024x683.jpg\" alt=\"\" class=\"wp-image-13721\" srcset=\"https:\/\/swietyjerzy.elblag.pl\/wp-content\/uploads\/2023\/12\/DSC_0020-1024x683.jpg 1024w, https:\/\/swietyjerzy.elblag.pl\/wp-content\/uploads\/2023\/12\/DSC_0020-300x200.jpg 300w, https:\/\/swietyjerzy.elblag.pl\/wp-content\/uploads\/2023\/12\/DSC_0020-768x512.jpg 768w, https:\/\/swietyjerzy.elblag.pl\/wp-content\/uploads\/2023\/12\/DSC_0020-1536x1024.jpg 1536w, https:\/\/swietyjerzy.elblag.pl\/wp-content\/uploads\/2023\/12\/DSC_0020-2048x1365.jpg 2048w\" sizes=\"(max-width: 1024px) 100vw, 1024px\" \/><button\n\t\t\tclass=\"lightbox-trigger\"\n\t\t\ttype=\"button\"\n\t\t\taria-haspopup=\"dialog\"\n\t\t\taria-label=\"Enlarge\"\n\t\t\tdata-wp-init=\"callbacks.initTriggerButton\"\n\t\t\tdata-wp-on--click=\"actions.showLightbox\"\n\t\t\tdata-wp-style--right=\"state.imageButtonRight\"\n\t\t\tdata-wp-style--top=\"state.imageButtonTop\"\n\t\t>\n\t\t\t<svg xmlns=\"http:\/\/www.w3.org\/2000\/svg\" width=\"12\" height=\"12\" fill=\"none\" viewBox=\"0 0 12 12\">\n\t\t\t\t<path fill=\"#fff\" d=\"M2 0a2 2 0 0 0-2 2v2h1.5V2a.5.5 0 0 1 .5-.5h2V0H2Zm2 10.5H2a.5.5 0 0 1-.5-.5V8H0v2a2 2 0 0 0 2 2h2v-1.5ZM8 12v-1.5h2a.5.5 0 0 0 .5-.5V8H12v2a2 2 0 0 1-2 2H8Zm2-12a2 2 0 0 1 2 2v2h-1.5V2a.5.5 0 0 0-.5-.5H8V0h2Z\" \/>\n\t\t\t<\/svg>\n\t\t<\/button><\/figure>\n\n\n\n<figure data-wp-context=\"{&quot;imageId&quot;:&quot;69f0bf47ae8b2&quot;}\" data-wp-interactive=\"core\/image\" data-wp-key=\"69f0bf47ae8b2\" class=\"wp-block-image size-large wp-lightbox-container\"><img loading=\"lazy\" decoding=\"async\" width=\"1024\" height=\"683\" data-wp-class--hide=\"state.isContentHidden\" data-wp-class--show=\"state.isContentVisible\" data-wp-init=\"callbacks.setButtonStyles\" data-wp-on--click=\"actions.showLightbox\" data-wp-on--load=\"callbacks.setButtonStyles\" data-wp-on-window--resize=\"callbacks.setButtonStyles\" data-id=\"13722\" src=\"https:\/\/swietyjerzy.elblag.pl\/wp-content\/uploads\/2023\/12\/DSC_0024-1024x683.jpg\" alt=\"\" class=\"wp-image-13722\" srcset=\"https:\/\/swietyjerzy.elblag.pl\/wp-content\/uploads\/2023\/12\/DSC_0024-1024x683.jpg 1024w, https:\/\/swietyjerzy.elblag.pl\/wp-content\/uploads\/2023\/12\/DSC_0024-300x200.jpg 300w, https:\/\/swietyjerzy.elblag.pl\/wp-content\/uploads\/2023\/12\/DSC_0024-768x512.jpg 768w, https:\/\/swietyjerzy.elblag.pl\/wp-content\/uploads\/2023\/12\/DSC_0024-1536x1024.jpg 1536w, https:\/\/swietyjerzy.elblag.pl\/wp-content\/uploads\/2023\/12\/DSC_0024-2048x1365.jpg 2048w\" sizes=\"(max-width: 1024px) 100vw, 1024px\" \/><button\n\t\t\tclass=\"lightbox-trigger\"\n\t\t\ttype=\"button\"\n\t\t\taria-haspopup=\"dialog\"\n\t\t\taria-label=\"Enlarge\"\n\t\t\tdata-wp-init=\"callbacks.initTriggerButton\"\n\t\t\tdata-wp-on--click=\"actions.showLightbox\"\n\t\t\tdata-wp-style--right=\"state.imageButtonRight\"\n\t\t\tdata-wp-style--top=\"state.imageButtonTop\"\n\t\t>\n\t\t\t<svg xmlns=\"http:\/\/www.w3.org\/2000\/svg\" width=\"12\" height=\"12\" fill=\"none\" viewBox=\"0 0 12 12\">\n\t\t\t\t<path fill=\"#fff\" d=\"M2 0a2 2 0 0 0-2 2v2h1.5V2a.5.5 0 0 1 .5-.5h2V0H2Zm2 10.5H2a.5.5 0 0 1-.5-.5V8H0v2a2 2 0 0 0 2 2h2v-1.5ZM8 12v-1.5h2a.5.5 0 0 0 .5-.5V8H12v2a2 2 0 0 1-2 2H8Zm2-12a2 2 0 0 1 2 2v2h-1.5V2a.5.5 0 0 0-.5-.5H8V0h2Z\" \/>\n\t\t\t<\/svg>\n\t\t<\/button><\/figure>\n\n\n\n<figure data-wp-context=\"{&quot;imageId&quot;:&quot;69f0bf47aec17&quot;}\" data-wp-interactive=\"core\/image\" data-wp-key=\"69f0bf47aec17\" class=\"wp-block-image size-large wp-lightbox-container\"><img loading=\"lazy\" decoding=\"async\" width=\"683\" height=\"1024\" data-wp-class--hide=\"state.isContentHidden\" data-wp-class--show=\"state.isContentVisible\" data-wp-init=\"callbacks.setButtonStyles\" data-wp-on--click=\"actions.showLightbox\" data-wp-on--load=\"callbacks.setButtonStyles\" data-wp-on-window--resize=\"callbacks.setButtonStyles\" data-id=\"13725\" src=\"https:\/\/swietyjerzy.elblag.pl\/wp-content\/uploads\/2023\/12\/DSC_0031-683x1024.jpg\" alt=\"\" class=\"wp-image-13725\" srcset=\"https:\/\/swietyjerzy.elblag.pl\/wp-content\/uploads\/2023\/12\/DSC_0031-683x1024.jpg 683w, https:\/\/swietyjerzy.elblag.pl\/wp-content\/uploads\/2023\/12\/DSC_0031-200x300.jpg 200w, https:\/\/swietyjerzy.elblag.pl\/wp-content\/uploads\/2023\/12\/DSC_0031-768x1152.jpg 768w, https:\/\/swietyjerzy.elblag.pl\/wp-content\/uploads\/2023\/12\/DSC_0031-1024x1536.jpg 1024w, https:\/\/swietyjerzy.elblag.pl\/wp-content\/uploads\/2023\/12\/DSC_0031-1365x2048.jpg 1365w, https:\/\/swietyjerzy.elblag.pl\/wp-content\/uploads\/2023\/12\/DSC_0031-scaled.jpg 1707w\" sizes=\"(max-width: 683px) 100vw, 683px\" \/><button\n\t\t\tclass=\"lightbox-trigger\"\n\t\t\ttype=\"button\"\n\t\t\taria-haspopup=\"dialog\"\n\t\t\taria-label=\"Enlarge\"\n\t\t\tdata-wp-init=\"callbacks.initTriggerButton\"\n\t\t\tdata-wp-on--click=\"actions.showLightbox\"\n\t\t\tdata-wp-style--right=\"state.imageButtonRight\"\n\t\t\tdata-wp-style--top=\"state.imageButtonTop\"\n\t\t>\n\t\t\t<svg xmlns=\"http:\/\/www.w3.org\/2000\/svg\" width=\"12\" height=\"12\" fill=\"none\" viewBox=\"0 0 12 12\">\n\t\t\t\t<path fill=\"#fff\" d=\"M2 0a2 2 0 0 0-2 2v2h1.5V2a.5.5 0 0 1 .5-.5h2V0H2Zm2 10.5H2a.5.5 0 0 1-.5-.5V8H0v2a2 2 0 0 0 2 2h2v-1.5ZM8 12v-1.5h2a.5.5 0 0 0 .5-.5V8H12v2a2 2 0 0 1-2 2H8Zm2-12a2 2 0 0 1 2 2v2h-1.5V2a.5.5 0 0 0-.5-.5H8V0h2Z\" \/>\n\t\t\t<\/svg>\n\t\t<\/button><\/figure>\n\n\n\n<figure data-wp-context=\"{&quot;imageId&quot;:&quot;69f0bf47aef6c&quot;}\" data-wp-interactive=\"core\/image\" data-wp-key=\"69f0bf47aef6c\" class=\"wp-block-image size-large wp-lightbox-container\"><img loading=\"lazy\" decoding=\"async\" width=\"1024\" height=\"683\" data-wp-class--hide=\"state.isContentHidden\" data-wp-class--show=\"state.isContentVisible\" data-wp-init=\"callbacks.setButtonStyles\" data-wp-on--click=\"actions.showLightbox\" data-wp-on--load=\"callbacks.setButtonStyles\" data-wp-on-window--resize=\"callbacks.setButtonStyles\" data-id=\"13726\" src=\"https:\/\/swietyjerzy.elblag.pl\/wp-content\/uploads\/2023\/12\/DSC_0034-1024x683.jpg\" alt=\"\" class=\"wp-image-13726\" srcset=\"https:\/\/swietyjerzy.elblag.pl\/wp-content\/uploads\/2023\/12\/DSC_0034-1024x683.jpg 1024w, https:\/\/swietyjerzy.elblag.pl\/wp-content\/uploads\/2023\/12\/DSC_0034-300x200.jpg 300w, https:\/\/swietyjerzy.elblag.pl\/wp-content\/uploads\/2023\/12\/DSC_0034-768x512.jpg 768w, https:\/\/swietyjerzy.elblag.pl\/wp-content\/uploads\/2023\/12\/DSC_0034-1536x1024.jpg 1536w, https:\/\/swietyjerzy.elblag.pl\/wp-content\/uploads\/2023\/12\/DSC_0034-2048x1365.jpg 2048w\" sizes=\"(max-width: 1024px) 100vw, 1024px\" \/><button\n\t\t\tclass=\"lightbox-trigger\"\n\t\t\ttype=\"button\"\n\t\t\taria-haspopup=\"dialog\"\n\t\t\taria-label=\"Enlarge\"\n\t\t\tdata-wp-init=\"callbacks.initTriggerButton\"\n\t\t\tdata-wp-on--click=\"actions.showLightbox\"\n\t\t\tdata-wp-style--right=\"state.imageButtonRight\"\n\t\t\tdata-wp-style--top=\"state.imageButtonTop\"\n\t\t>\n\t\t\t<svg xmlns=\"http:\/\/www.w3.org\/2000\/svg\" width=\"12\" height=\"12\" fill=\"none\" viewBox=\"0 0 12 12\">\n\t\t\t\t<path fill=\"#fff\" d=\"M2 0a2 2 0 0 0-2 2v2h1.5V2a.5.5 0 0 1 .5-.5h2V0H2Zm2 10.5H2a.5.5 0 0 1-.5-.5V8H0v2a2 2 0 0 0 2 2h2v-1.5ZM8 12v-1.5h2a.5.5 0 0 0 .5-.5V8H12v2a2 2 0 0 1-2 2H8Zm2-12a2 2 0 0 1 2 2v2h-1.5V2a.5.5 0 0 0-.5-.5H8V0h2Z\" \/>\n\t\t\t<\/svg>\n\t\t<\/button><\/figure>\n\n\n\n<figure data-wp-context=\"{&quot;imageId&quot;:&quot;69f0bf47af2f4&quot;}\" data-wp-interactive=\"core\/image\" data-wp-key=\"69f0bf47af2f4\" class=\"wp-block-image size-large wp-lightbox-container\"><img loading=\"lazy\" decoding=\"async\" width=\"1024\" height=\"683\" data-wp-class--hide=\"state.isContentHidden\" data-wp-class--show=\"state.isContentVisible\" data-wp-init=\"callbacks.setButtonStyles\" data-wp-on--click=\"actions.showLightbox\" data-wp-on--load=\"callbacks.setButtonStyles\" data-wp-on-window--resize=\"callbacks.setButtonStyles\" data-id=\"13720\" src=\"https:\/\/swietyjerzy.elblag.pl\/wp-content\/uploads\/2023\/12\/DSC_0041-1024x683.jpg\" alt=\"\" class=\"wp-image-13720\" srcset=\"https:\/\/swietyjerzy.elblag.pl\/wp-content\/uploads\/2023\/12\/DSC_0041-1024x683.jpg 1024w, https:\/\/swietyjerzy.elblag.pl\/wp-content\/uploads\/2023\/12\/DSC_0041-300x200.jpg 300w, https:\/\/swietyjerzy.elblag.pl\/wp-content\/uploads\/2023\/12\/DSC_0041-768x512.jpg 768w, https:\/\/swietyjerzy.elblag.pl\/wp-content\/uploads\/2023\/12\/DSC_0041-1536x1024.jpg 1536w, https:\/\/swietyjerzy.elblag.pl\/wp-content\/uploads\/2023\/12\/DSC_0041-2048x1365.jpg 2048w\" sizes=\"(max-width: 1024px) 100vw, 1024px\" \/><button\n\t\t\tclass=\"lightbox-trigger\"\n\t\t\ttype=\"button\"\n\t\t\taria-haspopup=\"dialog\"\n\t\t\taria-label=\"Enlarge\"\n\t\t\tdata-wp-init=\"callbacks.initTriggerButton\"\n\t\t\tdata-wp-on--click=\"actions.showLightbox\"\n\t\t\tdata-wp-style--right=\"state.imageButtonRight\"\n\t\t\tdata-wp-style--top=\"state.imageButtonTop\"\n\t\t>\n\t\t\t<svg xmlns=\"http:\/\/www.w3.org\/2000\/svg\" width=\"12\" height=\"12\" fill=\"none\" viewBox=\"0 0 12 12\">\n\t\t\t\t<path fill=\"#fff\" d=\"M2 0a2 2 0 0 0-2 2v2h1.5V2a.5.5 0 0 1 .5-.5h2V0H2Zm2 10.5H2a.5.5 0 0 1-.5-.5V8H0v2a2 2 0 0 0 2 2h2v-1.5ZM8 12v-1.5h2a.5.5 0 0 0 .5-.5V8H12v2a2 2 0 0 1-2 2H8Zm2-12a2 2 0 0 1 2 2v2h-1.5V2a.5.5 0 0 0-.5-.5H8V0h2Z\" \/>\n\t\t\t<\/svg>\n\t\t<\/button><\/figure>\n\n\n\n<figure data-wp-context=\"{&quot;imageId&quot;:&quot;69f0bf47af662&quot;}\" data-wp-interactive=\"core\/image\" data-wp-key=\"69f0bf47af662\" class=\"wp-block-image size-large wp-lightbox-container\"><img loading=\"lazy\" decoding=\"async\" width=\"1024\" height=\"683\" data-wp-class--hide=\"state.isContentHidden\" data-wp-class--show=\"state.isContentVisible\" data-wp-init=\"callbacks.setButtonStyles\" data-wp-on--click=\"actions.showLightbox\" data-wp-on--load=\"callbacks.setButtonStyles\" data-wp-on-window--resize=\"callbacks.setButtonStyles\" data-id=\"13727\" src=\"https:\/\/swietyjerzy.elblag.pl\/wp-content\/uploads\/2023\/12\/DSC_0120-1024x683.jpg\" alt=\"\" class=\"wp-image-13727\" srcset=\"https:\/\/swietyjerzy.elblag.pl\/wp-content\/uploads\/2023\/12\/DSC_0120-1024x683.jpg 1024w, https:\/\/swietyjerzy.elblag.pl\/wp-content\/uploads\/2023\/12\/DSC_0120-300x200.jpg 300w, https:\/\/swietyjerzy.elblag.pl\/wp-content\/uploads\/2023\/12\/DSC_0120-768x512.jpg 768w, https:\/\/swietyjerzy.elblag.pl\/wp-content\/uploads\/2023\/12\/DSC_0120-1536x1024.jpg 1536w, https:\/\/swietyjerzy.elblag.pl\/wp-content\/uploads\/2023\/12\/DSC_0120-2048x1365.jpg 2048w\" sizes=\"(max-width: 1024px) 100vw, 1024px\" \/><button\n\t\t\tclass=\"lightbox-trigger\"\n\t\t\ttype=\"button\"\n\t\t\taria-haspopup=\"dialog\"\n\t\t\taria-label=\"Enlarge\"\n\t\t\tdata-wp-init=\"callbacks.initTriggerButton\"\n\t\t\tdata-wp-on--click=\"actions.showLightbox\"\n\t\t\tdata-wp-style--right=\"state.imageButtonRight\"\n\t\t\tdata-wp-style--top=\"state.imageButtonTop\"\n\t\t>\n\t\t\t<svg xmlns=\"http:\/\/www.w3.org\/2000\/svg\" width=\"12\" height=\"12\" fill=\"none\" viewBox=\"0 0 12 12\">\n\t\t\t\t<path fill=\"#fff\" d=\"M2 0a2 2 0 0 0-2 2v2h1.5V2a.5.5 0 0 1 .5-.5h2V0H2Zm2 10.5H2a.5.5 0 0 1-.5-.5V8H0v2a2 2 0 0 0 2 2h2v-1.5ZM8 12v-1.5h2a.5.5 0 0 0 .5-.5V8H12v2a2 2 0 0 1-2 2H8Zm2-12a2 2 0 0 1 2 2v2h-1.5V2a.5.5 0 0 0-.5-.5H8V0h2Z\" \/>\n\t\t\t<\/svg>\n\t\t<\/button><\/figure>\n<\/figure>\n","protected":false},"excerpt":{"rendered":"<p>To niezwyk\u0142e, by w PRL-u budowano ko\u015bcio\u0142y. A jednak w Elbl\u0105gu w tym czasie powsta\u0142o ich kilka. Jakim cudem? Przede wszystkim by\u0142a potrzeba. Po wojnie dwie du\u017ce \u015bwi\u0105tynie w centrum miasta \u2013 ko\u015bcio\u0142y \u015bw. Anny i Trzech Kr\u00f3li nie zosta\u0142y odbudowane, a trzy nast\u0119pne \u2013 ko\u015bci\u00f3\u0142 Naj\u015bwi\u0119tszej Marii Panny, \u015bw. Ducha i Bo\u017cego Cia\u0142a odbudowano&#8230;<\/p>\n","protected":false},"author":1,"featured_media":0,"parent":0,"menu_order":0,"comment_status":"closed","ping_status":"closed","template":"","meta":{"_tbt_post_transparent":"","_tbt_post_title":"","_tbt_post_layout":"","_tbt_post_sidebar_id":"","_tbt_post_content_style":"","_tbt_post_vertical_padding":"","_tbt_post_feature":"","_tbt_post_feature_position":"","_tbt_post_header":false,"_tbt_post_footer":false},"class_list":["post-13699","page","type-page","status-publish","hentry"],"_links":{"self":[{"href":"https:\/\/swietyjerzy.elblag.pl\/index.php\/wp-json\/wp\/v2\/pages\/13699","targetHints":{"allow":["GET"]}}],"collection":[{"href":"https:\/\/swietyjerzy.elblag.pl\/index.php\/wp-json\/wp\/v2\/pages"}],"about":[{"href":"https:\/\/swietyjerzy.elblag.pl\/index.php\/wp-json\/wp\/v2\/types\/page"}],"author":[{"embeddable":true,"href":"https:\/\/swietyjerzy.elblag.pl\/index.php\/wp-json\/wp\/v2\/users\/1"}],"replies":[{"embeddable":true,"href":"https:\/\/swietyjerzy.elblag.pl\/index.php\/wp-json\/wp\/v2\/comments?post=13699"}],"version-history":[{"count":5,"href":"https:\/\/swietyjerzy.elblag.pl\/index.php\/wp-json\/wp\/v2\/pages\/13699\/revisions"}],"predecessor-version":[{"id":13728,"href":"https:\/\/swietyjerzy.elblag.pl\/index.php\/wp-json\/wp\/v2\/pages\/13699\/revisions\/13728"}],"wp:attachment":[{"href":"https:\/\/swietyjerzy.elblag.pl\/index.php\/wp-json\/wp\/v2\/media?parent=13699"}],"curies":[{"name":"wp","href":"https:\/\/api.w.org\/{rel}","templated":true}]}}